{"id":2809,"date":"2023-02-13T13:46:12","date_gmt":"2023-02-13T12:46:12","guid":{"rendered":"https:\/\/dev.president-ksgov.net\/hashim-thaci\/"},"modified":"2026-04-14T10:58:00","modified_gmt":"2026-04-14T08:58:00","slug":"hashim-thaci","status":"publish","type":"page","link":"https:\/\/president-ksgov.net\/sr\/bisvi-predsednici-kosova\/hashim-thaci\/","title":{"rendered":"Hashim Tha\u00e7i"},"content":{"rendered":"\t\t<div data-elementor-type=\"wp-page\" data-elementor-id=\"2809\" class=\"elementor elementor-2809 elementor-2072\">\n\t\t\t\t\t\t<section class=\"elementor-section elementor-top-section elementor-element elementor-element-123295a elementor-section-boxed elementor-section-height-default elementor-section-height-default wpr-particle-no wpr-jarallax-no wpr-parallax-no wpr-sticky-section-no\" data-id=\"123295a\" data-element_type=\"section\">\n\t\t\t\t\t\t<div class=\"elementor-container elementor-column-gap-default\">\n\t\t\t\t\t<div class=\"elementor-column elementor-col-100 elementor-top-column elementor-element elementor-element-e66079c\" data-id=\"e66079c\" data-element_type=\"column\">\n\t\t\t<div class=\"elementor-widget-wrap elementor-element-populated\">\n\t\t\t\t\t\t<div class=\"elementor-element elementor-element-4dbeeb7 elementor-position-left elementor-vertical-align-middle elementor-widget elementor-widget-image-box\" data-id=\"4dbeeb7\" data-element_type=\"widget\" data-widget_type=\"image-box.default\">\n\t\t\t\t<div class=\"elementor-widget-container\">\n\t\t\t<div class=\"elementor-image-box-wrapper\"><figure class=\"elementor-image-box-img\"><img fetchpriority=\"high\" decoding=\"async\" width=\"1707\" height=\"2560\" src=\"https:\/\/president-ksgov.net\/wp-content\/uploads\/Hashim_Thac\u0327i_official_portrait_1-scaled.jpg\" class=\"attachment-full size-full wp-image-87720\" alt=\"\" srcset=\"https:\/\/president-ksgov.net\/wp-content\/uploads\/Hashim_Thac\u0327i_official_portrait_1-scaled.jpg 1707w, https:\/\/president-ksgov.net\/wp-content\/uploads\/Hashim_Thac\u0327i_official_portrait_1-200x300.jpg 200w, https:\/\/president-ksgov.net\/wp-content\/uploads\/Hashim_Thac\u0327i_official_portrait_1-683x1024.jpg 683w, https:\/\/president-ksgov.net\/wp-content\/uploads\/Hashim_Thac\u0327i_official_portrait_1-768x1152.jpg 768w, https:\/\/president-ksgov.net\/wp-content\/uploads\/Hashim_Thac\u0327i_official_portrait_1-1024x1536.jpg 1024w, https:\/\/president-ksgov.net\/wp-content\/uploads\/Hashim_Thac\u0327i_official_portrait_1-1365x2048.jpg 1365w, https:\/\/president-ksgov.net\/wp-content\/uploads\/Hashim_Thac\u0327i_official_portrait_1-300x450.jpg 300w\" sizes=\"(max-width: 1707px) 100vw, 1707px\" \/><\/figure><div class=\"elementor-image-box-content\"><h3 class=\"elementor-image-box-title\">HASHIM THA\u00c7I<\/h3><p class=\"elementor-image-box-description\">PREDSEDNIK REPUBLIKE KOSOVO - (2016 \u2013 2020. godine)<\/p><\/div><\/div>\t\t<\/div>\n\t\t\t\t<\/div>\n\t\t\t\t\t<\/div>\n\t\t<\/div>\n\t\t\t\t\t<\/div>\n\t\t<\/section>\n\t\t\t\t<section class=\"elementor-section elementor-top-section elementor-element elementor-element-6c09038 elementor-section-boxed elementor-section-height-default elementor-section-height-default wpr-particle-no wpr-jarallax-no wpr-parallax-no wpr-sticky-section-no\" data-id=\"6c09038\" data-element_type=\"section\">\n\t\t\t\t\t\t<div class=\"elementor-container elementor-column-gap-default\">\n\t\t\t\t\t<div class=\"elementor-column elementor-col-100 elementor-top-column elementor-element elementor-element-aa5a5ee\" data-id=\"aa5a5ee\" data-element_type=\"column\">\n\t\t\t<div class=\"elementor-widget-wrap elementor-element-populated\">\n\t\t\t\t\t\t<div class=\"elementor-element elementor-element-009a778 elementor-widget elementor-widget-text-editor\" data-id=\"009a778\" data-element_type=\"widget\" data-widget_type=\"text-editor.default\">\n\t\t\t\t<div class=\"elementor-widget-container\">\n\t\t\t\t\t\t\t<p>Hashim Tha\u00e7i je predsednik Republike Kosovo, izabran 26. februara 2016. godine od strane Skup\u0161tine Kosova. Stupio je na du\u017enost 7. aprila 2016. godine, nakon \u0161to je polo\u017eio sve\u010danu zakletvu u Skup\u0161tini Kosova.<br \/>\u00a0<br \/>Pre nego \u0161to je postao predsednik, Tha\u00e7i je godinu dana (2014-2015.) obavljao funkciju prvog zamenika premijera i ministra spoljnih poslova, kao i premijera Republike Kosovo u dva mandata (2007-2014.).<br \/>\u00a0<br \/>Tha\u00e7i je bio prvi lider Demokratske partije Kosova i kontinuirano je biran za predsednika stranke, sve do ostavke 26. februara 2016. godine, pre nego \u0161to je izabran za predsednika Kosova.<br \/>\u00a0<br \/>Hashim Tha\u00e7i je proglasio Kosovo nezavisnom dr\u017eavom 17. februara 2008. godine, predvodio je kosovski tim na pregovorima u Rambujeu u februaru 1999. godine i bio je politi\u010dki lider Oslobodila\u010dke vojske Kosova.<br \/>\u00a0<br \/>Tha\u00e7i je bio politi\u010dki lider sa najvi\u0161e glasova na izborima 8. juna 2014. godine.<br \/>\u00a0<br \/>Kao premijer Kosova, Hashim Tha\u00e7i je predvodio politi\u010dki dijalog izme\u0111u Kosova i Srbije, koji je 19. aprila 2013. godine rezultirao potpisivanjem sporazuma o normalizaciji odnosa.<br \/>\u00a0<br \/>Zbog svoje posve\u0107enosti miru i stabilnosti, Hashim Tha\u00e7i je 2014. godine nominovan za Nobelovu nagradu za mir od strane ameri\u010dkih kongresmena i senatora, kao i predstavnika Evropskog parlamenta.<br \/>\u00a0<br \/>Politi\u010dka karijera<br \/>\u00a0<br \/>Politi\u010dka karijera Hashima Tha\u00e7ija po\u010dela je njegovim u\u010de\u0161\u0107em u Narodnom pokretu Kosova (NPK), politi\u010dkom pokretu koji je imao za cilj emancipaciju polo\u017eaja Albanaca u biv\u0161oj Jugoslaviji.<br \/>\u00a0<br \/>Kao student na Univerzitetu u Pri\u0161tini, Tha\u00e7i je postao lider Studentskog pokreta izme\u0111u 1990. i 1993. godine, kada je vlast u Beogradu zatvorila univerzitetske obrazovne institucije na albanskom jeziku, dok je Univerzitet u Pri\u0161tini po\u010deo da radi van institucionalnog sistema.<br \/>\u00a0<br \/>Godine 1991., Tha\u00e7i je izabran za prorektora-studenta Univerziteta u Pri\u0161tini, gde je doprineo strukturiranju i razvoju paralelnog univerzitetskog nastavnog procesa.<br \/>\u00a0<br \/>Hashim Tha\u00e7i je jedan od osniva\u010da politi\u010dko-vojne organizacije, Oslobodila\u010dke vojske Kosova (OVK).<br \/>\u00a0<br \/>Kao \u0161ef Politi\u010dkog direktorata Oslobodila\u010dke vojske Kosova, Tha\u00e7i je predvodio kosovsku delegaciju na Me\u0111unarodnoj konferenciji odr\u017eanoj u Rambujeu, Francuska, od 6. do 22. februara 1999. godine.<br \/>\u00a0<br \/>Posle rata, Hashim Tha\u00e7i je bio premijer privremene vlade Kosova od 1999. do 2000. godine.<br \/>\u00a0<br \/>Hashim Tha\u00e7i je bio \u010dlan Privremenog administrativnog saveta (PUS), zajedni\u010dke upravne strukture Misije UN na Kosovu (UNMIK) i kosovske politi\u010dke klase, sve do 2001. godine kada su odr\u017eani prvi parlamentarni izbori na posleratnom Kosovu.<br \/>\u00a0<br \/>U oktobru 1999. godine, Hashim Tha\u00e7i je bio me\u0111u osniva\u010dima Partije demokratskog progresa Kosova (PPDK). Na prvoj izbornoj konvenciji stranke 2000. godine, stranka je promenila ime u Demokratska partija Kosova, a Hashim Tha\u00e7i je izabran za njenog predsednika, funkciju koju je obavljao do 26. februara 2016. godine.<br \/>\u00a0<br \/>Hashim Tha\u00e7i je bio \u010dlan Tima jedinstva koji je predstavljao Kosovo u pregovara\u010dkom procesu koji je vodio specijalni izaslanik UN, predsednik Martti Ahtisaari, koji je pregovarao o politi\u010dkom statusu Kosova, 2005\u20132007. godine.<br \/>\u00a0<br \/>Nakon pobede Demokratske partije Kosova na parlamentarnim izborima 17. novembra 2007. godine, Hashim Tha\u00e7i je izabran za premijera Vlade Kosova. Dana 17. februara 2008. godine, premijer Hashim Tha\u00e7i je proglasio Kosovo nezavisnom dr\u017eavom u Skup\u0161tini Kosova.<br \/>\u00a0<br \/>Tha\u00e7i je prvi premijer Vlade Republike Kosovo.<br \/>\u00a0<br \/>Akademsko iskustvo<br \/>Hashim Tha\u00e7i je diplomirao na Odseku za istoriju Univerziteta u Pri\u0161tini. Postdiplomske studije iz oblasti istorije jugoisto\u010dne Evrope i politi\u010dkih nauka zavr\u0161io je na Univerzitetu u Cirihu u \u0160vajcarskoj (1996\u20131998.).<br \/>\u00a0<br \/>Tha\u00e7i govori engleski i nema\u010dki jezik.<br \/>\u00a0<br \/>Ro\u0111en je 24. aprila 1968. godine u selu Buroja, Skenderaj (Bro\u0107na, Srbica).<br \/>\u00a0<br \/>O\u017eenjen je i ima sina.<\/p>\t\t\t\t\t\t<\/div>\n\t\t\t\t<\/div>\n\t\t\t\t\t<\/div>\n\t\t<\/div>\n\t\t\t\t\t<\/div>\n\t\t<\/section>\n\t\t\t\t<\/div>\n\t\t","protected":false},"excerpt":{"rendered":"<p>HASHIM THA\u00c7I PREDSEDNIK REPUBLIKE KOSOVO &#8211; (2016 \u2013 2020. godine) Hashim Tha\u00e7i je predsednik Republike Kosovo, izabran 26. februara 2016. godine od strane Skup\u0161tine Kosova. Stupio je na du\u017enost 7. aprila 2016. godine, nakon \u0161to je polo\u017eio sve\u010danu zakletvu u Skup\u0161tini Kosova.\u00a0Pre nego \u0161to je postao predsednik, Tha\u00e7i je godinu dana (2014-2015.) obavljao funkciju prvog zamenika premijera i ministra spoljnih poslova, kao i premijera Republike Kosovo u dva mandata (2007-2014.).\u00a0Tha\u00e7i je bio prvi lider Demokratske partije Kosova i kontinuirano je biran za predsednika stranke, sve do ostavke 26. februara 2016. godine, pre nego \u0161to je izabran za predsednika Kosova.\u00a0Hashim Tha\u00e7i je proglasio Kosovo nezavisnom dr\u017eavom 17. februara 2008. godine, predvodio je kosovski tim na pregovorima u Rambujeu u februaru 1999. godine i bio je politi\u010dki lider Oslobodila\u010dke vojske Kosova.\u00a0Tha\u00e7i je bio politi\u010dki lider sa najvi\u0161e glasova na izborima 8. juna 2014. godine.\u00a0Kao premijer Kosova, Hashim Tha\u00e7i je predvodio politi\u010dki dijalog izme\u0111u Kosova i Srbije, koji je 19. aprila 2013. godine rezultirao potpisivanjem sporazuma o normalizaciji odnosa.\u00a0Zbog svoje posve\u0107enosti miru i stabilnosti, Hashim Tha\u00e7i je 2014. godine nominovan za Nobelovu nagradu za mir od strane ameri\u010dkih kongresmena i senatora, kao i predstavnika Evropskog parlamenta.\u00a0Politi\u010dka karijera\u00a0Politi\u010dka karijera Hashima Tha\u00e7ija po\u010dela je njegovim u\u010de\u0161\u0107em u Narodnom pokretu Kosova (NPK), politi\u010dkom pokretu koji je imao za cilj emancipaciju polo\u017eaja Albanaca u biv\u0161oj Jugoslaviji.\u00a0Kao student na Univerzitetu u Pri\u0161tini, Tha\u00e7i je postao lider Studentskog pokreta izme\u0111u 1990. i 1993. godine, kada je vlast u Beogradu zatvorila univerzitetske obrazovne institucije na albanskom jeziku, dok je Univerzitet u Pri\u0161tini po\u010deo da radi van institucionalnog sistema.\u00a0Godine 1991., Tha\u00e7i je izabran za prorektora-studenta Univerziteta u Pri\u0161tini, gde je doprineo strukturiranju i razvoju paralelnog univerzitetskog nastavnog procesa.\u00a0Hashim Tha\u00e7i je jedan od osniva\u010da politi\u010dko-vojne organizacije, Oslobodila\u010dke vojske Kosova (OVK).\u00a0Kao \u0161ef Politi\u010dkog direktorata Oslobodila\u010dke vojske Kosova, Tha\u00e7i je predvodio kosovsku delegaciju na Me\u0111unarodnoj konferenciji odr\u017eanoj u Rambujeu, Francuska, od 6. do 22. februara 1999. godine.\u00a0Posle rata, Hashim Tha\u00e7i je bio premijer privremene vlade Kosova od 1999. do 2000. godine.\u00a0Hashim Tha\u00e7i je bio \u010dlan Privremenog administrativnog saveta (PUS), zajedni\u010dke upravne strukture Misije UN na Kosovu (UNMIK) i kosovske politi\u010dke klase, sve do 2001. godine kada su odr\u017eani prvi parlamentarni izbori na posleratnom Kosovu.\u00a0U oktobru 1999. godine, Hashim Tha\u00e7i je bio me\u0111u osniva\u010dima Partije demokratskog progresa Kosova (PPDK). Na prvoj izbornoj konvenciji stranke 2000. godine, stranka je promenila ime u Demokratska partija Kosova, a Hashim Tha\u00e7i je izabran za njenog predsednika, funkciju koju je obavljao do 26. februara 2016. godine.\u00a0Hashim Tha\u00e7i je bio \u010dlan Tima jedinstva koji je predstavljao Kosovo u pregovara\u010dkom procesu koji je vodio specijalni izaslanik UN, predsednik Martti Ahtisaari, koji je pregovarao o politi\u010dkom statusu Kosova, 2005\u20132007. godine.\u00a0Nakon pobede Demokratske partije Kosova na parlamentarnim izborima 17. novembra 2007. godine, Hashim Tha\u00e7i je izabran za premijera Vlade Kosova. Dana 17. februara 2008. godine, premijer Hashim Tha\u00e7i je proglasio Kosovo nezavisnom dr\u017eavom u Skup\u0161tini Kosova.\u00a0Tha\u00e7i je prvi premijer Vlade Republike Kosovo.\u00a0Akademsko iskustvoHashim Tha\u00e7i je diplomirao na Odseku za istoriju Univerziteta u Pri\u0161tini. Postdiplomske studije iz oblasti istorije jugoisto\u010dne Evrope i politi\u010dkih nauka zavr\u0161io je na Univerzitetu u Cirihu u \u0160vajcarskoj (1996\u20131998.).\u00a0Tha\u00e7i govori engleski i nema\u010dki jezik.\u00a0Ro\u0111en je 24. aprila 1968. godine u selu Buroja, Skenderaj (Bro\u0107na, Srbica).\u00a0O\u017eenjen je i ima sina.<\/p>\n","protected":false},"author":1,"featured_media":86340,"parent":2779,"menu_order":0,"comment_status":"closed","ping_status":"closed","template":"","meta":{"_eb_attr":"","footnotes":""},"class_list":["post-2809","page","type-page","status-publish","has-post-thumbnail","hentry"],"yoast_head":"<!-- This site is optimized with the Yoast SEO plugin v23.5 - https:\/\/yoast.com\/wordpress\/plugins\/seo\/ -->\n<title>Hashim Tha\u00e7i - Predsednik Republike Kosovo - DR. VJOSA OSMANI - SADRIU<\/title>\n<meta name=\"description\" content=\"Hashim Tha\u00e7i - Predsednik Republike Kosovo - DR. VJOSA OSMANI - SADRIU -\" \/>\n<meta name=\"robots\" content=\"index, follow, max-snippet:-1, max-image-preview:large, max-video-preview:-1\" \/>\n<link rel=\"canonical\" href=\"https:\/\/president-ksgov.net\/ish-presidentet-e-kosoves\/hashim-thaci\/\" \/>\n<meta property=\"og:locale\" content=\"sr_RS\" \/>\n<meta property=\"og:type\" content=\"article\" \/>\n<meta property=\"og:title\" content=\"Hashim Tha\u00e7i - Predsednik Republike Kosovo - DR. VJOSA OSMANI - SADRIU\" \/>\n<meta property=\"og:description\" content=\"Hashim Tha\u00e7i - Predsednik Republike Kosovo - DR. VJOSA OSMANI - SADRIU -\" \/>\n<meta property=\"og:url\" content=\"https:\/\/president-ksgov.net\/ish-presidentet-e-kosoves\/hashim-thaci\/\" \/>\n<meta property=\"og:site_name\" content=\"Predsednik Republike Kosovo - DR. VJOSA OSMANI - SADRIU\" \/>\n<meta property=\"article:modified_time\" content=\"2026-04-14T08:58:00+00:00\" \/>\n<meta property=\"og:image\" content=\"https:\/\/president-ksgov.net\/wp-content\/uploads\/Zyra-e-Presidentes-Featured-Image1-e1678970937938.png\" \/>\n\t<meta property=\"og:image:width\" content=\"1024\" \/>\n\t<meta property=\"og:image:height\" content=\"800\" \/>\n\t<meta property=\"og:image:type\" content=\"image\/png\" \/>\n<meta name=\"twitter:card\" content=\"summary_large_image\" \/>\n<meta name=\"twitter:label1\" content=\"\u041f\u0440\u043e\u0446\u0435\u045a\u0435\u043d\u043e \u0432\u0440\u0435\u043c\u0435 \u0447\u0438\u0442\u0430\u045a\u0430\" \/>\n\t<meta name=\"twitter:data1\" content=\"4 \u043c\u0438\u043d\u0443\u0442\u0430\" \/>\n<script type=\"application\/ld+json\" class=\"yoast-schema-graph\">{\"@context\":\"https:\/\/schema.org\",\"@graph\":[{\"@type\":\"WebPage\",\"@id\":\"https:\/\/president-ksgov.net\/ish-presidentet-e-kosoves\/hashim-thaci\/\",\"url\":\"https:\/\/president-ksgov.net\/ish-presidentet-e-kosoves\/hashim-thaci\/\",\"name\":\"Hashim Tha\u00e7i - Predsednik Republike Kosovo - DR. VJOSA OSMANI - SADRIU\",\"isPartOf\":{\"@id\":\"https:\/\/president-ksgov.net\/#website\"},\"primaryImageOfPage\":{\"@id\":\"https:\/\/president-ksgov.net\/ish-presidentet-e-kosoves\/hashim-thaci\/#primaryimage\"},\"image\":{\"@id\":\"https:\/\/president-ksgov.net\/ish-presidentet-e-kosoves\/hashim-thaci\/#primaryimage\"},\"thumbnailUrl\":\"https:\/\/president-ksgov.net\/wp-content\/uploads\/Zyra-e-Presidentes-Featured-Image1-e1678970937938.png\",\"datePublished\":\"2023-02-13T12:46:12+00:00\",\"dateModified\":\"2026-04-14T08:58:00+00:00\",\"description\":\"Hashim Tha\u00e7i - Predsednik Republike Kosovo - DR. VJOSA OSMANI - SADRIU -\",\"breadcrumb\":{\"@id\":\"https:\/\/president-ksgov.net\/ish-presidentet-e-kosoves\/hashim-thaci\/#breadcrumb\"},\"inLanguage\":\"sr-RS\",\"potentialAction\":[{\"@type\":\"ReadAction\",\"target\":[\"https:\/\/president-ksgov.net\/ish-presidentet-e-kosoves\/hashim-thaci\/\"]}]},{\"@type\":\"ImageObject\",\"inLanguage\":\"sr-RS\",\"@id\":\"https:\/\/president-ksgov.net\/ish-presidentet-e-kosoves\/hashim-thaci\/#primaryimage\",\"url\":\"https:\/\/president-ksgov.net\/wp-content\/uploads\/Zyra-e-Presidentes-Featured-Image1-e1678970937938.png\",\"contentUrl\":\"https:\/\/president-ksgov.net\/wp-content\/uploads\/Zyra-e-Presidentes-Featured-Image1-e1678970937938.png\",\"width\":1024,\"height\":800},{\"@type\":\"BreadcrumbList\",\"@id\":\"https:\/\/president-ksgov.net\/ish-presidentet-e-kosoves\/hashim-thaci\/#breadcrumb\",\"itemListElement\":[{\"@type\":\"ListItem\",\"position\":1,\"name\":\"Home\",\"item\":\"https:\/\/president-ksgov.net\/sr\/\"},{\"@type\":\"ListItem\",\"position\":2,\"name\":\"Biv\u0161i Predsednici Kosova\",\"item\":\"https:\/\/president-ksgov.net\/ish-presidentet-e-kosoves\/\"},{\"@type\":\"ListItem\",\"position\":3,\"name\":\"Hashim Tha\u00e7i\"}]},{\"@type\":\"WebSite\",\"@id\":\"https:\/\/president-ksgov.net\/#website\",\"url\":\"https:\/\/president-ksgov.net\/\",\"name\":\"Presidente e Republik\u00ebs s\u00eb Kosov\u00ebs\",\"description\":\"Presidente e Republik\u00ebs s\u00eb Kosov\u00ebs\",\"alternateName\":\"DR. VJOSA OSMANI - SADRIU\",\"potentialAction\":[{\"@type\":\"SearchAction\",\"target\":{\"@type\":\"EntryPoint\",\"urlTemplate\":\"https:\/\/president-ksgov.net\/?s={search_term_string}\"},\"query-input\":{\"@type\":\"PropertyValueSpecification\",\"valueRequired\":true,\"valueName\":\"search_term_string\"}}],\"inLanguage\":\"sr-RS\"}]}<\/script>\n<!-- \/ Yoast SEO plugin. -->","yoast_head_json":{"title":"Hashim Tha\u00e7i - Predsednik Republike Kosovo - DR. VJOSA OSMANI - SADRIU","description":"Hashim Tha\u00e7i - Predsednik Republike Kosovo - DR. VJOSA OSMANI - SADRIU -","robots":{"index":"index","follow":"follow","max-snippet":"max-snippet:-1","max-image-preview":"max-image-preview:large","max-video-preview":"max-video-preview:-1"},"canonical":"https:\/\/president-ksgov.net\/ish-presidentet-e-kosoves\/hashim-thaci\/","og_locale":"sr_RS","og_type":"article","og_title":"Hashim Tha\u00e7i - Predsednik Republike Kosovo - DR. VJOSA OSMANI - SADRIU","og_description":"Hashim Tha\u00e7i - Predsednik Republike Kosovo - DR. VJOSA OSMANI - SADRIU -","og_url":"https:\/\/president-ksgov.net\/ish-presidentet-e-kosoves\/hashim-thaci\/","og_site_name":"Predsednik Republike Kosovo - DR. VJOSA OSMANI - SADRIU","article_modified_time":"2026-04-14T08:58:00+00:00","og_image":[{"width":1024,"height":800,"url":"https:\/\/president-ksgov.net\/wp-content\/uploads\/Zyra-e-Presidentes-Featured-Image1-e1678970937938.png","type":"image\/png"}],"twitter_card":"summary_large_image","twitter_misc":{"\u041f\u0440\u043e\u0446\u0435\u045a\u0435\u043d\u043e \u0432\u0440\u0435\u043c\u0435 \u0447\u0438\u0442\u0430\u045a\u0430":"4 \u043c\u0438\u043d\u0443\u0442\u0430"},"schema":{"@context":"https:\/\/schema.org","@graph":[{"@type":"WebPage","@id":"https:\/\/president-ksgov.net\/ish-presidentet-e-kosoves\/hashim-thaci\/","url":"https:\/\/president-ksgov.net\/ish-presidentet-e-kosoves\/hashim-thaci\/","name":"Hashim Tha\u00e7i - Predsednik Republike Kosovo - DR. VJOSA OSMANI - SADRIU","isPartOf":{"@id":"https:\/\/president-ksgov.net\/#website"},"primaryImageOfPage":{"@id":"https:\/\/president-ksgov.net\/ish-presidentet-e-kosoves\/hashim-thaci\/#primaryimage"},"image":{"@id":"https:\/\/president-ksgov.net\/ish-presidentet-e-kosoves\/hashim-thaci\/#primaryimage"},"thumbnailUrl":"https:\/\/president-ksgov.net\/wp-content\/uploads\/Zyra-e-Presidentes-Featured-Image1-e1678970937938.png","datePublished":"2023-02-13T12:46:12+00:00","dateModified":"2026-04-14T08:58:00+00:00","description":"Hashim Tha\u00e7i - Predsednik Republike Kosovo - DR. VJOSA OSMANI - SADRIU -","breadcrumb":{"@id":"https:\/\/president-ksgov.net\/ish-presidentet-e-kosoves\/hashim-thaci\/#breadcrumb"},"inLanguage":"sr-RS","potentialAction":[{"@type":"ReadAction","target":["https:\/\/president-ksgov.net\/ish-presidentet-e-kosoves\/hashim-thaci\/"]}]},{"@type":"ImageObject","inLanguage":"sr-RS","@id":"https:\/\/president-ksgov.net\/ish-presidentet-e-kosoves\/hashim-thaci\/#primaryimage","url":"https:\/\/president-ksgov.net\/wp-content\/uploads\/Zyra-e-Presidentes-Featured-Image1-e1678970937938.png","contentUrl":"https:\/\/president-ksgov.net\/wp-content\/uploads\/Zyra-e-Presidentes-Featured-Image1-e1678970937938.png","width":1024,"height":800},{"@type":"BreadcrumbList","@id":"https:\/\/president-ksgov.net\/ish-presidentet-e-kosoves\/hashim-thaci\/#breadcrumb","itemListElement":[{"@type":"ListItem","position":1,"name":"Home","item":"https:\/\/president-ksgov.net\/sr\/"},{"@type":"ListItem","position":2,"name":"Biv\u0161i Predsednici Kosova","item":"https:\/\/president-ksgov.net\/ish-presidentet-e-kosoves\/"},{"@type":"ListItem","position":3,"name":"Hashim Tha\u00e7i"}]},{"@type":"WebSite","@id":"https:\/\/president-ksgov.net\/#website","url":"https:\/\/president-ksgov.net\/","name":"Presidente e Republik\u00ebs s\u00eb Kosov\u00ebs","description":"Presidente e Republik\u00ebs s\u00eb Kosov\u00ebs","alternateName":"DR. VJOSA OSMANI - SADRIU","potentialAction":[{"@type":"SearchAction","target":{"@type":"EntryPoint","urlTemplate":"https:\/\/president-ksgov.net\/?s={search_term_string}"},"query-input":{"@type":"PropertyValueSpecification","valueRequired":true,"valueName":"search_term_string"}}],"inLanguage":"sr-RS"}]}},"_links":{"self":[{"href":"https:\/\/president-ksgov.net\/sr\/wp-json\/wp\/v2\/pages\/2809","targetHints":{"allow":["GET"]}}],"collection":[{"href":"https:\/\/president-ksgov.net\/sr\/wp-json\/wp\/v2\/pages"}],"about":[{"href":"https:\/\/president-ksgov.net\/sr\/wp-json\/wp\/v2\/types\/page"}],"author":[{"embeddable":true,"href":"https:\/\/president-ksgov.net\/sr\/wp-json\/wp\/v2\/users\/1"}],"replies":[{"embeddable":true,"href":"https:\/\/president-ksgov.net\/sr\/wp-json\/wp\/v2\/comments?post=2809"}],"version-history":[{"count":40,"href":"https:\/\/president-ksgov.net\/sr\/wp-json\/wp\/v2\/pages\/2809\/revisions"}],"predecessor-version":[{"id":187034,"href":"https:\/\/president-ksgov.net\/sr\/wp-json\/wp\/v2\/pages\/2809\/revisions\/187034"}],"up":[{"embeddable":true,"href":"https:\/\/president-ksgov.net\/sr\/wp-json\/wp\/v2\/pages\/2779"}],"wp:featuredmedia":[{"embeddable":true,"href":"https:\/\/president-ksgov.net\/sr\/wp-json\/wp\/v2\/media\/86340"}],"wp:attachment":[{"href":"https:\/\/president-ksgov.net\/sr\/wp-json\/wp\/v2\/media?parent=2809"}],"curies":[{"name":"wp","href":"https:\/\/api.w.org\/{rel}","templated":true}]}}