{"id":2799,"date":"2023-02-13T13:57:55","date_gmt":"2023-02-13T12:57:55","guid":{"rendered":"https:\/\/dev.president-ksgov.net\/behgjet-pacolli\/"},"modified":"2026-04-14T10:54:25","modified_gmt":"2026-04-14T08:54:25","slug":"behgjet-pacolli","status":"publish","type":"page","link":"https:\/\/president-ksgov.net\/sr\/bisvi-predsednici-kosova\/behgjet-pacolli\/","title":{"rendered":"Behgjet Pacolli"},"content":{"rendered":"\t\t<div data-elementor-type=\"wp-page\" data-elementor-id=\"2799\" class=\"elementor elementor-2799 elementor-2089\">\n\t\t\t\t\t\t<section class=\"elementor-section elementor-top-section elementor-element elementor-element-479b389 elementor-section-boxed elementor-section-height-default elementor-section-height-default wpr-particle-no wpr-jarallax-no wpr-parallax-no wpr-sticky-section-no\" data-id=\"479b389\" data-element_type=\"section\">\n\t\t\t\t\t\t<div class=\"elementor-container elementor-column-gap-default\">\n\t\t\t\t\t<div class=\"elementor-column elementor-col-100 elementor-top-column elementor-element elementor-element-c925ce1\" data-id=\"c925ce1\" data-element_type=\"column\">\n\t\t\t<div class=\"elementor-widget-wrap elementor-element-populated\">\n\t\t\t\t\t\t<div class=\"elementor-element elementor-element-0a2af28 elementor-position-left elementor-vertical-align-middle elementor-widget elementor-widget-image-box\" data-id=\"0a2af28\" data-element_type=\"widget\" data-widget_type=\"image-box.default\">\n\t\t\t\t<div class=\"elementor-widget-container\">\n\t\t\t<div class=\"elementor-image-box-wrapper\"><figure class=\"elementor-image-box-img\"><img fetchpriority=\"high\" decoding=\"async\" width=\"640\" height=\"962\" src=\"https:\/\/president-ksgov.net\/wp-content\/uploads\/PB8ro82ZpZP6Xvw1dGnSTrLKqHX2iB75U36h4ExpYenYRANzsqrLG5Q8MA1kBcw6ximjXAheFs6fD5Crcrae8ujMHZgH354sSmYARHPZrsxACz8e-1.jpeg\" class=\"attachment-full size-full wp-image-87812\" alt=\"\" srcset=\"https:\/\/president-ksgov.net\/wp-content\/uploads\/PB8ro82ZpZP6Xvw1dGnSTrLKqHX2iB75U36h4ExpYenYRANzsqrLG5Q8MA1kBcw6ximjXAheFs6fD5Crcrae8ujMHZgH354sSmYARHPZrsxACz8e-1.jpeg 640w, https:\/\/president-ksgov.net\/wp-content\/uploads\/PB8ro82ZpZP6Xvw1dGnSTrLKqHX2iB75U36h4ExpYenYRANzsqrLG5Q8MA1kBcw6ximjXAheFs6fD5Crcrae8ujMHZgH354sSmYARHPZrsxACz8e-1-200x300.jpeg 200w, https:\/\/president-ksgov.net\/wp-content\/uploads\/PB8ro82ZpZP6Xvw1dGnSTrLKqHX2iB75U36h4ExpYenYRANzsqrLG5Q8MA1kBcw6ximjXAheFs6fD5Crcrae8ujMHZgH354sSmYARHPZrsxACz8e-1-299x450.jpeg 299w\" sizes=\"(max-width: 640px) 100vw, 640px\" \/><\/figure><div class=\"elementor-image-box-content\"><h3 class=\"elementor-image-box-title\">BEHGJET PACOLLI<\/h3><p class=\"elementor-image-box-description\">PREDSEDNIK REPUBLIKE KOSOVO \u2013 (22. FEBRUAR \u2013 30. MART 2011.)<\/p><\/div><\/div>\t\t<\/div>\n\t\t\t\t<\/div>\n\t\t\t\t\t<\/div>\n\t\t<\/div>\n\t\t\t\t\t<\/div>\n\t\t<\/section>\n\t\t\t\t<section class=\"elementor-section elementor-top-section elementor-element elementor-element-0dc0afa elementor-section-boxed elementor-section-height-default elementor-section-height-default wpr-particle-no wpr-jarallax-no wpr-parallax-no wpr-sticky-section-no\" data-id=\"0dc0afa\" data-element_type=\"section\">\n\t\t\t\t\t\t<div class=\"elementor-container elementor-column-gap-default\">\n\t\t\t\t\t<div class=\"elementor-column elementor-col-100 elementor-top-column elementor-element elementor-element-5be539f\" data-id=\"5be539f\" data-element_type=\"column\">\n\t\t\t<div class=\"elementor-widget-wrap elementor-element-populated\">\n\t\t\t\t\t\t<div class=\"elementor-element elementor-element-3873b4d elementor-widget elementor-widget-text-editor\" data-id=\"3873b4d\" data-element_type=\"widget\" data-widget_type=\"text-editor.default\">\n\t\t\t\t<div class=\"elementor-widget-container\">\n\t\t\t\t\t\t\t<p>Behgjet Isa Pacolli<br \/>Ro\u0111en 30. avgusta 1951. godine u Marevcu, op\u0161tina Pri\u0161tina.<br \/>Sin Ise i Nazmije.<br \/>O\u017eenjen gospo\u0111om Mashom Pacolli.<br \/>Otac \u0161estoro dece: Arbreshe, Selene, Hane, Ise, Diara i Armanija.<br \/>\u00a0<br \/>Obrazovanje:<br \/>Osnovno i srednje obrazovanje zavr\u0161io u Pri\u0161tini (dve srednje \u0161kole: U\u010diteljsku \u0161kolu i Gimnaziju u Pri\u0161tini).<br \/>1970\u20131973. Institut za spoljnu trgovinu, Univerzitet u Hamburgu. (Institut f\u00fcr Au\u00dfenhandel, Hamburg Universitat)<br \/>1982\u20131983. master studije iz marketinga i menad\u017ementa, Institut M\u00f6singer, Cirih.<br \/>\u00a0<br \/>Profesionalni profil:<br \/>1974\u20131975. dopisnik za strane jezike u Direktoratu za razvoj, Tekstilni kombinat, Gnjilane.<br \/>1976. komercijalni direktor kompanije Peter Zimmern, Austrija.<br \/>1977\u20131983. regionalni komercijalni direktor Interplastica Engineering SA, \u0160vajcarska.<br \/>1983\u20131990. generalni direktor Interplastica Engineering SA, Morbio Inferiore, \u0160vajcarska.<br \/>1990\u20132023. osniva\u010d i predsedavaju\u0107i upravnih odbora grupe \u201eMabetex Project Engineering\u201c, Lugano, \u0160vajcarska, koja pod svojim okriljem ima slede\u0107e kompanije:<br \/>CRS \u2013 Credito per lo sviluppo e ristrutturazione, Lugano, \u0160vajcarska<br \/>Mabco Construction, \u0160vajcarska, Swiss Diamond Hotel Management<br \/>Krueger Hoch \u2013 Tiefbau, Berlin<br \/>Interfin Finance, London<br \/>Mabetex International (predstavni\u0161tva u 18 zemalja sveta)<br \/>Ve\u0107inski akcionar Banke Ekonomike, Pri\u0161tina, BK Anstalt, Lihten\u0161tajn<br \/>Diamond Travel<br \/>Ostala anga\u017eovanja:<br \/>Glavni sponzor Fondacije Aleksand\u00ebr Moisiu.<br \/>Osniva\u010d Fondacije i de\u010djih domova \u201eBambini Di Sakha\u201c.<br \/>Osniva\u010d SEED \u2013 Fondacije za ekonomski razvoj Jugoisto\u010dne Evrope, Va\u0161ington.<br \/>\u010clan (truster member) Centra za me\u0111unarodne i strate\u0161ke studije (CSIS), Va\u0161ington.<br \/>Osniva\u010d Fondacije \u201eIbrahim Kodra\u201c, Lugano.<br \/>Osniva\u010d i sponzor Fondacije \u201eBehgjet Pacolli\u201c, Pri\u0161tina.<br \/>Osniva\u010d i predsednik politi\u010dke partije Alijansa novo Kosovo (AKR) (2007).<br \/>Poslanik Skup\u0161tine Republike Kosovo:<br \/>2007\u20132010., 2010\u20132014., 2017\u20132021., 2021\u2013danas.<br \/>\u00a0<br \/>Humanitarne aktivnosti:<br \/>Humanitarni rad u oblasti obrazovanja mladih, finansijska podr\u0161ka za le\u010denje u inostranstvu, finansijska pomo\u0107 porodicama u potrebi, izgradnja razli\u010ditih stambenih objekata za socijalno ugro\u017eene porodice, izgradnja \u0161kola, univerziteta i spomenika kulturnog nasle\u0111a, uklju\u010duju\u0107i:<br \/>1993. \u2013 Osniva\u010d i sponzor bolnice za sme\u0161taj i brigu o napu\u0161tenoj deci sa fizi\u010dkim pote\u0161ko\u0107ama u Sakhi.<br \/>1999. \u2013 U saradnji sa gospo\u0111om Fanfani i Fondacijom Deca mira, masovna humanitarna pomo\u0107 u Kuksu, Ivangradu i drugim mestima za prognane sa Kosova.<br \/>1999. \u2013 Podr\u0161ka bolnicama na Kosovu lekovima i medicinskim preparatima.<br \/>2000\u20132004. finansiranje izgradnje infrastrukture Kosovskog za\u0161titnog korpusa u Pri\u0161tini i doprinos njegovom profesionalnom opremanju.<br \/>2005. \u2013 Podr\u0161ka izgradnji Memorijalnog centra u selu Penduha, op\u0161tina Podujevo.<br \/>2004. \u2013 Osloba\u0111anje talaca u Avganistanu (slu\u010daj Shqipe Hebibi).<br \/>2005. \u2013 Projektant, sponzor i finansijer kompletne strukture Ameri\u010dkog univerziteta na Kosovu (AUK).<br \/>2006. \u2013 Osloba\u0111anje novinara Gabriele Torsello iz zato\u010deni\u0161tva u Avganistanu.<br \/>2008\u20132011. \u2013 Kontinuirano lobiranje za me\u0111unarodno priznanje Kosova kao nezavisne dr\u017eave (preko 20 priznanja).<br \/>2007. \u2013 Doprinos osloba\u0111anju 23 korejska taoca u Avganistanu.<br \/>2015. \u2013 Podr\u0161ka izgradnji parka \u201eAli Podrimja\u201c u \u0110akovici.<br \/>2009. \u2013 Finansijer pro\u0161irenja Filozofskog fakulteta u Pri\u0161tini.<br \/>Finansijer projekata kulture i nasle\u0111a na Kosovu.<br \/>Sportski sponzor na Kosovu.<br \/>Kontinuirane stipendije (na Kosovu i u inostranstvu).<br \/>Op\u0161ti doprinos izgradnji stanova za porodice sa niskim prihodima.<br \/>Pomo\u0107 u slanju desetina pacijenata godi\u0161nje na le\u010denje u inostranstvo.<br \/>Socijalna pomo\u0107 osobama sa invaliditetom i licima kojima je pomo\u0107 potrebna (mese\u010dna primanja).<br \/>Izgradnja puteva i raznih parkova.<br \/>Osnivanje muzeja Ibrahim Kodra u Luganu, \u0160vajcarska.<br \/>Svakodnevna pomo\u0107 osobama kojima je ona potrebna.<br \/>\u00a0<br \/>Priznanja:<br \/>Odlikovanja Kosovskog za\u0161titnog korpusa.<br \/>Priznanja i po\u010dasti sa Tehnolo\u0161kog univerziteta u Ro\u010desteru.<br \/>Odlikovanje Ameri\u010dkog univerziteta na Kosovu (AUK).<br \/>Visoka dr\u017eavna odlikovanja dr\u017eave Peru od strane predsednika Perua.<br \/>Najvi\u0161e dr\u017eavno odlikovanje Ruske Federacije (za dostignu\u0107a u arhitekturi).<br \/>Po\u010dasni gra\u0111anin Astane, Republika Kazahstan.<br \/>2009. \u2013 Ambasador mira (Univerzalna federacija mira).<br \/>2010. \u2013 Knight of Global Peace of the Millennium, dodeljeno od strane Centro Internazionale per la Pace fra i Popoli (Me\u0111unarodni centar za mir me\u0111u narodima).<br \/>Priznanje Fondacije Nelson Mandela.<br \/>Priznanje Globalne inicijative Fondacije Klinton.<br \/>Odlikovan ordenom \u201e\u010cast nacije\u201c Republike Albanije.<br \/>Doctor Honoris Causa Univerziteta UIT u Tirani.<br \/>Doctor Honoris Causa Dr\u017eavnog univerziteta u Valoni.<br \/>Po\u010dasni gra\u0111anin Le\u017ee, Valone, Tirane, Kuksa i Kor\u010de.<br \/>Dobitnik nagrade \u201eGusi Peace Prize\u201c, Manila, priznanje za osloba\u0111anje diplomate Filipina u Avganistanu.<br \/>Doctor Honoris Causa Univerziteta u Bangkoku.<br \/>\u00a0<br \/>Jezici:<br \/>Maternji jezik: albanski.<br \/>Strani jezici: engleski, francuski, nema\u010dki, italijanski, ruski, \u0161panski, srpskohrvatski.<\/p>\t\t\t\t\t\t<\/div>\n\t\t\t\t<\/div>\n\t\t\t\t\t<\/div>\n\t\t<\/div>\n\t\t\t\t\t<\/div>\n\t\t<\/section>\n\t\t\t\t<\/div>\n\t\t","protected":false},"excerpt":{"rendered":"<p>BEHGJET PACOLLI PREDSEDNIK REPUBLIKE KOSOVO \u2013 (22. FEBRUAR \u2013 30. MART 2011.) Behgjet Isa PacolliRo\u0111en 30. avgusta 1951. godine u Marevcu, op\u0161tina Pri\u0161tina.Sin Ise i Nazmije.O\u017eenjen gospo\u0111om Mashom Pacolli.Otac \u0161estoro dece: Arbreshe, Selene, Hane, Ise, Diara i Armanija.\u00a0Obrazovanje:Osnovno i srednje obrazovanje zavr\u0161io u Pri\u0161tini (dve srednje \u0161kole: U\u010diteljsku \u0161kolu i Gimnaziju u Pri\u0161tini).1970\u20131973. Institut za spoljnu trgovinu, Univerzitet u Hamburgu. (Institut f\u00fcr Au\u00dfenhandel, Hamburg Universitat)1982\u20131983. master studije iz marketinga i menad\u017ementa, Institut M\u00f6singer, Cirih.\u00a0Profesionalni profil:1974\u20131975. dopisnik za strane jezike u Direktoratu za razvoj, Tekstilni kombinat, Gnjilane.1976. komercijalni direktor kompanije Peter Zimmern, Austrija.1977\u20131983. regionalni komercijalni direktor Interplastica Engineering SA, \u0160vajcarska.1983\u20131990. generalni direktor Interplastica Engineering SA, Morbio Inferiore, \u0160vajcarska.1990\u20132023. osniva\u010d i predsedavaju\u0107i upravnih odbora grupe \u201eMabetex Project Engineering\u201c, Lugano, \u0160vajcarska, koja pod svojim okriljem ima slede\u0107e kompanije:CRS \u2013 Credito per lo sviluppo e ristrutturazione, Lugano, \u0160vajcarskaMabco Construction, \u0160vajcarska, Swiss Diamond Hotel ManagementKrueger Hoch \u2013 Tiefbau, BerlinInterfin Finance, LondonMabetex International (predstavni\u0161tva u 18 zemalja sveta)Ve\u0107inski akcionar Banke Ekonomike, Pri\u0161tina, BK Anstalt, Lihten\u0161tajnDiamond TravelOstala anga\u017eovanja:Glavni sponzor Fondacije Aleksand\u00ebr Moisiu.Osniva\u010d Fondacije i de\u010djih domova \u201eBambini Di Sakha\u201c.Osniva\u010d SEED \u2013 Fondacije za ekonomski razvoj Jugoisto\u010dne Evrope, Va\u0161ington.\u010clan (truster member) Centra za me\u0111unarodne i strate\u0161ke studije (CSIS), Va\u0161ington.Osniva\u010d Fondacije \u201eIbrahim Kodra\u201c, Lugano.Osniva\u010d i sponzor Fondacije \u201eBehgjet Pacolli\u201c, Pri\u0161tina.Osniva\u010d i predsednik politi\u010dke partije Alijansa novo Kosovo (AKR) (2007).Poslanik Skup\u0161tine Republike Kosovo:2007\u20132010., 2010\u20132014., 2017\u20132021., 2021\u2013danas.\u00a0Humanitarne aktivnosti:Humanitarni rad u oblasti obrazovanja mladih, finansijska podr\u0161ka za le\u010denje u inostranstvu, finansijska pomo\u0107 porodicama u potrebi, izgradnja razli\u010ditih stambenih objekata za socijalno ugro\u017eene porodice, izgradnja \u0161kola, univerziteta i spomenika kulturnog nasle\u0111a, uklju\u010duju\u0107i:1993. \u2013 Osniva\u010d i sponzor bolnice za sme\u0161taj i brigu o napu\u0161tenoj deci sa fizi\u010dkim pote\u0161ko\u0107ama u Sakhi.1999. \u2013 U saradnji sa gospo\u0111om Fanfani i Fondacijom Deca mira, masovna humanitarna pomo\u0107 u Kuksu, Ivangradu i drugim mestima za prognane sa Kosova.1999. \u2013 Podr\u0161ka bolnicama na Kosovu lekovima i medicinskim preparatima.2000\u20132004. finansiranje izgradnje infrastrukture Kosovskog za\u0161titnog korpusa u Pri\u0161tini i doprinos njegovom profesionalnom opremanju.2005. \u2013 Podr\u0161ka izgradnji Memorijalnog centra u selu Penduha, op\u0161tina Podujevo.2004. \u2013 Osloba\u0111anje talaca u Avganistanu (slu\u010daj Shqipe Hebibi).2005. \u2013 Projektant, sponzor i finansijer kompletne strukture Ameri\u010dkog univerziteta na Kosovu (AUK).2006. \u2013 Osloba\u0111anje novinara Gabriele Torsello iz zato\u010deni\u0161tva u Avganistanu.2008\u20132011. \u2013 Kontinuirano lobiranje za me\u0111unarodno priznanje Kosova kao nezavisne dr\u017eave (preko 20 priznanja).2007. \u2013 Doprinos osloba\u0111anju 23 korejska taoca u Avganistanu.2015. \u2013 Podr\u0161ka izgradnji parka \u201eAli Podrimja\u201c u \u0110akovici.2009. \u2013 Finansijer pro\u0161irenja Filozofskog fakulteta u Pri\u0161tini.Finansijer projekata kulture i nasle\u0111a na Kosovu.Sportski sponzor na Kosovu.Kontinuirane stipendije (na Kosovu i u inostranstvu).Op\u0161ti doprinos izgradnji stanova za porodice sa niskim prihodima.Pomo\u0107 u slanju desetina pacijenata godi\u0161nje na le\u010denje u inostranstvo.Socijalna pomo\u0107 osobama sa invaliditetom i licima kojima je pomo\u0107 potrebna (mese\u010dna primanja).Izgradnja puteva i raznih parkova.Osnivanje muzeja Ibrahim Kodra u Luganu, \u0160vajcarska.Svakodnevna pomo\u0107 osobama kojima je ona potrebna.\u00a0Priznanja:Odlikovanja Kosovskog za\u0161titnog korpusa.Priznanja i po\u010dasti sa Tehnolo\u0161kog univerziteta u Ro\u010desteru.Odlikovanje Ameri\u010dkog univerziteta na Kosovu (AUK).Visoka dr\u017eavna odlikovanja dr\u017eave Peru od strane predsednika Perua.Najvi\u0161e dr\u017eavno odlikovanje Ruske Federacije (za dostignu\u0107a u arhitekturi).Po\u010dasni gra\u0111anin Astane, Republika Kazahstan.2009. \u2013 Ambasador mira (Univerzalna federacija mira).2010. \u2013 Knight of Global Peace of the Millennium, dodeljeno od strane Centro Internazionale per la Pace fra i Popoli (Me\u0111unarodni centar za mir me\u0111u narodima).Priznanje Fondacije Nelson Mandela.Priznanje Globalne inicijative Fondacije Klinton.Odlikovan ordenom \u201e\u010cast nacije\u201c Republike Albanije.Doctor Honoris Causa Univerziteta UIT u Tirani.Doctor Honoris Causa Dr\u017eavnog univerziteta u Valoni.Po\u010dasni gra\u0111anin Le\u017ee, Valone, Tirane, Kuksa i Kor\u010de.Dobitnik nagrade \u201eGusi Peace Prize\u201c, Manila, priznanje za osloba\u0111anje diplomate Filipina u Avganistanu.Doctor Honoris Causa Univerziteta u Bangkoku.\u00a0Jezici:Maternji jezik: albanski.Strani jezici: engleski, francuski, nema\u010dki, italijanski, ruski, \u0161panski, srpskohrvatski.<\/p>\n","protected":false},"author":1,"featured_media":86340,"parent":2779,"menu_order":0,"comment_status":"closed","ping_status":"closed","template":"","meta":{"_eb_attr":"","footnotes":""},"class_list":["post-2799","page","type-page","status-publish","has-post-thumbnail","hentry"],"yoast_head":"<!-- This site is optimized with the Yoast SEO plugin v23.5 - https:\/\/yoast.com\/wordpress\/plugins\/seo\/ -->\n<title>Behgjet Pacolli - Predsednik Republike Kosovo - DR. VJOSA OSMANI - SADRIU<\/title>\n<meta name=\"description\" content=\"Behgjet Pacolli - Predsednik Republike Kosovo - DR. VJOSA OSMANI - SADRIU -\" \/>\n<meta name=\"robots\" content=\"index, follow, max-snippet:-1, max-image-preview:large, max-video-preview:-1\" \/>\n<link rel=\"canonical\" href=\"https:\/\/president-ksgov.net\/ish-presidentet-e-kosoves\/behgjet-pacolli\/\" \/>\n<meta property=\"og:locale\" content=\"sr_RS\" \/>\n<meta property=\"og:type\" content=\"article\" \/>\n<meta property=\"og:title\" content=\"Behgjet Pacolli - Predsednik Republike Kosovo - DR. VJOSA OSMANI - SADRIU\" \/>\n<meta property=\"og:description\" content=\"Behgjet Pacolli - Predsednik Republike Kosovo - DR. VJOSA OSMANI - SADRIU -\" \/>\n<meta property=\"og:url\" content=\"https:\/\/president-ksgov.net\/ish-presidentet-e-kosoves\/behgjet-pacolli\/\" \/>\n<meta property=\"og:site_name\" content=\"Predsednik Republike Kosovo - DR. VJOSA OSMANI - SADRIU\" \/>\n<meta property=\"article:modified_time\" content=\"2026-04-14T08:54:25+00:00\" \/>\n<meta property=\"og:image\" content=\"https:\/\/president-ksgov.net\/wp-content\/uploads\/Zyra-e-Presidentes-Featured-Image1-e1678970937938.png\" \/>\n\t<meta property=\"og:image:width\" content=\"1024\" \/>\n\t<meta property=\"og:image:height\" content=\"800\" \/>\n\t<meta property=\"og:image:type\" content=\"image\/png\" \/>\n<meta name=\"twitter:card\" content=\"summary_large_image\" \/>\n<meta name=\"twitter:label1\" content=\"\u041f\u0440\u043e\u0446\u0435\u045a\u0435\u043d\u043e \u0432\u0440\u0435\u043c\u0435 \u0447\u0438\u0442\u0430\u045a\u0430\" \/>\n\t<meta name=\"twitter:data1\" content=\"4 \u043c\u0438\u043d\u0443\u0442\u0430\" \/>\n<script type=\"application\/ld+json\" class=\"yoast-schema-graph\">{\"@context\":\"https:\/\/schema.org\",\"@graph\":[{\"@type\":\"WebPage\",\"@id\":\"https:\/\/president-ksgov.net\/ish-presidentet-e-kosoves\/behgjet-pacolli\/\",\"url\":\"https:\/\/president-ksgov.net\/ish-presidentet-e-kosoves\/behgjet-pacolli\/\",\"name\":\"Behgjet Pacolli - Predsednik Republike Kosovo - DR. VJOSA OSMANI - SADRIU\",\"isPartOf\":{\"@id\":\"https:\/\/president-ksgov.net\/#website\"},\"primaryImageOfPage\":{\"@id\":\"https:\/\/president-ksgov.net\/ish-presidentet-e-kosoves\/behgjet-pacolli\/#primaryimage\"},\"image\":{\"@id\":\"https:\/\/president-ksgov.net\/ish-presidentet-e-kosoves\/behgjet-pacolli\/#primaryimage\"},\"thumbnailUrl\":\"https:\/\/president-ksgov.net\/wp-content\/uploads\/Zyra-e-Presidentes-Featured-Image1-e1678970937938.png\",\"datePublished\":\"2023-02-13T12:57:55+00:00\",\"dateModified\":\"2026-04-14T08:54:25+00:00\",\"description\":\"Behgjet Pacolli - Predsednik Republike Kosovo - DR. VJOSA OSMANI - SADRIU -\",\"breadcrumb\":{\"@id\":\"https:\/\/president-ksgov.net\/ish-presidentet-e-kosoves\/behgjet-pacolli\/#breadcrumb\"},\"inLanguage\":\"sr-RS\",\"potentialAction\":[{\"@type\":\"ReadAction\",\"target\":[\"https:\/\/president-ksgov.net\/ish-presidentet-e-kosoves\/behgjet-pacolli\/\"]}]},{\"@type\":\"ImageObject\",\"inLanguage\":\"sr-RS\",\"@id\":\"https:\/\/president-ksgov.net\/ish-presidentet-e-kosoves\/behgjet-pacolli\/#primaryimage\",\"url\":\"https:\/\/president-ksgov.net\/wp-content\/uploads\/Zyra-e-Presidentes-Featured-Image1-e1678970937938.png\",\"contentUrl\":\"https:\/\/president-ksgov.net\/wp-content\/uploads\/Zyra-e-Presidentes-Featured-Image1-e1678970937938.png\",\"width\":1024,\"height\":800},{\"@type\":\"BreadcrumbList\",\"@id\":\"https:\/\/president-ksgov.net\/ish-presidentet-e-kosoves\/behgjet-pacolli\/#breadcrumb\",\"itemListElement\":[{\"@type\":\"ListItem\",\"position\":1,\"name\":\"Home\",\"item\":\"https:\/\/president-ksgov.net\/sr\/\"},{\"@type\":\"ListItem\",\"position\":2,\"name\":\"Biv\u0161i Predsednici Kosova\",\"item\":\"https:\/\/president-ksgov.net\/ish-presidentet-e-kosoves\/\"},{\"@type\":\"ListItem\",\"position\":3,\"name\":\"Behgjet Pacolli\"}]},{\"@type\":\"WebSite\",\"@id\":\"https:\/\/president-ksgov.net\/#website\",\"url\":\"https:\/\/president-ksgov.net\/\",\"name\":\"Presidente e Republik\u00ebs s\u00eb Kosov\u00ebs\",\"description\":\"Presidente e Republik\u00ebs s\u00eb Kosov\u00ebs\",\"alternateName\":\"DR. VJOSA OSMANI - SADRIU\",\"potentialAction\":[{\"@type\":\"SearchAction\",\"target\":{\"@type\":\"EntryPoint\",\"urlTemplate\":\"https:\/\/president-ksgov.net\/?s={search_term_string}\"},\"query-input\":{\"@type\":\"PropertyValueSpecification\",\"valueRequired\":true,\"valueName\":\"search_term_string\"}}],\"inLanguage\":\"sr-RS\"}]}<\/script>\n<!-- \/ Yoast SEO plugin. -->","yoast_head_json":{"title":"Behgjet Pacolli - Predsednik Republike Kosovo - DR. VJOSA OSMANI - SADRIU","description":"Behgjet Pacolli - Predsednik Republike Kosovo - DR. VJOSA OSMANI - SADRIU -","robots":{"index":"index","follow":"follow","max-snippet":"max-snippet:-1","max-image-preview":"max-image-preview:large","max-video-preview":"max-video-preview:-1"},"canonical":"https:\/\/president-ksgov.net\/ish-presidentet-e-kosoves\/behgjet-pacolli\/","og_locale":"sr_RS","og_type":"article","og_title":"Behgjet Pacolli - Predsednik Republike Kosovo - DR. VJOSA OSMANI - SADRIU","og_description":"Behgjet Pacolli - Predsednik Republike Kosovo - DR. VJOSA OSMANI - SADRIU -","og_url":"https:\/\/president-ksgov.net\/ish-presidentet-e-kosoves\/behgjet-pacolli\/","og_site_name":"Predsednik Republike Kosovo - DR. VJOSA OSMANI - SADRIU","article_modified_time":"2026-04-14T08:54:25+00:00","og_image":[{"width":1024,"height":800,"url":"https:\/\/president-ksgov.net\/wp-content\/uploads\/Zyra-e-Presidentes-Featured-Image1-e1678970937938.png","type":"image\/png"}],"twitter_card":"summary_large_image","twitter_misc":{"\u041f\u0440\u043e\u0446\u0435\u045a\u0435\u043d\u043e \u0432\u0440\u0435\u043c\u0435 \u0447\u0438\u0442\u0430\u045a\u0430":"4 \u043c\u0438\u043d\u0443\u0442\u0430"},"schema":{"@context":"https:\/\/schema.org","@graph":[{"@type":"WebPage","@id":"https:\/\/president-ksgov.net\/ish-presidentet-e-kosoves\/behgjet-pacolli\/","url":"https:\/\/president-ksgov.net\/ish-presidentet-e-kosoves\/behgjet-pacolli\/","name":"Behgjet Pacolli - Predsednik Republike Kosovo - DR. VJOSA OSMANI - SADRIU","isPartOf":{"@id":"https:\/\/president-ksgov.net\/#website"},"primaryImageOfPage":{"@id":"https:\/\/president-ksgov.net\/ish-presidentet-e-kosoves\/behgjet-pacolli\/#primaryimage"},"image":{"@id":"https:\/\/president-ksgov.net\/ish-presidentet-e-kosoves\/behgjet-pacolli\/#primaryimage"},"thumbnailUrl":"https:\/\/president-ksgov.net\/wp-content\/uploads\/Zyra-e-Presidentes-Featured-Image1-e1678970937938.png","datePublished":"2023-02-13T12:57:55+00:00","dateModified":"2026-04-14T08:54:25+00:00","description":"Behgjet Pacolli - Predsednik Republike Kosovo - DR. VJOSA OSMANI - SADRIU -","breadcrumb":{"@id":"https:\/\/president-ksgov.net\/ish-presidentet-e-kosoves\/behgjet-pacolli\/#breadcrumb"},"inLanguage":"sr-RS","potentialAction":[{"@type":"ReadAction","target":["https:\/\/president-ksgov.net\/ish-presidentet-e-kosoves\/behgjet-pacolli\/"]}]},{"@type":"ImageObject","inLanguage":"sr-RS","@id":"https:\/\/president-ksgov.net\/ish-presidentet-e-kosoves\/behgjet-pacolli\/#primaryimage","url":"https:\/\/president-ksgov.net\/wp-content\/uploads\/Zyra-e-Presidentes-Featured-Image1-e1678970937938.png","contentUrl":"https:\/\/president-ksgov.net\/wp-content\/uploads\/Zyra-e-Presidentes-Featured-Image1-e1678970937938.png","width":1024,"height":800},{"@type":"BreadcrumbList","@id":"https:\/\/president-ksgov.net\/ish-presidentet-e-kosoves\/behgjet-pacolli\/#breadcrumb","itemListElement":[{"@type":"ListItem","position":1,"name":"Home","item":"https:\/\/president-ksgov.net\/sr\/"},{"@type":"ListItem","position":2,"name":"Biv\u0161i Predsednici Kosova","item":"https:\/\/president-ksgov.net\/ish-presidentet-e-kosoves\/"},{"@type":"ListItem","position":3,"name":"Behgjet Pacolli"}]},{"@type":"WebSite","@id":"https:\/\/president-ksgov.net\/#website","url":"https:\/\/president-ksgov.net\/","name":"Presidente e Republik\u00ebs s\u00eb Kosov\u00ebs","description":"Presidente e Republik\u00ebs s\u00eb Kosov\u00ebs","alternateName":"DR. VJOSA OSMANI - SADRIU","potentialAction":[{"@type":"SearchAction","target":{"@type":"EntryPoint","urlTemplate":"https:\/\/president-ksgov.net\/?s={search_term_string}"},"query-input":{"@type":"PropertyValueSpecification","valueRequired":true,"valueName":"search_term_string"}}],"inLanguage":"sr-RS"}]}},"_links":{"self":[{"href":"https:\/\/president-ksgov.net\/sr\/wp-json\/wp\/v2\/pages\/2799","targetHints":{"allow":["GET"]}}],"collection":[{"href":"https:\/\/president-ksgov.net\/sr\/wp-json\/wp\/v2\/pages"}],"about":[{"href":"https:\/\/president-ksgov.net\/sr\/wp-json\/wp\/v2\/types\/page"}],"author":[{"embeddable":true,"href":"https:\/\/president-ksgov.net\/sr\/wp-json\/wp\/v2\/users\/1"}],"replies":[{"embeddable":true,"href":"https:\/\/president-ksgov.net\/sr\/wp-json\/wp\/v2\/comments?post=2799"}],"version-history":[{"count":37,"href":"https:\/\/president-ksgov.net\/sr\/wp-json\/wp\/v2\/pages\/2799\/revisions"}],"predecessor-version":[{"id":187028,"href":"https:\/\/president-ksgov.net\/sr\/wp-json\/wp\/v2\/pages\/2799\/revisions\/187028"}],"up":[{"embeddable":true,"href":"https:\/\/president-ksgov.net\/sr\/wp-json\/wp\/v2\/pages\/2779"}],"wp:featuredmedia":[{"embeddable":true,"href":"https:\/\/president-ksgov.net\/sr\/wp-json\/wp\/v2\/media\/86340"}],"wp:attachment":[{"href":"https:\/\/president-ksgov.net\/sr\/wp-json\/wp\/v2\/media?parent=2799"}],"curies":[{"name":"wp","href":"https:\/\/api.w.org\/{rel}","templated":true}]}}