{"id":137994,"date":"2023-01-27T09:00:06","date_gmt":"2023-01-27T08:00:06","guid":{"rendered":"https:\/\/president-ksgov.net\/anciens-presidents-du-kosovo\/"},"modified":"2025-11-05T08:57:05","modified_gmt":"2025-11-05T07:57:05","slug":"anciens-presidents-du-kosovo","status":"publish","type":"page","link":"https:\/\/president-ksgov.net\/fr\/anciens-presidents-du-kosovo\/","title":{"rendered":"Anciens pr\u00e9sidents du Kosovo"},"content":{"rendered":"\t\t<div data-elementor-type=\"wp-page\" data-elementor-id=\"137994\" class=\"elementor elementor-137994 elementor-831\">\n\t\t\t\t\t\t<section class=\"elementor-section elementor-top-section elementor-element elementor-element-8f281fb elementor-section-boxed elementor-section-height-default elementor-section-height-default wpr-particle-no wpr-jarallax-no wpr-parallax-no wpr-sticky-section-no\" data-id=\"8f281fb\" data-element_type=\"section\">\n\t\t\t\t\t\t<div class=\"elementor-container elementor-column-gap-default\">\n\t\t\t\t\t<div class=\"elementor-column elementor-col-50 elementor-top-column elementor-element elementor-element-71c4ca0\" data-id=\"71c4ca0\" data-element_type=\"column\">\n\t\t\t<div class=\"elementor-widget-wrap elementor-element-populated\">\n\t\t\t\t\t\t<div class=\"elementor-element elementor-element-0e5e2cf elementor-widget elementor-widget-eael-image-accordion\" data-id=\"0e5e2cf\" data-element_type=\"widget\" data-widget_type=\"eael-image-accordion.default\">\n\t\t\t\t<div class=\"elementor-widget-container\">\n\t\t\t    <div class=\"eael-img-accordion accordion-direction-horizontal eael-img-accordion-horizontal-align-center eael-img-accordion-vertical-align-bottom\" id=\"eael-img-accordion-0e5e2cf\" data-img-accordion-id=\"0e5e2cf\" data-img-accordion-type=\"on-hover\">\n                    \n            <div class=\"eael-image-accordion-hover eael-image-accordion-item overlay-active\" style=\"background-image: url(https:\/\/president-ksgov.net\/wp-content\/uploads\/Hashim_Thac\u0327i_official_portrait-scaled-e1678870771880.jpg); flex: 3 1 0%;\"  tabindex=\"0\">\n                <div class=\"overlay\">\n                    <div class=\"overlay-inner  overlay-inner-show\">\n                        <a href=\"https:\/\/president-ksgov.net\/hashim-thaci\" target=\"_blank\"><h2 class=\"img-accordion-title\">HASHIM THACI<\/h2><\/a>                            <p><p>Pr\u00e9sident de la R\u00e9publique du Kosovo, 2016 &#8211; 5 novembre 2020<\/p>\n<\/p>\n                                            <\/div>\n                <\/div>\n            <\/div>\n                <\/div>\n        <style typr=\"text\/css\">\n                    #eael-img-accordion-0e5e2cf .eael-image-accordion-hover:hover {\n                        flex: 3 1 0% !important;\n                    }\n                    #eael-img-accordion-0e5e2cf .eael-image-accordion-hover:hover:hover .overlay-inner * {\n                        opacity: 1;\n                        visibility: visible;\n                        transform: none;\n                        transition: all .3s .3s;\n                    }\n                <\/style>\t\t<\/div>\n\t\t\t\t<\/div>\n\t\t\t\t\t<\/div>\n\t\t<\/div>\n\t\t\t\t<div class=\"elementor-column elementor-col-50 elementor-top-column elementor-element elementor-element-3770f3d\" data-id=\"3770f3d\" data-element_type=\"column\">\n\t\t\t<div class=\"elementor-widget-wrap elementor-element-populated\">\n\t\t\t\t\t\t<div class=\"elementor-element elementor-element-f4721fe elementor-widget elementor-widget-eael-image-accordion\" data-id=\"f4721fe\" data-element_type=\"widget\" data-widget_type=\"eael-image-accordion.default\">\n\t\t\t\t<div class=\"elementor-widget-container\">\n\t\t\t    <div class=\"eael-img-accordion accordion-direction-horizontal eael-img-accordion-horizontal-align-center eael-img-accordion-vertical-align-bottom\" id=\"eael-img-accordion-f4721fe\" data-img-accordion-id=\"f4721fe\" data-img-accordion-type=\"on-hover\">\n                    \n            <div class=\"eael-image-accordion-hover eael-image-accordion-item overlay-active\" style=\"background-image: url(https:\/\/president-ksgov.net\/wp-content\/uploads\/Atifete_Jahjaga1-1-scaled-e1678870860293.jpg); flex: 3 1 0%;\"  tabindex=\"0\">\n                <div class=\"overlay\">\n                    <div class=\"overlay-inner  overlay-inner-show\">\n                        <a href=\"https:\/\/president-ksgov.net\/atifete-jahjaga\" target=\"_blank\"><h2 class=\"img-accordion-title\">ATIF\u00c8TE JAHJAGA<\/h2><\/a>                            <p><p>Pr\u00e9sident de la R\u00e9publique du Kosovo, 2011-2016<\/p>\n<\/p>\n                                            <\/div>\n                <\/div>\n            <\/div>\n                <\/div>\n        <style typr=\"text\/css\">\n                    #eael-img-accordion-f4721fe .eael-image-accordion-hover:hover {\n                        flex: 3 1 0% !important;\n                    }\n                    #eael-img-accordion-f4721fe .eael-image-accordion-hover:hover:hover .overlay-inner * {\n                        opacity: 1;\n                        visibility: visible;\n                        transform: none;\n                        transition: all .3s .3s;\n                    }\n                <\/style>\t\t<\/div>\n\t\t\t\t<\/div>\n\t\t\t\t\t<\/div>\n\t\t<\/div>\n\t\t\t\t\t<\/div>\n\t\t<\/section>\n\t\t\t\t<section class=\"elementor-section elementor-top-section elementor-element elementor-element-5562c69 elementor-section-boxed elementor-section-height-default elementor-section-height-default wpr-particle-no wpr-jarallax-no wpr-parallax-no wpr-sticky-section-no\" data-id=\"5562c69\" data-element_type=\"section\">\n\t\t\t\t\t\t<div class=\"elementor-container elementor-column-gap-default\">\n\t\t\t\t\t<div class=\"elementor-column elementor-col-50 elementor-top-column elementor-element elementor-element-ba3a5c8\" data-id=\"ba3a5c8\" data-element_type=\"column\">\n\t\t\t<div class=\"elementor-widget-wrap elementor-element-populated\">\n\t\t\t\t\t\t<div class=\"elementor-element elementor-element-4d1bebc elementor-widget elementor-widget-eael-image-accordion\" data-id=\"4d1bebc\" data-element_type=\"widget\" data-widget_type=\"eael-image-accordion.default\">\n\t\t\t\t<div class=\"elementor-widget-container\">\n\t\t\t    <div class=\"eael-img-accordion accordion-direction-horizontal eael-img-accordion-horizontal-align-center eael-img-accordion-vertical-align-bottom\" id=\"eael-img-accordion-4d1bebc\" data-img-accordion-id=\"4d1bebc\" data-img-accordion-type=\"on-hover\">\n                    \n            <div class=\"eael-image-accordion-hover eael-image-accordion-item overlay-active\" style=\"background-image: url(https:\/\/president-ksgov.net\/wp-content\/uploads\/PB8ro82ZpZP6Xvw1dGnSTrLKqHX2iB75U36h4ExpYenYRANzsqrLG5Q8MA1kBcw6ximjXAheFs6fD5Crcrae8ujMHZgH354sSmYARHPZrsxACz8e-e1678872051102.jpeg); flex: 3 1 0%;\"  tabindex=\"0\">\n                <div class=\"overlay\">\n                    <div class=\"overlay-inner  overlay-inner-show\">\n                        <a href=\"https:\/\/president-ksgov.net\/behgjet-pacolli\/\" target=\"_blank\"><h2 class=\"img-accordion-title\">BEHGJET PACOLLI<\/h2><\/a>                            <p><p>Pr\u00e9sident de la R\u00e9publique du Kosovo, 22 f\u00e9vrier &#8211; 30 mars 2011<\/p>\n<\/p>\n                                            <\/div>\n                <\/div>\n            <\/div>\n                <\/div>\n        <style typr=\"text\/css\">\n                    #eael-img-accordion-4d1bebc .eael-image-accordion-hover:hover {\n                        flex: 3 1 0% !important;\n                    }\n                    #eael-img-accordion-4d1bebc .eael-image-accordion-hover:hover:hover .overlay-inner * {\n                        opacity: 1;\n                        visibility: visible;\n                        transform: none;\n                        transition: all .3s .3s;\n                    }\n                <\/style>\t\t<\/div>\n\t\t\t\t<\/div>\n\t\t\t\t\t<\/div>\n\t\t<\/div>\n\t\t\t\t<div class=\"elementor-column elementor-col-50 elementor-top-column elementor-element elementor-element-591b30e\" data-id=\"591b30e\" data-element_type=\"column\">\n\t\t\t<div class=\"elementor-widget-wrap elementor-element-populated\">\n\t\t\t\t\t\t<div class=\"elementor-element elementor-element-5c686f3 elementor-widget elementor-widget-eael-image-accordion\" data-id=\"5c686f3\" data-element_type=\"widget\" data-widget_type=\"eael-image-accordion.default\">\n\t\t\t\t<div class=\"elementor-widget-container\">\n\t\t\t    <div class=\"eael-img-accordion accordion-direction-horizontal eael-img-accordion-horizontal-align-center eael-img-accordion-vertical-align-bottom\" id=\"eael-img-accordion-5c686f3\" data-img-accordion-id=\"5c686f3\" data-img-accordion-type=\"on-hover\">\n                    \n            <div class=\"eael-image-accordion-hover eael-image-accordion-item overlay-active\" style=\"background-image: url(https:\/\/president-ksgov.net\/wp-content\/uploads\/Fatmir_Sejdiu1-e1678871639278.jpg); flex: 3 1 0%;\"  tabindex=\"0\">\n                <div class=\"overlay\">\n                    <div class=\"overlay-inner  overlay-inner-show\">\n                        <a href=\"https:\/\/president-ksgov.net\/dr-fatmir-sejdiu\" target=\"_blank\"><h2 class=\"img-accordion-title\">DR. FATMIR SEJDIU<\/h2><\/a>                            <p><p>Le premier pr\u00e9sident de la R\u00e9publique du Kosovo 2006-2010<\/p>\n<\/p>\n                                            <\/div>\n                <\/div>\n            <\/div>\n                <\/div>\n        <style typr=\"text\/css\">\n                    #eael-img-accordion-5c686f3 .eael-image-accordion-hover:hover {\n                        flex: 3 1 0% !important;\n                    }\n                    #eael-img-accordion-5c686f3 .eael-image-accordion-hover:hover:hover .overlay-inner * {\n                        opacity: 1;\n                        visibility: visible;\n                        transform: none;\n                        transition: all .3s .3s;\n                    }\n                <\/style>\t\t<\/div>\n\t\t\t\t<\/div>\n\t\t\t\t\t<\/div>\n\t\t<\/div>\n\t\t\t\t\t<\/div>\n\t\t<\/section>\n\t\t\t\t<section class=\"elementor-section elementor-top-section elementor-element elementor-element-c7c3fd3 elementor-section-boxed elementor-section-height-default elementor-section-height-default wpr-particle-no wpr-jarallax-no wpr-parallax-no wpr-sticky-section-no\" data-id=\"c7c3fd3\" data-element_type=\"section\">\n\t\t\t\t\t\t<div class=\"elementor-container elementor-column-gap-default\">\n\t\t\t\t\t<div class=\"elementor-column elementor-col-50 elementor-top-column elementor-element elementor-element-8981c21\" data-id=\"8981c21\" data-element_type=\"column\">\n\t\t\t<div class=\"elementor-widget-wrap elementor-element-populated\">\n\t\t\t\t\t\t<div class=\"elementor-element elementor-element-e00c7f7 elementor-widget elementor-widget-eael-image-accordion\" data-id=\"e00c7f7\" data-element_type=\"widget\" data-widget_type=\"eael-image-accordion.default\">\n\t\t\t\t<div class=\"elementor-widget-container\">\n\t\t\t    <div class=\"eael-img-accordion accordion-direction-horizontal eael-img-accordion-horizontal-align-center eael-img-accordion-vertical-align-bottom\" id=\"eael-img-accordion-e00c7f7\" data-img-accordion-id=\"e00c7f7\" data-img-accordion-type=\"on-hover\">\n                    \n            <div class=\"eael-image-accordion-hover eael-image-accordion-item overlay-active\" style=\"background-image: url(https:\/\/president-ksgov.net\/wp-content\/uploads\/Dr._Ibrahim_Rugova-e1678871725458.jpg); flex: 3 1 0%;\"  tabindex=\"0\">\n                <div class=\"overlay\">\n                    <div class=\"overlay-inner  overlay-inner-show\">\n                        <a href=\"https:\/\/president-ksgov.net\/dr-ibrahim-rugova\" target=\"_blank\"><h2 class=\"img-accordion-title\">DR. IBRAHIM RUGOVA<\/h2><\/a>                            <p><p>Le pr\u00e9sident historique du Kosovo<\/p>\n<\/p>\n                                            <\/div>\n                <\/div>\n            <\/div>\n                <\/div>\n        <style typr=\"text\/css\">\n                    #eael-img-accordion-e00c7f7 .eael-image-accordion-hover:hover {\n                        flex: 3 1 0% !important;\n                    }\n                    #eael-img-accordion-e00c7f7 .eael-image-accordion-hover:hover:hover .overlay-inner * {\n                        opacity: 1;\n                        visibility: visible;\n                        transform: none;\n                        transition: all .3s .3s;\n                    }\n                <\/style>\t\t<\/div>\n\t\t\t\t<\/div>\n\t\t\t\t\t<\/div>\n\t\t<\/div>\n\t\t\t\t<div class=\"elementor-column elementor-col-50 elementor-top-column elementor-element elementor-element-ec185a3\" data-id=\"ec185a3\" data-element_type=\"column\">\n\t\t\t<div class=\"elementor-widget-wrap\">\n\t\t\t\t\t\t\t<\/div>\n\t\t<\/div>\n\t\t\t\t\t<\/div>\n\t\t<\/section>\n\t\t\t\t<section class=\"elementor-section elementor-top-section elementor-element elementor-element-708de5f elementor-section-boxed elementor-section-height-default elementor-section-height-default wpr-particle-no wpr-jarallax-no wpr-parallax-no wpr-sticky-section-no\" data-id=\"708de5f\" data-element_type=\"section\">\n\t\t\t\t\t\t<div class=\"elementor-container elementor-column-gap-default\">\n\t\t\t\t\t<div class=\"elementor-column elementor-col-100 elementor-top-column elementor-element elementor-element-114a633\" data-id=\"114a633\" data-element_type=\"column\">\n\t\t\t<div class=\"elementor-widget-wrap elementor-element-populated\">\n\t\t\t\t\t\t<div class=\"elementor-element elementor-element-a2351d0 elementor-widget elementor-widget-heading\" data-id=\"a2351d0\" data-element_type=\"widget\" data-widget_type=\"heading.default\">\n\t\t\t\t<div class=\"elementor-widget-container\">\n\t\t\t<h2 class=\"elementor-heading-title elementor-size-default\">Anciens pr\u00e9sidents de l'UD du Kosovo<\/h2>\t\t<\/div>\n\t\t\t\t<\/div>\n\t\t\t\t<div class=\"elementor-element elementor-element-8baf8ac elementor-widget-divider--view-line elementor-widget elementor-widget-divider\" data-id=\"8baf8ac\" data-element_type=\"widget\" data-widget_type=\"divider.default\">\n\t\t\t\t<div class=\"elementor-widget-container\">\n\t\t\t\t\t<div class=\"elementor-divider\">\n\t\t\t<span class=\"elementor-divider-separator\">\n\t\t\t\t\t\t<\/span>\n\t\t<\/div>\n\t\t\t\t<\/div>\n\t\t\t\t<\/div>\n\t\t\t\t\t<\/div>\n\t\t<\/div>\n\t\t\t\t\t<\/div>\n\t\t<\/section>\n\t\t\t\t<section class=\"elementor-section elementor-top-section elementor-element elementor-element-eb1b1ec elementor-section-boxed elementor-section-height-default elementor-section-height-default wpr-particle-no wpr-jarallax-no wpr-parallax-no wpr-sticky-section-no\" data-id=\"eb1b1ec\" data-element_type=\"section\">\n\t\t\t\t\t\t<div class=\"elementor-container elementor-column-gap-default\">\n\t\t\t\t\t<div class=\"elementor-column elementor-col-50 elementor-top-column elementor-element elementor-element-f248252\" data-id=\"f248252\" data-element_type=\"column\">\n\t\t\t<div class=\"elementor-widget-wrap elementor-element-populated\">\n\t\t\t\t\t\t<div class=\"elementor-element elementor-element-c9328c4 elementor-widget elementor-widget-eael-image-accordion\" data-id=\"c9328c4\" data-element_type=\"widget\" data-widget_type=\"eael-image-accordion.default\">\n\t\t\t\t<div class=\"elementor-widget-container\">\n\t\t\t    <div class=\"eael-img-accordion accordion-direction-horizontal eael-img-accordion-horizontal-align-center eael-img-accordion-vertical-align-bottom\" id=\"eael-img-accordion-c9328c4\" data-img-accordion-id=\"c9328c4\" data-img-accordion-type=\"on-hover\">\n                    \n            <div class=\"eael-image-accordion-hover eael-image-accordion-item overlay-active\" style=\"background-image: url(https:\/\/president-ksgov.net\/wp-content\/uploads\/Screenshot-2023-03-15-at-09.55.11.png); flex: 3 1 0%;\"  tabindex=\"0\">\n                <div class=\"overlay\">\n                    <div class=\"overlay-inner  overlay-inner-show\">\n                        <a href=\"https:\/\/president-ksgov.net\/glauk-konjufca\/\" target=\"_blank\"><h2 class=\"img-accordion-title\">GLAUC CONJUFCA<\/h2><\/a>                            <p><p>UD Pr\u00e9sident de la R\u00e9publique du Kosovo 22 mars 2021 &#8211; 4 avril 2021<\/p>\n<\/p>\n                                            <\/div>\n                <\/div>\n            <\/div>\n                <\/div>\n        <style typr=\"text\/css\">\n                    #eael-img-accordion-c9328c4 .eael-image-accordion-hover:hover {\n                        flex: 3 1 0% !important;\n                    }\n                    #eael-img-accordion-c9328c4 .eael-image-accordion-hover:hover:hover .overlay-inner * {\n                        opacity: 1;\n                        visibility: visible;\n                        transform: none;\n                        transition: all .3s .3s;\n                    }\n                <\/style>\t\t<\/div>\n\t\t\t\t<\/div>\n\t\t\t\t\t<\/div>\n\t\t<\/div>\n\t\t\t\t<div class=\"elementor-column elementor-col-50 elementor-top-column elementor-element elementor-element-33565b0\" data-id=\"33565b0\" data-element_type=\"column\">\n\t\t\t<div class=\"elementor-widget-wrap elementor-element-populated\">\n\t\t\t\t\t\t<div class=\"elementor-element elementor-element-8b217b8 elementor-widget elementor-widget-eael-image-accordion\" data-id=\"8b217b8\" data-element_type=\"widget\" data-widget_type=\"eael-image-accordion.default\">\n\t\t\t\t<div class=\"elementor-widget-container\">\n\t\t\t    <div class=\"eael-img-accordion accordion-direction-horizontal eael-img-accordion-horizontal-align-center eael-img-accordion-vertical-align-bottom\" id=\"eael-img-accordion-8b217b8\" data-img-accordion-id=\"8b217b8\" data-img-accordion-type=\"on-hover\">\n                    \n            <div class=\"eael-image-accordion-hover eael-image-accordion-item overlay-active\" style=\"background-image: url(https:\/\/president-ksgov.net\/wp-content\/uploads\/Screenshot-2023-03-15-at-09.53.42.png); flex: 3 1 0%;\"  tabindex=\"0\">\n                <div class=\"overlay\">\n                    <div class=\"overlay-inner  overlay-inner-show\">\n                        <a href=\"https:\/\/president-ksgov.net\/presidentja\/\" target=\"_blank\"><h2 class=\"img-accordion-title\">DR. VJOSA OSMANI - SADRIU<\/h2><\/a>                            <p><p>UD Pr\u00e9sident de la R\u00e9publique du Kosovo 5 novembre 2020 \u2013 22 mars 2021<\/p>\n<\/p>\n                                            <\/div>\n                <\/div>\n            <\/div>\n                <\/div>\n        <style typr=\"text\/css\">\n                    #eael-img-accordion-8b217b8 .eael-image-accordion-hover:hover {\n                        flex: 3 1 0% !important;\n                    }\n                    #eael-img-accordion-8b217b8 .eael-image-accordion-hover:hover:hover .overlay-inner * {\n                        opacity: 1;\n                        visibility: visible;\n                        transform: none;\n                        transition: all .3s .3s;\n                    }\n                <\/style>\t\t<\/div>\n\t\t\t\t<\/div>\n\t\t\t\t\t<\/div>\n\t\t<\/div>\n\t\t\t\t\t<\/div>\n\t\t<\/section>\n\t\t\t\t<section class=\"elementor-section elementor-top-section elementor-element elementor-element-ddd2302 elementor-section-boxed elementor-section-height-default elementor-section-height-default wpr-particle-no wpr-jarallax-no wpr-parallax-no wpr-sticky-section-no\" data-id=\"ddd2302\" data-element_type=\"section\">\n\t\t\t\t\t\t<div class=\"elementor-container elementor-column-gap-default\">\n\t\t\t\t\t<div class=\"elementor-column elementor-col-50 elementor-top-column elementor-element elementor-element-d9415b3\" data-id=\"d9415b3\" data-element_type=\"column\">\n\t\t\t<div class=\"elementor-widget-wrap elementor-element-populated\">\n\t\t\t\t\t\t<div class=\"elementor-element elementor-element-51477a4 elementor-widget elementor-widget-eael-image-accordion\" data-id=\"51477a4\" data-element_type=\"widget\" data-widget_type=\"eael-image-accordion.default\">\n\t\t\t\t<div class=\"elementor-widget-container\">\n\t\t\t    <div class=\"eael-img-accordion accordion-direction-horizontal eael-img-accordion-horizontal-align-center eael-img-accordion-vertical-align-bottom\" id=\"eael-img-accordion-51477a4\" data-img-accordion-id=\"51477a4\" data-img-accordion-type=\"on-hover\">\n                    \n            <div class=\"eael-image-accordion-hover eael-image-accordion-item overlay-active\" style=\"background-image: url(https:\/\/president-ksgov.net\/wp-content\/uploads\/2023\/01\/30_11_2010_Mesazhi-per_zgjedhje_1.jpg); flex: 3 1 0%;\"  tabindex=\"0\">\n                <div class=\"overlay\">\n                    <div class=\"overlay-inner  overlay-inner-show\">\n                        <a href=\"https:\/\/president-ksgov.net\/dr-jakup-krasniqi\" target=\"_blank\"><h2 class=\"img-accordion-title\">DR. JAKUP KRASNIQI<\/h2><\/a>                            <p><p>UD Pr\u00e9sident de la R\u00e9publique du Kosovo &#8211; 28 septembre 2010 &#8211; 22 f\u00e9vrier 2011<\/p>\n<\/p>\n                                            <\/div>\n                <\/div>\n            <\/div>\n                <\/div>\n        <style typr=\"text\/css\">\n                    #eael-img-accordion-51477a4 .eael-image-accordion-hover:hover {\n                        flex: 3 1 0% !important;\n                    }\n                    #eael-img-accordion-51477a4 .eael-image-accordion-hover:hover:hover .overlay-inner * {\n                        opacity: 1;\n                        visibility: visible;\n                        transform: none;\n                        transition: all .3s .3s;\n                    }\n                <\/style>\t\t<\/div>\n\t\t\t\t<\/div>\n\t\t\t\t\t<\/div>\n\t\t<\/div>\n\t\t\t\t<div class=\"elementor-column elementor-col-50 elementor-top-column elementor-element elementor-element-c7b6870\" data-id=\"c7b6870\" data-element_type=\"column\">\n\t\t\t<div class=\"elementor-widget-wrap\">\n\t\t\t\t\t\t\t<\/div>\n\t\t<\/div>\n\t\t\t\t\t<\/div>\n\t\t<\/section>\n\t\t\t\t<\/div>\n\t\t","protected":false},"excerpt":{"rendered":"<p>HASHIM THACI Pr\u00e9sident de la R\u00e9publique du Kosovo, 2016 &#8211; 5 novembre 2020 ATIF\u00c8TE JAHJAGA Pr\u00e9sident de la R\u00e9publique du Kosovo, 2011-2016 BEHGJET PACOLLI Pr\u00e9sident de la R\u00e9publique du Kosovo, 22 f\u00e9vrier &#8211; 30 mars 2011 DR. FATMIR SEJDIU Le premier pr\u00e9sident de la R\u00e9publique du Kosovo 2006-2010 DR. IBRAHIM RUGOVA Le pr\u00e9sident historique du Kosovo Anciens pr\u00e9sidents de l&rsquo;UD du Kosovo GLAUC CONJUFCA UD Pr\u00e9sident de la R\u00e9publique du Kosovo 22 mars 2021 &#8211; 4 avril 2021 DR. VJOSA OSMANI &#8211; SADRIU UD Pr\u00e9sident de la R\u00e9publique du Kosovo 5 novembre 2020 \u2013 22 mars 2021 DR. JAKUP KRASNIQI UD Pr\u00e9sident de la R\u00e9publique du Kosovo &#8211; 28 septembre 2010 &#8211; 22 f\u00e9vrier 2011<\/p>\n","protected":false},"author":1,"featured_media":86338,"parent":0,"menu_order":0,"comment_status":"closed","ping_status":"closed","template":"","meta":{"_eb_attr":"","footnotes":""},"class_list":["post-137994","page","type-page","status-publish","has-post-thumbnail","hentry"],"yoast_head":"<!-- This site is optimized with the Yoast SEO plugin v23.5 - https:\/\/yoast.com\/wordpress\/plugins\/seo\/ -->\n<title>Anciens pr\u00e9sidents du Kosovo - Presidente e Republik\u00ebs s\u00eb Kosov\u00ebs<\/title>\n<meta name=\"description\" content=\"Anciens pr\u00e9sidents du Kosovo - Presidente e Republik\u00ebs s\u00eb Kosov\u00ebs -\" \/>\n<meta name=\"robots\" content=\"index, follow, max-snippet:-1, max-image-preview:large, max-video-preview:-1\" \/>\n<link rel=\"canonical\" href=\"https:\/\/president-ksgov.net\/fr\/?page_id=137994\" \/>\n<meta property=\"og:locale\" content=\"fr_FR\" \/>\n<meta property=\"og:type\" content=\"article\" \/>\n<meta property=\"og:title\" content=\"Anciens pr\u00e9sidents du Kosovo - Presidente e Republik\u00ebs s\u00eb Kosov\u00ebs\" \/>\n<meta property=\"og:description\" content=\"Anciens pr\u00e9sidents du Kosovo - Presidente e Republik\u00ebs s\u00eb Kosov\u00ebs -\" \/>\n<meta property=\"og:url\" content=\"https:\/\/president-ksgov.net\/fr\/?page_id=137994\" \/>\n<meta property=\"og:site_name\" content=\"Presidente e Republik\u00ebs s\u00eb Kosov\u00ebs\" \/>\n<meta property=\"article:modified_time\" content=\"2025-11-05T07:57:05+00:00\" \/>\n<meta property=\"og:image\" content=\"https:\/\/president-ksgov.net\/wp-content\/uploads\/Zyra-e-Presidentes-Featured-Image1-e1678970937938.png\" \/>\n\t<meta property=\"og:image:width\" content=\"1024\" \/>\n\t<meta property=\"og:image:height\" content=\"716\" \/>\n\t<meta property=\"og:image:type\" content=\"image\/png\" \/>\n<meta name=\"twitter:card\" content=\"summary_large_image\" \/>\n<meta name=\"twitter:label1\" content=\"Dur\u00e9e de lecture estim\u00e9e\" \/>\n\t<meta name=\"twitter:data1\" content=\"1 minute\" \/>\n<script type=\"application\/ld+json\" class=\"yoast-schema-graph\">{\"@context\":\"https:\/\/schema.org\",\"@graph\":[{\"@type\":\"WebPage\",\"@id\":\"https:\/\/president-ksgov.net\/fr\/?page_id=137994\",\"url\":\"https:\/\/president-ksgov.net\/fr\/?page_id=137994\",\"name\":\"Anciens pr\u00e9sidents du Kosovo - Presidente e Republik\u00ebs s\u00eb Kosov\u00ebs\",\"isPartOf\":{\"@id\":\"https:\/\/president-ksgov.net\/#website\"},\"primaryImageOfPage\":{\"@id\":\"https:\/\/president-ksgov.net\/fr\/?page_id=137994#primaryimage\"},\"image\":{\"@id\":\"https:\/\/president-ksgov.net\/fr\/?page_id=137994#primaryimage\"},\"thumbnailUrl\":\"https:\/\/president-ksgov.net\/wp-content\/uploads\/Zyra-e-Presidentes-Featured-Image1-e1678970937938.png\",\"datePublished\":\"2023-01-27T08:00:06+00:00\",\"dateModified\":\"2025-11-05T07:57:05+00:00\",\"description\":\"Anciens pr\u00e9sidents du Kosovo - Presidente e Republik\u00ebs s\u00eb Kosov\u00ebs -\",\"breadcrumb\":{\"@id\":\"https:\/\/president-ksgov.net\/fr\/?page_id=137994#breadcrumb\"},\"inLanguage\":\"fr-FR\",\"potentialAction\":[{\"@type\":\"ReadAction\",\"target\":[\"https:\/\/president-ksgov.net\/fr\/?page_id=137994\"]}]},{\"@type\":\"ImageObject\",\"inLanguage\":\"fr-FR\",\"@id\":\"https:\/\/president-ksgov.net\/fr\/?page_id=137994#primaryimage\",\"url\":\"https:\/\/president-ksgov.net\/wp-content\/uploads\/Zyra-e-Presidentes-Featured-Image1-e1678970937938.png\",\"contentUrl\":\"https:\/\/president-ksgov.net\/wp-content\/uploads\/Zyra-e-Presidentes-Featured-Image1-e1678970937938.png\",\"width\":1024,\"height\":716},{\"@type\":\"BreadcrumbList\",\"@id\":\"https:\/\/president-ksgov.net\/fr\/?page_id=137994#breadcrumb\",\"itemListElement\":[{\"@type\":\"ListItem\",\"position\":1,\"name\":\"Home\",\"item\":\"https:\/\/president-ksgov.net\/fr\/\"},{\"@type\":\"ListItem\",\"position\":2,\"name\":\"Private: Anciens pr\u00e9sidents du Kosovo\"}]},{\"@type\":\"WebSite\",\"@id\":\"https:\/\/president-ksgov.net\/#website\",\"url\":\"https:\/\/president-ksgov.net\/\",\"name\":\"Presidente e Republik\u00ebs s\u00eb Kosov\u00ebs\",\"description\":\"Presidente e Republik\u00ebs s\u00eb Kosov\u00ebs\",\"alternateName\":\"DR. VJOSA OSMANI - SADRIU\",\"potentialAction\":[{\"@type\":\"SearchAction\",\"target\":{\"@type\":\"EntryPoint\",\"urlTemplate\":\"https:\/\/president-ksgov.net\/?s={search_term_string}\"},\"query-input\":{\"@type\":\"PropertyValueSpecification\",\"valueRequired\":true,\"valueName\":\"search_term_string\"}}],\"inLanguage\":\"fr-FR\"}]}<\/script>\n<!-- \/ Yoast SEO plugin. -->","yoast_head_json":{"title":"Anciens pr\u00e9sidents du Kosovo - Presidente e Republik\u00ebs s\u00eb Kosov\u00ebs","description":"Anciens pr\u00e9sidents du Kosovo - Presidente e Republik\u00ebs s\u00eb Kosov\u00ebs -","robots":{"index":"index","follow":"follow","max-snippet":"max-snippet:-1","max-image-preview":"max-image-preview:large","max-video-preview":"max-video-preview:-1"},"canonical":"https:\/\/president-ksgov.net\/fr\/?page_id=137994","og_locale":"fr_FR","og_type":"article","og_title":"Anciens pr\u00e9sidents du Kosovo - Presidente e Republik\u00ebs s\u00eb Kosov\u00ebs","og_description":"Anciens pr\u00e9sidents du Kosovo - Presidente e Republik\u00ebs s\u00eb Kosov\u00ebs -","og_url":"https:\/\/president-ksgov.net\/fr\/?page_id=137994","og_site_name":"Presidente e Republik\u00ebs s\u00eb Kosov\u00ebs","article_modified_time":"2025-11-05T07:57:05+00:00","og_image":[{"width":1024,"height":716,"url":"https:\/\/president-ksgov.net\/wp-content\/uploads\/Zyra-e-Presidentes-Featured-Image1-e1678970937938.png","type":"image\/png"}],"twitter_card":"summary_large_image","twitter_misc":{"Dur\u00e9e de lecture estim\u00e9e":"1 minute"},"schema":{"@context":"https:\/\/schema.org","@graph":[{"@type":"WebPage","@id":"https:\/\/president-ksgov.net\/fr\/?page_id=137994","url":"https:\/\/president-ksgov.net\/fr\/?page_id=137994","name":"Anciens pr\u00e9sidents du Kosovo - Presidente e Republik\u00ebs s\u00eb Kosov\u00ebs","isPartOf":{"@id":"https:\/\/president-ksgov.net\/#website"},"primaryImageOfPage":{"@id":"https:\/\/president-ksgov.net\/fr\/?page_id=137994#primaryimage"},"image":{"@id":"https:\/\/president-ksgov.net\/fr\/?page_id=137994#primaryimage"},"thumbnailUrl":"https:\/\/president-ksgov.net\/wp-content\/uploads\/Zyra-e-Presidentes-Featured-Image1-e1678970937938.png","datePublished":"2023-01-27T08:00:06+00:00","dateModified":"2025-11-05T07:57:05+00:00","description":"Anciens pr\u00e9sidents du Kosovo - Presidente e Republik\u00ebs s\u00eb Kosov\u00ebs -","breadcrumb":{"@id":"https:\/\/president-ksgov.net\/fr\/?page_id=137994#breadcrumb"},"inLanguage":"fr-FR","potentialAction":[{"@type":"ReadAction","target":["https:\/\/president-ksgov.net\/fr\/?page_id=137994"]}]},{"@type":"ImageObject","inLanguage":"fr-FR","@id":"https:\/\/president-ksgov.net\/fr\/?page_id=137994#primaryimage","url":"https:\/\/president-ksgov.net\/wp-content\/uploads\/Zyra-e-Presidentes-Featured-Image1-e1678970937938.png","contentUrl":"https:\/\/president-ksgov.net\/wp-content\/uploads\/Zyra-e-Presidentes-Featured-Image1-e1678970937938.png","width":1024,"height":716},{"@type":"BreadcrumbList","@id":"https:\/\/president-ksgov.net\/fr\/?page_id=137994#breadcrumb","itemListElement":[{"@type":"ListItem","position":1,"name":"Home","item":"https:\/\/president-ksgov.net\/fr\/"},{"@type":"ListItem","position":2,"name":"Private: Anciens pr\u00e9sidents du Kosovo"}]},{"@type":"WebSite","@id":"https:\/\/president-ksgov.net\/#website","url":"https:\/\/president-ksgov.net\/","name":"Presidente e Republik\u00ebs s\u00eb Kosov\u00ebs","description":"Presidente e Republik\u00ebs s\u00eb Kosov\u00ebs","alternateName":"DR. VJOSA OSMANI - SADRIU","potentialAction":[{"@type":"SearchAction","target":{"@type":"EntryPoint","urlTemplate":"https:\/\/president-ksgov.net\/?s={search_term_string}"},"query-input":{"@type":"PropertyValueSpecification","valueRequired":true,"valueName":"search_term_string"}}],"inLanguage":"fr-FR"}]}},"_links":{"self":[{"href":"https:\/\/president-ksgov.net\/fr\/wp-json\/wp\/v2\/pages\/137994","targetHints":{"allow":["GET"]}}],"collection":[{"href":"https:\/\/president-ksgov.net\/fr\/wp-json\/wp\/v2\/pages"}],"about":[{"href":"https:\/\/president-ksgov.net\/fr\/wp-json\/wp\/v2\/types\/page"}],"author":[{"embeddable":true,"href":"https:\/\/president-ksgov.net\/fr\/wp-json\/wp\/v2\/users\/1"}],"replies":[{"embeddable":true,"href":"https:\/\/president-ksgov.net\/fr\/wp-json\/wp\/v2\/comments?post=137994"}],"version-history":[{"count":5,"href":"https:\/\/president-ksgov.net\/fr\/wp-json\/wp\/v2\/pages\/137994\/revisions"}],"predecessor-version":[{"id":175367,"href":"https:\/\/president-ksgov.net\/fr\/wp-json\/wp\/v2\/pages\/137994\/revisions\/175367"}],"wp:featuredmedia":[{"embeddable":true,"href":"https:\/\/president-ksgov.net\/fr\/wp-json\/wp\/v2\/media\/86338"}],"wp:attachment":[{"href":"https:\/\/president-ksgov.net\/fr\/wp-json\/wp\/v2\/media?parent=137994"}],"curies":[{"name":"wp","href":"https:\/\/api.w.org\/{rel}","templated":true}]}}