{"id":137945,"date":"2023-02-02T14:55:01","date_gmt":"2023-02-02T13:55:01","guid":{"rendered":"https:\/\/president-ksgov.net\/galerie-video\/"},"modified":"2024-07-01T09:58:05","modified_gmt":"2024-07-01T07:58:05","slug":"galerie-video","status":"publish","type":"page","link":"https:\/\/president-ksgov.net\/fr\/galerie-video\/","title":{"rendered":"Galerie vid\u00e9o"},"content":{"rendered":"\t\t<div data-elementor-type=\"wp-page\" data-elementor-id=\"137945\" class=\"elementor elementor-137945 elementor-1533\">\n\t\t\t\t\t\t<section class=\"elementor-section elementor-top-section elementor-element elementor-element-7e40df5 elementor-section-boxed elementor-section-height-default elementor-section-height-default wpr-particle-no wpr-jarallax-no wpr-parallax-no wpr-sticky-section-no\" data-id=\"7e40df5\" data-element_type=\"section\">\n\t\t\t\t\t\t<div class=\"elementor-container elementor-column-gap-default\">\n\t\t\t\t\t<div class=\"elementor-column elementor-col-100 elementor-top-column elementor-element elementor-element-aff72c6\" data-id=\"aff72c6\" data-element_type=\"column\">\n\t\t\t<div class=\"elementor-widget-wrap elementor-element-populated\">\n\t\t\t\t\t\t<div class=\"elementor-element elementor-element-ee314ae elementor-widget elementor-widget-shortcode\" data-id=\"ee314ae\" data-element_type=\"widget\" data-widget_type=\"shortcode.default\">\n\t\t\t\t<div class=\"elementor-widget-container\">\n\t\t\t\t\t<div class=\"elementor-shortcode\">\n<div \n\tid=\"sb_youtube_sbyUCxiKFIYaCELzaYk6JIrZxRw9\" \n\t class=\"sb_youtube sby_layout_grid sby_col_3 sby_mob_col_1 sby_palette_inherit  sby_width_resp\" \n\tdata-feedid=\"sby_UCxiKFIYaCELzaYk6JIrZxRw#9\" \n\tdata-shortcode-atts=\"{&quot;feed&quot;:&quot;2&quot;}\" \n\tdata-cols=\"3\" \n\tdata-colsmobile=\"1\" \n\tdata-num=\"9\" \n\tdata-nummobile=\"9\" \n\tdata-channel-subscribers=\"247 subscribers\"\tdata-subscribe-btn=\"1\" \n\tdata-subscribe-btn-text=\"Subscribe\" \n\t data-sby-flags=\"resizeDisable\" data-postid=\"137945\" data-sby-supports-lightbox=\"1\" \n\t data-videocardlayout=\"vertical\" \n>\n\t        <div class=\"sby_items_wrap\" style=\"padding: 5px;\">\n\t\t<div class=\"sby_item  sby_new sby_transition\" id=\"sby_UCxiKFIYaCELzaYk6JIrZxRw_-as8YWHSnmk\" data-date=\"1775584311\" data-video-id=\"-as8YWHSnmk\">\n    <div class=\"sby_inner_item\">\n        <div class=\"sby_video_thumbnail_wrap sby_item_video_thumbnail_wrap\">\n            <a class=\"sby_video_thumbnail sby_item_video_thumbnail\" href=\"https:\/\/www.youtube.com\/watch?v=-as8YWHSnmk\" target=\"_blank\" rel=\"noopener\" data-full-res=\"https:\/\/i2.ytimg.com\/vi\/-as8YWHSnmk\/maxresdefault.jpg\" data-img-src-set=\"{&quot;120&quot;:&quot;https:\\\/\\\/i2.ytimg.com\\\/vi\\\/-as8YWHSnmk\\\/default.jpg&quot;,&quot;320&quot;:&quot;https:\\\/\\\/i2.ytimg.com\\\/vi\\\/-as8YWHSnmk\\\/mqdefault.jpg&quot;,&quot;480&quot;:&quot;https:\\\/\\\/i2.ytimg.com\\\/vi\\\/-as8YWHSnmk\\\/hqdefault.jpg&quot;,&quot;640&quot;:&quot;https:\\\/\\\/i2.ytimg.com\\\/vi\\\/-as8YWHSnmk\\\/sddefault.jpg&quot;}\" data-video-id=\"-as8YWHSnmk\" data-video-title=\"Fjala e U.D. Presidentes Albulena Haxhiu mbajtur n\u00eb mesh\u00ebn kushtuar Don Kelmend Spaqit\">\n                <img decoding=\"async\" src=\"https:\/\/president-ksgov.net\/wp-content\/plugins\/feeds-for-youtube\/img\/placeholder.png\" alt=\"\">\n\n                <div class=\"sby_thumbnail_hover sby_item_video_thumbnail_hover\">\n                    <div class=\"sby_thumbnail_hover_inner\">\n                                                    <span class=\"sby_video_title\" >Fjala e U.D. Presidentes Albulena Haxhiu mbajtur n\u00eb mesh\u00ebn kushtuar Don Kelmend Spaqit<\/span>\n                                            <\/div>\n                <\/div>\n\n                                    <div class=\"sby_play_btn\" >\n                        <span class=\"sby_play_btn_bg\"><\/span>\n                        <svg aria-hidden=\"true\" focusable=\"false\" data-prefix=\"fab\" data-icon=\"youtube\" role=\"img\" xmlns=\"http:\/\/www.w3.org\/2000\/svg\" viewBox=\"0 0 576 512\" class=\"svg-inline--fa fa-youtube fa-w-18\"><path fill=\"currentColor\" d=\"M549.655 124.083c-6.281-23.65-24.787-42.276-48.284-48.597C458.781 64 288 64 288 64S117.22 64 74.629 75.486c-23.497 6.322-42.003 24.947-48.284 48.597-11.412 42.867-11.412 132.305-11.412 132.305s0 89.438 11.412 132.305c6.281 23.65 24.787 41.5 48.284 47.821C117.22 448 288 448 288 448s170.78 0 213.371-11.486c23.497-6.321 42.003-24.171 48.284-47.821 11.412-42.867 11.412-132.305 11.412-132.305s0-89.438-11.412-132.305zm-317.51 213.508V175.185l142.739 81.205-142.739 81.201z\" class=\"\"><\/path><\/svg>                    <\/div>\n                                <span class=\"sby_loader sby_hidden\" style=\"background-color: rgb(255, 255, 255);\"><\/span>\n            <\/a>\n\n                    <\/div>\n    <\/div>\n<\/div><div class=\"sby_item  sby_new sby_transition\" id=\"sby_UCxiKFIYaCELzaYk6JIrZxRw_PvV7RbHJ4f8\" data-date=\"1745918472\" data-video-id=\"PvV7RbHJ4f8\">\n    <div class=\"sby_inner_item\">\n        <div class=\"sby_video_thumbnail_wrap sby_item_video_thumbnail_wrap\">\n            <a class=\"sby_video_thumbnail sby_item_video_thumbnail\" href=\"https:\/\/www.youtube.com\/watch?v=PvV7RbHJ4f8\" target=\"_blank\" rel=\"noopener\" data-full-res=\"https:\/\/i1.ytimg.com\/vi\/PvV7RbHJ4f8\/maxresdefault.jpg\" data-img-src-set=\"{&quot;120&quot;:&quot;https:\\\/\\\/i1.ytimg.com\\\/vi\\\/PvV7RbHJ4f8\\\/default.jpg&quot;,&quot;320&quot;:&quot;https:\\\/\\\/i1.ytimg.com\\\/vi\\\/PvV7RbHJ4f8\\\/mqdefault.jpg&quot;,&quot;480&quot;:&quot;https:\\\/\\\/i1.ytimg.com\\\/vi\\\/PvV7RbHJ4f8\\\/hqdefault.jpg&quot;,&quot;640&quot;:&quot;https:\\\/\\\/i1.ytimg.com\\\/vi\\\/PvV7RbHJ4f8\\\/sddefault.jpg&quot;}\" data-video-id=\"PvV7RbHJ4f8\" data-video-title=\"Presidentja Vjosa Osmani arrin n\u00eb bazilik\u00ebn \u201cSh\u00ebn Pjetri\u201d n\u00eb Vatikan\">\n                <img decoding=\"async\" src=\"https:\/\/president-ksgov.net\/wp-content\/plugins\/feeds-for-youtube\/img\/placeholder.png\" alt=\"\">\n\n                <div class=\"sby_thumbnail_hover sby_item_video_thumbnail_hover\">\n                    <div class=\"sby_thumbnail_hover_inner\">\n                                                    <span class=\"sby_video_title\" >Presidentja Vjosa Osmani arrin n\u00eb bazilik\u00ebn \u201cSh\u00ebn Pjetri\u201d n\u00eb Vatikan<\/span>\n                                            <\/div>\n                <\/div>\n\n                                    <div class=\"sby_play_btn\" >\n                        <span class=\"sby_play_btn_bg\"><\/span>\n                        <svg aria-hidden=\"true\" focusable=\"false\" data-prefix=\"fab\" data-icon=\"youtube\" role=\"img\" xmlns=\"http:\/\/www.w3.org\/2000\/svg\" viewBox=\"0 0 576 512\" class=\"svg-inline--fa fa-youtube fa-w-18\"><path fill=\"currentColor\" d=\"M549.655 124.083c-6.281-23.65-24.787-42.276-48.284-48.597C458.781 64 288 64 288 64S117.22 64 74.629 75.486c-23.497 6.322-42.003 24.947-48.284 48.597-11.412 42.867-11.412 132.305-11.412 132.305s0 89.438 11.412 132.305c6.281 23.65 24.787 41.5 48.284 47.821C117.22 448 288 448 288 448s170.78 0 213.371-11.486c23.497-6.321 42.003-24.171 48.284-47.821 11.412-42.867 11.412-132.305 11.412-132.305s0-89.438-11.412-132.305zm-317.51 213.508V175.185l142.739 81.205-142.739 81.201z\" class=\"\"><\/path><\/svg>                    <\/div>\n                                <span class=\"sby_loader sby_hidden\" style=\"background-color: rgb(255, 255, 255);\"><\/span>\n            <\/a>\n\n                    <\/div>\n    <\/div>\n<\/div><div class=\"sby_item  sby_new sby_transition\" id=\"sby_UCxiKFIYaCELzaYk6JIrZxRw_NayVNsNUreM\" data-date=\"1745918303\" data-video-id=\"NayVNsNUreM\">\n    <div class=\"sby_inner_item\">\n        <div class=\"sby_video_thumbnail_wrap sby_item_video_thumbnail_wrap\">\n            <a class=\"sby_video_thumbnail sby_item_video_thumbnail\" href=\"https:\/\/www.youtube.com\/watch?v=NayVNsNUreM\" target=\"_blank\" rel=\"noopener\" data-full-res=\"https:\/\/i3.ytimg.com\/vi\/NayVNsNUreM\/maxresdefault.jpg\" data-img-src-set=\"{&quot;120&quot;:&quot;https:\\\/\\\/i3.ytimg.com\\\/vi\\\/NayVNsNUreM\\\/default.jpg&quot;,&quot;320&quot;:&quot;https:\\\/\\\/i3.ytimg.com\\\/vi\\\/NayVNsNUreM\\\/mqdefault.jpg&quot;,&quot;480&quot;:&quot;https:\\\/\\\/i3.ytimg.com\\\/vi\\\/NayVNsNUreM\\\/hqdefault.jpg&quot;,&quot;640&quot;:&quot;https:\\\/\\\/i3.ytimg.com\\\/vi\\\/NayVNsNUreM\\\/sddefault.jpg&quot;}\" data-video-id=\"NayVNsNUreM\" data-video-title=\"Me shpirtin dhe zemr\u00ebn e Kosov\u00ebs, me m\u00ebrgat\u00ebn ton\u00eb t\u00eb jasht\u00ebzakonshme n\u00eb Finland\u00eb\">\n                <img decoding=\"async\" src=\"https:\/\/president-ksgov.net\/wp-content\/plugins\/feeds-for-youtube\/img\/placeholder.png\" alt=\"\">\n\n                <div class=\"sby_thumbnail_hover sby_item_video_thumbnail_hover\">\n                    <div class=\"sby_thumbnail_hover_inner\">\n                                                    <span class=\"sby_video_title\" >Me shpirtin dhe zemr\u00ebn e Kosov\u00ebs, me m\u00ebrgat\u00ebn ton\u00eb t\u00eb jasht\u00ebzakonshme n\u00eb Finland\u00eb<\/span>\n                                            <\/div>\n                <\/div>\n\n                                    <div class=\"sby_play_btn\" >\n                        <span class=\"sby_play_btn_bg\"><\/span>\n                        <svg aria-hidden=\"true\" focusable=\"false\" data-prefix=\"fab\" data-icon=\"youtube\" role=\"img\" xmlns=\"http:\/\/www.w3.org\/2000\/svg\" viewBox=\"0 0 576 512\" class=\"svg-inline--fa fa-youtube fa-w-18\"><path fill=\"currentColor\" d=\"M549.655 124.083c-6.281-23.65-24.787-42.276-48.284-48.597C458.781 64 288 64 288 64S117.22 64 74.629 75.486c-23.497 6.322-42.003 24.947-48.284 48.597-11.412 42.867-11.412 132.305-11.412 132.305s0 89.438 11.412 132.305c6.281 23.65 24.787 41.5 48.284 47.821C117.22 448 288 448 288 448s170.78 0 213.371-11.486c23.497-6.321 42.003-24.171 48.284-47.821 11.412-42.867 11.412-132.305 11.412-132.305s0-89.438-11.412-132.305zm-317.51 213.508V175.185l142.739 81.205-142.739 81.201z\" class=\"\"><\/path><\/svg>                    <\/div>\n                                <span class=\"sby_loader sby_hidden\" style=\"background-color: rgb(255, 255, 255);\"><\/span>\n            <\/a>\n\n                    <\/div>\n    <\/div>\n<\/div><div class=\"sby_item  sby_new sby_transition\" id=\"sby_UCxiKFIYaCELzaYk6JIrZxRw_kn2OU37rIbk\" data-date=\"1745918234\" data-video-id=\"kn2OU37rIbk\">\n    <div class=\"sby_inner_item\">\n        <div class=\"sby_video_thumbnail_wrap sby_item_video_thumbnail_wrap\">\n            <a class=\"sby_video_thumbnail sby_item_video_thumbnail\" href=\"https:\/\/www.youtube.com\/watch?v=kn2OU37rIbk\" target=\"_blank\" rel=\"noopener\" data-full-res=\"https:\/\/i4.ytimg.com\/vi\/kn2OU37rIbk\/maxresdefault.jpg\" data-img-src-set=\"{&quot;120&quot;:&quot;https:\\\/\\\/i4.ytimg.com\\\/vi\\\/kn2OU37rIbk\\\/default.jpg&quot;,&quot;320&quot;:&quot;https:\\\/\\\/i4.ytimg.com\\\/vi\\\/kn2OU37rIbk\\\/mqdefault.jpg&quot;,&quot;480&quot;:&quot;https:\\\/\\\/i4.ytimg.com\\\/vi\\\/kn2OU37rIbk\\\/hqdefault.jpg&quot;,&quot;640&quot;:&quot;https:\\\/\\\/i4.ytimg.com\\\/vi\\\/kn2OU37rIbk\\\/sddefault.jpg&quot;}\" data-video-id=\"kn2OU37rIbk\" data-video-title=\"Pritja n\u00eb Pallatin Presidencial n\u00eb Helsinki nga Presidenti finlandez Alexander Stubb\">\n                <img decoding=\"async\" src=\"https:\/\/president-ksgov.net\/wp-content\/plugins\/feeds-for-youtube\/img\/placeholder.png\" alt=\"\">\n\n                <div class=\"sby_thumbnail_hover sby_item_video_thumbnail_hover\">\n                    <div class=\"sby_thumbnail_hover_inner\">\n                                                    <span class=\"sby_video_title\" >Pritja n\u00eb Pallatin Presidencial n\u00eb Helsinki nga Presidenti finlandez Alexander Stubb<\/span>\n                                            <\/div>\n                <\/div>\n\n                                    <div class=\"sby_play_btn\" >\n                        <span class=\"sby_play_btn_bg\"><\/span>\n                        <svg aria-hidden=\"true\" focusable=\"false\" data-prefix=\"fab\" data-icon=\"youtube\" role=\"img\" xmlns=\"http:\/\/www.w3.org\/2000\/svg\" viewBox=\"0 0 576 512\" class=\"svg-inline--fa fa-youtube fa-w-18\"><path fill=\"currentColor\" d=\"M549.655 124.083c-6.281-23.65-24.787-42.276-48.284-48.597C458.781 64 288 64 288 64S117.22 64 74.629 75.486c-23.497 6.322-42.003 24.947-48.284 48.597-11.412 42.867-11.412 132.305-11.412 132.305s0 89.438 11.412 132.305c6.281 23.65 24.787 41.5 48.284 47.821C117.22 448 288 448 288 448s170.78 0 213.371-11.486c23.497-6.321 42.003-24.171 48.284-47.821 11.412-42.867 11.412-132.305 11.412-132.305s0-89.438-11.412-132.305zm-317.51 213.508V175.185l142.739 81.205-142.739 81.201z\" class=\"\"><\/path><\/svg>                    <\/div>\n                                <span class=\"sby_loader sby_hidden\" style=\"background-color: rgb(255, 255, 255);\"><\/span>\n            <\/a>\n\n                    <\/div>\n    <\/div>\n<\/div><div class=\"sby_item  sby_new sby_transition\" id=\"sby_UCxiKFIYaCELzaYk6JIrZxRw_onRX6P9axg8\" data-date=\"1745918193\" data-video-id=\"onRX6P9axg8\">\n    <div class=\"sby_inner_item\">\n        <div class=\"sby_video_thumbnail_wrap sby_item_video_thumbnail_wrap\">\n            <a class=\"sby_video_thumbnail sby_item_video_thumbnail\" href=\"https:\/\/www.youtube.com\/watch?v=onRX6P9axg8\" target=\"_blank\" rel=\"noopener\" data-full-res=\"https:\/\/i4.ytimg.com\/vi\/onRX6P9axg8\/maxresdefault.jpg\" data-img-src-set=\"{&quot;120&quot;:&quot;https:\\\/\\\/i4.ytimg.com\\\/vi\\\/onRX6P9axg8\\\/default.jpg&quot;,&quot;320&quot;:&quot;https:\\\/\\\/i4.ytimg.com\\\/vi\\\/onRX6P9axg8\\\/mqdefault.jpg&quot;,&quot;480&quot;:&quot;https:\\\/\\\/i4.ytimg.com\\\/vi\\\/onRX6P9axg8\\\/hqdefault.jpg&quot;,&quot;640&quot;:&quot;https:\\\/\\\/i4.ytimg.com\\\/vi\\\/onRX6P9axg8\\\/sddefault.jpg&quot;}\" data-video-id=\"onRX6P9axg8\" data-video-title=\"N\u00eb Helsinki, n\u00eb varrezat Hietaniemi, nderuam ata q\u00eb luftuan p\u00ebr lirin\u00eb e Finland\u00ebs me nder\">\n                <img decoding=\"async\" src=\"https:\/\/president-ksgov.net\/wp-content\/plugins\/feeds-for-youtube\/img\/placeholder.png\" alt=\"\">\n\n                <div class=\"sby_thumbnail_hover sby_item_video_thumbnail_hover\">\n                    <div class=\"sby_thumbnail_hover_inner\">\n                                                    <span class=\"sby_video_title\" >N\u00eb Helsinki, n\u00eb varrezat Hietaniemi, nderuam ata q\u00eb luftuan p\u00ebr lirin\u00eb e Finland\u00ebs me nder<\/span>\n                                            <\/div>\n                <\/div>\n\n                                    <div class=\"sby_play_btn\" >\n                        <span class=\"sby_play_btn_bg\"><\/span>\n                        <svg aria-hidden=\"true\" focusable=\"false\" data-prefix=\"fab\" data-icon=\"youtube\" role=\"img\" xmlns=\"http:\/\/www.w3.org\/2000\/svg\" viewBox=\"0 0 576 512\" class=\"svg-inline--fa fa-youtube fa-w-18\"><path fill=\"currentColor\" d=\"M549.655 124.083c-6.281-23.65-24.787-42.276-48.284-48.597C458.781 64 288 64 288 64S117.22 64 74.629 75.486c-23.497 6.322-42.003 24.947-48.284 48.597-11.412 42.867-11.412 132.305-11.412 132.305s0 89.438 11.412 132.305c6.281 23.65 24.787 41.5 48.284 47.821C117.22 448 288 448 288 448s170.78 0 213.371-11.486c23.497-6.321 42.003-24.171 48.284-47.821 11.412-42.867 11.412-132.305 11.412-132.305s0-89.438-11.412-132.305zm-317.51 213.508V175.185l142.739 81.205-142.739 81.201z\" class=\"\"><\/path><\/svg>                    <\/div>\n                                <span class=\"sby_loader sby_hidden\" style=\"background-color: rgb(255, 255, 255);\"><\/span>\n            <\/a>\n\n                    <\/div>\n    <\/div>\n<\/div><div class=\"sby_item  sby_new sby_transition\" id=\"sby_UCxiKFIYaCELzaYk6JIrZxRw_nWBA4Ra3fA8\" data-date=\"1745918152\" data-video-id=\"nWBA4Ra3fA8\">\n    <div class=\"sby_inner_item\">\n        <div class=\"sby_video_thumbnail_wrap sby_item_video_thumbnail_wrap\">\n            <a class=\"sby_video_thumbnail sby_item_video_thumbnail\" href=\"https:\/\/www.youtube.com\/watch?v=nWBA4Ra3fA8\" target=\"_blank\" rel=\"noopener\" data-full-res=\"https:\/\/i3.ytimg.com\/vi\/nWBA4Ra3fA8\/maxresdefault.jpg\" data-img-src-set=\"{&quot;120&quot;:&quot;https:\\\/\\\/i3.ytimg.com\\\/vi\\\/nWBA4Ra3fA8\\\/default.jpg&quot;,&quot;320&quot;:&quot;https:\\\/\\\/i3.ytimg.com\\\/vi\\\/nWBA4Ra3fA8\\\/mqdefault.jpg&quot;,&quot;480&quot;:&quot;https:\\\/\\\/i3.ytimg.com\\\/vi\\\/nWBA4Ra3fA8\\\/hqdefault.jpg&quot;,&quot;640&quot;:&quot;https:\\\/\\\/i3.ytimg.com\\\/vi\\\/nWBA4Ra3fA8\\\/sddefault.jpg&quot;}\" data-video-id=\"nWBA4Ra3fA8\" data-video-title=\"Sot n\u00eb Makoc, n\u00eb vendin ku dhimbja e prillit \u201899 ende \u00ebsht\u00eb e fresk\u00ebt.\">\n                <img decoding=\"async\" src=\"https:\/\/president-ksgov.net\/wp-content\/plugins\/feeds-for-youtube\/img\/placeholder.png\" alt=\"Sot n\u00eb Makoc, n\u00eb vendin ku dhimbja e prillit \u201899 ende \u00ebsht\u00eb e fresk\u00ebt. \n115 jet\u00eb u mor\u00ebn mizorisht \u2013 vet\u00ebm pse ishin shqiptar\u00eb, vet\u00ebm pse donin lirin\u00eb\">\n\n                <div class=\"sby_thumbnail_hover sby_item_video_thumbnail_hover\">\n                    <div class=\"sby_thumbnail_hover_inner\">\n                                                    <span class=\"sby_video_title\" >Sot n\u00eb Makoc, n\u00eb vendin ku dhimbja e prillit \u201899 ende \u00ebsht\u00eb e fresk\u00ebt.<\/span>\n                                            <\/div>\n                <\/div>\n\n                                    <div class=\"sby_play_btn\" >\n                        <span class=\"sby_play_btn_bg\"><\/span>\n                        <svg aria-hidden=\"true\" focusable=\"false\" data-prefix=\"fab\" data-icon=\"youtube\" role=\"img\" xmlns=\"http:\/\/www.w3.org\/2000\/svg\" viewBox=\"0 0 576 512\" class=\"svg-inline--fa fa-youtube fa-w-18\"><path fill=\"currentColor\" d=\"M549.655 124.083c-6.281-23.65-24.787-42.276-48.284-48.597C458.781 64 288 64 288 64S117.22 64 74.629 75.486c-23.497 6.322-42.003 24.947-48.284 48.597-11.412 42.867-11.412 132.305-11.412 132.305s0 89.438 11.412 132.305c6.281 23.65 24.787 41.5 48.284 47.821C117.22 448 288 448 288 448s170.78 0 213.371-11.486c23.497-6.321 42.003-24.171 48.284-47.821 11.412-42.867 11.412-132.305 11.412-132.305s0-89.438-11.412-132.305zm-317.51 213.508V175.185l142.739 81.205-142.739 81.201z\" class=\"\"><\/path><\/svg>                    <\/div>\n                                <span class=\"sby_loader sby_hidden\" style=\"background-color: rgb(255, 255, 255);\"><\/span>\n            <\/a>\n\n                    <\/div>\n    <\/div>\n<\/div><div class=\"sby_item  sby_new sby_transition\" id=\"sby_UCxiKFIYaCELzaYk6JIrZxRw_A8oG0-kLZ1k\" data-date=\"1745917839\" data-video-id=\"A8oG0-kLZ1k\">\n    <div class=\"sby_inner_item\">\n        <div class=\"sby_video_thumbnail_wrap sby_item_video_thumbnail_wrap\">\n            <a class=\"sby_video_thumbnail sby_item_video_thumbnail\" href=\"https:\/\/www.youtube.com\/watch?v=A8oG0-kLZ1k\" target=\"_blank\" rel=\"noopener\" data-full-res=\"https:\/\/i2.ytimg.com\/vi\/A8oG0-kLZ1k\/maxresdefault.jpg\" data-img-src-set=\"{&quot;120&quot;:&quot;https:\\\/\\\/i2.ytimg.com\\\/vi\\\/A8oG0-kLZ1k\\\/default.jpg&quot;,&quot;320&quot;:&quot;https:\\\/\\\/i2.ytimg.com\\\/vi\\\/A8oG0-kLZ1k\\\/mqdefault.jpg&quot;,&quot;480&quot;:&quot;https:\\\/\\\/i2.ytimg.com\\\/vi\\\/A8oG0-kLZ1k\\\/hqdefault.jpg&quot;,&quot;640&quot;:&quot;https:\\\/\\\/i2.ytimg.com\\\/vi\\\/A8oG0-kLZ1k\\\/sddefault.jpg&quot;}\" data-video-id=\"A8oG0-kLZ1k\" data-video-title=\"Nga ceremonia e dekorimit t\u00eb Vasfijes, Shyretes e Ramadan Nishorit me titullin \u201cNderi i Republik\u00ebs\u201d\">\n                <img decoding=\"async\" src=\"https:\/\/president-ksgov.net\/wp-content\/plugins\/feeds-for-youtube\/img\/placeholder.png\" alt=\"\">\n\n                <div class=\"sby_thumbnail_hover sby_item_video_thumbnail_hover\">\n                    <div class=\"sby_thumbnail_hover_inner\">\n                                                    <span class=\"sby_video_title\" >Nga ceremonia e dekorimit t\u00eb Vasfijes, Shyretes e Ramadan Nishorit me titullin \u201cNderi i Republik\u00ebs\u201d<\/span>\n                                            <\/div>\n                <\/div>\n\n                                    <div class=\"sby_play_btn\" >\n                        <span class=\"sby_play_btn_bg\"><\/span>\n                        <svg aria-hidden=\"true\" focusable=\"false\" data-prefix=\"fab\" data-icon=\"youtube\" role=\"img\" xmlns=\"http:\/\/www.w3.org\/2000\/svg\" viewBox=\"0 0 576 512\" class=\"svg-inline--fa fa-youtube fa-w-18\"><path fill=\"currentColor\" d=\"M549.655 124.083c-6.281-23.65-24.787-42.276-48.284-48.597C458.781 64 288 64 288 64S117.22 64 74.629 75.486c-23.497 6.322-42.003 24.947-48.284 48.597-11.412 42.867-11.412 132.305-11.412 132.305s0 89.438 11.412 132.305c6.281 23.65 24.787 41.5 48.284 47.821C117.22 448 288 448 288 448s170.78 0 213.371-11.486c23.497-6.321 42.003-24.171 48.284-47.821 11.412-42.867 11.412-132.305 11.412-132.305s0-89.438-11.412-132.305zm-317.51 213.508V175.185l142.739 81.205-142.739 81.201z\" class=\"\"><\/path><\/svg>                    <\/div>\n                                <span class=\"sby_loader sby_hidden\" style=\"background-color: rgb(255, 255, 255);\"><\/span>\n            <\/a>\n\n                    <\/div>\n    <\/div>\n<\/div><div class=\"sby_item  sby_new sby_transition\" id=\"sby_UCxiKFIYaCELzaYk6JIrZxRw_pPE6KSGwcM0\" data-date=\"1745917809\" data-video-id=\"pPE6KSGwcM0\">\n    <div class=\"sby_inner_item\">\n        <div class=\"sby_video_thumbnail_wrap sby_item_video_thumbnail_wrap\">\n            <a class=\"sby_video_thumbnail sby_item_video_thumbnail\" href=\"https:\/\/www.youtube.com\/watch?v=pPE6KSGwcM0\" target=\"_blank\" rel=\"noopener\" data-full-res=\"https:\/\/i1.ytimg.com\/vi\/pPE6KSGwcM0\/maxresdefault.jpg\" data-img-src-set=\"{&quot;120&quot;:&quot;https:\\\/\\\/i1.ytimg.com\\\/vi\\\/pPE6KSGwcM0\\\/default.jpg&quot;,&quot;320&quot;:&quot;https:\\\/\\\/i1.ytimg.com\\\/vi\\\/pPE6KSGwcM0\\\/mqdefault.jpg&quot;,&quot;480&quot;:&quot;https:\\\/\\\/i1.ytimg.com\\\/vi\\\/pPE6KSGwcM0\\\/hqdefault.jpg&quot;,&quot;640&quot;:&quot;https:\\\/\\\/i1.ytimg.com\\\/vi\\\/pPE6KSGwcM0\\\/sddefault.jpg&quot;}\" data-video-id=\"pPE6KSGwcM0\" data-video-title=\"N\u00eb Dit\u00ebn e Vajzave n\u00eb TIK, vler\u00ebsojm\u00eb talentin dhe rolin e tyre n\u00eb t\u00eb ardhmen digjitale\">\n                <img decoding=\"async\" src=\"https:\/\/president-ksgov.net\/wp-content\/plugins\/feeds-for-youtube\/img\/placeholder.png\" alt=\"N\u00eb Dit\u00ebn e Vajzave n\u00eb ICT, vler\u00ebsojm\u00eb guximin, talentin dhe idet\u00eb kreative t\u00eb vajzave q\u00eb po nd\u00ebrtojn\u00eb t\u00eb ardhmen digjitale. Ato jan\u00eb fuqia q\u00eb i jep form\u00eb nj\u00eb shoq\u00ebrie m\u00eb gjith\u00ebp\u00ebrfshir\u00ebse, m\u00eb t\u00eb fort\u00eb dhe m\u00eb t\u00eb hapur drejt s\u00eb ardhmes.\n\nN\u00eb Kosov\u00eb dhe kudo n\u00eb bot\u00eb, mbetemi t\u00eb p\u00ebrkushtuar q\u00eb \u00e7do vajz\u00eb t\u00eb ket\u00eb mund\u00ebsin\u00eb t\u00eb m\u00ebsoj\u00eb, t\u00eb udh\u00ebheq\u00eb dhe t\u00eb shk\u00eblqej\u00eb n\u00eb bot\u00ebn e teknologjis\u00eb\">\n\n                <div class=\"sby_thumbnail_hover sby_item_video_thumbnail_hover\">\n                    <div class=\"sby_thumbnail_hover_inner\">\n                                                    <span class=\"sby_video_title\" >N\u00eb Dit\u00ebn e Vajzave n\u00eb TIK, vler\u00ebsojm\u00eb talentin dhe rolin e tyre n\u00eb t\u00eb ardhmen digjitale<\/span>\n                                            <\/div>\n                <\/div>\n\n                                    <div class=\"sby_play_btn\" >\n                        <span class=\"sby_play_btn_bg\"><\/span>\n                        <svg aria-hidden=\"true\" focusable=\"false\" data-prefix=\"fab\" data-icon=\"youtube\" role=\"img\" xmlns=\"http:\/\/www.w3.org\/2000\/svg\" viewBox=\"0 0 576 512\" class=\"svg-inline--fa fa-youtube fa-w-18\"><path fill=\"currentColor\" d=\"M549.655 124.083c-6.281-23.65-24.787-42.276-48.284-48.597C458.781 64 288 64 288 64S117.22 64 74.629 75.486c-23.497 6.322-42.003 24.947-48.284 48.597-11.412 42.867-11.412 132.305-11.412 132.305s0 89.438 11.412 132.305c6.281 23.65 24.787 41.5 48.284 47.821C117.22 448 288 448 288 448s170.78 0 213.371-11.486c23.497-6.321 42.003-24.171 48.284-47.821 11.412-42.867 11.412-132.305 11.412-132.305s0-89.438-11.412-132.305zm-317.51 213.508V175.185l142.739 81.205-142.739 81.201z\" class=\"\"><\/path><\/svg>                    <\/div>\n                                <span class=\"sby_loader sby_hidden\" style=\"background-color: rgb(255, 255, 255);\"><\/span>\n            <\/a>\n\n                    <\/div>\n    <\/div>\n<\/div><div class=\"sby_item  sby_new sby_transition\" id=\"sby_UCxiKFIYaCELzaYk6JIrZxRw_ro1tj7kMjoY\" data-date=\"1745917721\" data-video-id=\"ro1tj7kMjoY\">\n    <div class=\"sby_inner_item\">\n        <div class=\"sby_video_thumbnail_wrap sby_item_video_thumbnail_wrap\">\n            <a class=\"sby_video_thumbnail sby_item_video_thumbnail\" href=\"https:\/\/www.youtube.com\/watch?v=ro1tj7kMjoY\" target=\"_blank\" rel=\"noopener\" data-full-res=\"https:\/\/i3.ytimg.com\/vi\/ro1tj7kMjoY\/maxresdefault.jpg\" data-img-src-set=\"{&quot;120&quot;:&quot;https:\\\/\\\/i3.ytimg.com\\\/vi\\\/ro1tj7kMjoY\\\/default.jpg&quot;,&quot;320&quot;:&quot;https:\\\/\\\/i3.ytimg.com\\\/vi\\\/ro1tj7kMjoY\\\/mqdefault.jpg&quot;,&quot;480&quot;:&quot;https:\\\/\\\/i3.ytimg.com\\\/vi\\\/ro1tj7kMjoY\\\/hqdefault.jpg&quot;,&quot;640&quot;:&quot;https:\\\/\\\/i3.ytimg.com\\\/vi\\\/ro1tj7kMjoY\\\/sddefault.jpg&quot;}\" data-video-id=\"ro1tj7kMjoY\" data-video-title=\"Fjalimi i Presidentes n\u00eb ceremonin\u00eb e dekorimit t\u00eb t\u00eb mbijetuarve t\u00eb dhun\u00ebs seksuale gjat\u00eb luft\u00ebs\">\n                <img decoding=\"async\" src=\"https:\/\/president-ksgov.net\/wp-content\/plugins\/feeds-for-youtube\/img\/placeholder.png\" alt=\"\">\n\n                <div class=\"sby_thumbnail_hover sby_item_video_thumbnail_hover\">\n                    <div class=\"sby_thumbnail_hover_inner\">\n                                                    <span class=\"sby_video_title\" >Fjalimi i Presidentes n\u00eb ceremonin\u00eb e dekorimit t\u00eb t\u00eb mbijetuarve t\u00eb dhun\u00ebs seksuale gjat\u00eb luft\u00ebs<\/span>\n                                            <\/div>\n                <\/div>\n\n                                    <div class=\"sby_play_btn\" >\n                        <span class=\"sby_play_btn_bg\"><\/span>\n                        <svg aria-hidden=\"true\" focusable=\"false\" data-prefix=\"fab\" data-icon=\"youtube\" role=\"img\" xmlns=\"http:\/\/www.w3.org\/2000\/svg\" viewBox=\"0 0 576 512\" class=\"svg-inline--fa fa-youtube fa-w-18\"><path fill=\"currentColor\" d=\"M549.655 124.083c-6.281-23.65-24.787-42.276-48.284-48.597C458.781 64 288 64 288 64S117.22 64 74.629 75.486c-23.497 6.322-42.003 24.947-48.284 48.597-11.412 42.867-11.412 132.305-11.412 132.305s0 89.438 11.412 132.305c6.281 23.65 24.787 41.5 48.284 47.821C117.22 448 288 448 288 448s170.78 0 213.371-11.486c23.497-6.321 42.003-24.171 48.284-47.821 11.412-42.867 11.412-132.305 11.412-132.305s0-89.438-11.412-132.305zm-317.51 213.508V175.185l142.739 81.205-142.739 81.201z\" class=\"\"><\/path><\/svg>                    <\/div>\n                                <span class=\"sby_loader sby_hidden\" style=\"background-color: rgb(255, 255, 255);\"><\/span>\n            <\/a>\n\n                    <\/div>\n    <\/div>\n<\/div>    <\/div>\n    \n\t<div class=\"sby_footer\">\n\n    <a class=\"sby_load_btn\" href=\"javascript:void(0);\"  >\n        <span class=\"sby_btn_text\" >Charger plus\u2026<\/span>\n        <span class=\"sby_loader sby_hidden\" style=\"background-color: rgb(255, 255, 255);\"><\/span>\n    <\/a>\n\n    <span \n        class=\"sby_follow_btn\" \n            >\n        <a \n            href=\"https:\/\/www.youtube.com\/channel\/UCxiKFIYaCELzaYk6JIrZxRw\/\"\n             \n            target=\"_blank\" \n            rel=\"noopener\"\n        >\n            <svg aria-hidden=\"true\" focusable=\"false\" data-prefix=\"fab\" data-icon=\"youtube\" role=\"img\" xmlns=\"http:\/\/www.w3.org\/2000\/svg\" viewBox=\"0 0 576 512\" class=\"svg-inline--fa fa-youtube fa-w-18\"><path fill=\"currentColor\" d=\"M549.655 124.083c-6.281-23.65-24.787-42.276-48.284-48.597C458.781 64 288 64 288 64S117.22 64 74.629 75.486c-23.497 6.322-42.003 24.947-48.284 48.597-11.412 42.867-11.412 132.305-11.412 132.305s0 89.438 11.412 132.305c6.281 23.65 24.787 41.5 48.284 47.821C117.22 448 288 448 288 448s170.78 0 213.371-11.486c23.497-6.321 42.003-24.171 48.284-47.821 11.412-42.867 11.412-132.305 11.412-132.305s0-89.438-11.412-132.305zm-317.51 213.508V175.185l142.739 81.205-142.739 81.201z\" class=\"\"><\/path><\/svg>            <span  >\n                Subscribe            <\/span>\n        <\/a>\n    <\/span>\n<\/div>\n    \n\t\n<\/div>\n\n<style type=\"text\/css\">#sb_youtube_sbyUCxiKFIYaCELzaYk6JIrZxRw9 .sby_caption_wrap .sby_caption { font-size: 13px !important}#sb_youtube_sbyUCxiKFIYaCELzaYk6JIrZxRw9 .sby_follow_btn a:hover { box-shadow:inset 0 0 10px 20px rgb(255, 255, 255, .25) !important}#sb_youtube_sbyUCxiKFIYaCELzaYk6JIrZxRw9[data-videostyle=boxed] .sby_items_wrap .sby_item .sby_inner_item { background-color: #ffffff !important}<\/style><\/div>\n\t\t\t\t<\/div>\n\t\t\t\t<\/div>\n\t\t\t\t\t<\/div>\n\t\t<\/div>\n\t\t\t\t\t<\/div>\n\t\t<\/section>\n\t\t\t\t<\/div>\n\t\t","protected":false},"excerpt":{"rendered":"","protected":false},"author":1,"featured_media":86338,"parent":0,"menu_order":0,"comment_status":"closed","ping_status":"closed","template":"","meta":{"_eb_attr":"","footnotes":""},"class_list":["post-137945","page","type-page","status-publish","has-post-thumbnail","hentry"],"yoast_head":"<!-- This site is optimized with the Yoast SEO plugin v23.5 - https:\/\/yoast.com\/wordpress\/plugins\/seo\/ -->\n<title>Galerie vid\u00e9o - Presidente e Republik\u00ebs s\u00eb Kosov\u00ebs<\/title>\n<meta name=\"description\" content=\"Galerie vid\u00e9o - Presidente e Republik\u00ebs s\u00eb Kosov\u00ebs -\" \/>\n<meta name=\"robots\" content=\"index, follow, max-snippet:-1, max-image-preview:large, max-video-preview:-1\" \/>\n<link rel=\"canonical\" href=\"https:\/\/president-ksgov.net\/fr\/galerie-video\/\" \/>\n<meta property=\"og:locale\" content=\"fr_FR\" \/>\n<meta property=\"og:type\" content=\"article\" \/>\n<meta property=\"og:title\" content=\"Galerie vid\u00e9o - Presidente e Republik\u00ebs s\u00eb Kosov\u00ebs\" \/>\n<meta property=\"og:description\" content=\"Galerie vid\u00e9o - Presidente e Republik\u00ebs s\u00eb Kosov\u00ebs -\" \/>\n<meta property=\"og:url\" content=\"https:\/\/president-ksgov.net\/fr\/galerie-video\/\" \/>\n<meta property=\"og:site_name\" content=\"Presidente e Republik\u00ebs s\u00eb Kosov\u00ebs\" \/>\n<meta property=\"article:modified_time\" content=\"2024-07-01T07:58:05+00:00\" \/>\n<meta property=\"og:image\" content=\"https:\/\/president-ksgov.net\/wp-content\/uploads\/Zyra-e-Presidentes-Featured-Image1-e1678970937938.png\" \/>\n\t<meta property=\"og:image:width\" content=\"1024\" \/>\n\t<meta property=\"og:image:height\" content=\"716\" \/>\n\t<meta property=\"og:image:type\" content=\"image\/png\" \/>\n<meta name=\"twitter:card\" content=\"summary_large_image\" \/>\n<script type=\"application\/ld+json\" class=\"yoast-schema-graph\">{\"@context\":\"https:\/\/schema.org\",\"@graph\":[{\"@type\":\"WebPage\",\"@id\":\"https:\/\/president-ksgov.net\/fr\/galerie-video\/\",\"url\":\"https:\/\/president-ksgov.net\/fr\/galerie-video\/\",\"name\":\"Galerie vid\u00e9o - Presidente e Republik\u00ebs s\u00eb Kosov\u00ebs\",\"isPartOf\":{\"@id\":\"https:\/\/president-ksgov.net\/#website\"},\"primaryImageOfPage\":{\"@id\":\"https:\/\/president-ksgov.net\/fr\/galerie-video\/#primaryimage\"},\"image\":{\"@id\":\"https:\/\/president-ksgov.net\/fr\/galerie-video\/#primaryimage\"},\"thumbnailUrl\":\"https:\/\/president-ksgov.net\/wp-content\/uploads\/Zyra-e-Presidentes-Featured-Image1-e1678970937938.png\",\"datePublished\":\"2023-02-02T13:55:01+00:00\",\"dateModified\":\"2024-07-01T07:58:05+00:00\",\"description\":\"Galerie vid\u00e9o - Presidente e Republik\u00ebs s\u00eb Kosov\u00ebs -\",\"breadcrumb\":{\"@id\":\"https:\/\/president-ksgov.net\/fr\/galerie-video\/#breadcrumb\"},\"inLanguage\":\"fr-FR\",\"potentialAction\":[{\"@type\":\"ReadAction\",\"target\":[\"https:\/\/president-ksgov.net\/fr\/galerie-video\/\"]}]},{\"@type\":\"ImageObject\",\"inLanguage\":\"fr-FR\",\"@id\":\"https:\/\/president-ksgov.net\/fr\/galerie-video\/#primaryimage\",\"url\":\"https:\/\/president-ksgov.net\/wp-content\/uploads\/Zyra-e-Presidentes-Featured-Image1-e1678970937938.png\",\"contentUrl\":\"https:\/\/president-ksgov.net\/wp-content\/uploads\/Zyra-e-Presidentes-Featured-Image1-e1678970937938.png\",\"width\":1024,\"height\":716},{\"@type\":\"BreadcrumbList\",\"@id\":\"https:\/\/president-ksgov.net\/fr\/galerie-video\/#breadcrumb\",\"itemListElement\":[{\"@type\":\"ListItem\",\"position\":1,\"name\":\"Home\",\"item\":\"https:\/\/president-ksgov.net\/fr\/\"},{\"@type\":\"ListItem\",\"position\":2,\"name\":\"Galerie vid\u00e9o\"}]},{\"@type\":\"WebSite\",\"@id\":\"https:\/\/president-ksgov.net\/#website\",\"url\":\"https:\/\/president-ksgov.net\/\",\"name\":\"Presidente e Republik\u00ebs s\u00eb Kosov\u00ebs\",\"description\":\"Presidente e Republik\u00ebs s\u00eb Kosov\u00ebs\",\"alternateName\":\"DR. VJOSA OSMANI - SADRIU\",\"potentialAction\":[{\"@type\":\"SearchAction\",\"target\":{\"@type\":\"EntryPoint\",\"urlTemplate\":\"https:\/\/president-ksgov.net\/?s={search_term_string}\"},\"query-input\":{\"@type\":\"PropertyValueSpecification\",\"valueRequired\":true,\"valueName\":\"search_term_string\"}}],\"inLanguage\":\"fr-FR\"}]}<\/script>\n<!-- \/ Yoast SEO plugin. -->","yoast_head_json":{"title":"Galerie vid\u00e9o - Presidente e Republik\u00ebs s\u00eb Kosov\u00ebs","description":"Galerie vid\u00e9o - Presidente e Republik\u00ebs s\u00eb Kosov\u00ebs -","robots":{"index":"index","follow":"follow","max-snippet":"max-snippet:-1","max-image-preview":"max-image-preview:large","max-video-preview":"max-video-preview:-1"},"canonical":"https:\/\/president-ksgov.net\/fr\/galerie-video\/","og_locale":"fr_FR","og_type":"article","og_title":"Galerie vid\u00e9o - Presidente e Republik\u00ebs s\u00eb Kosov\u00ebs","og_description":"Galerie vid\u00e9o - Presidente e Republik\u00ebs s\u00eb Kosov\u00ebs -","og_url":"https:\/\/president-ksgov.net\/fr\/galerie-video\/","og_site_name":"Presidente e Republik\u00ebs s\u00eb Kosov\u00ebs","article_modified_time":"2024-07-01T07:58:05+00:00","og_image":[{"width":1024,"height":716,"url":"https:\/\/president-ksgov.net\/wp-content\/uploads\/Zyra-e-Presidentes-Featured-Image1-e1678970937938.png","type":"image\/png"}],"twitter_card":"summary_large_image","schema":{"@context":"https:\/\/schema.org","@graph":[{"@type":"WebPage","@id":"https:\/\/president-ksgov.net\/fr\/galerie-video\/","url":"https:\/\/president-ksgov.net\/fr\/galerie-video\/","name":"Galerie vid\u00e9o - Presidente e Republik\u00ebs s\u00eb Kosov\u00ebs","isPartOf":{"@id":"https:\/\/president-ksgov.net\/#website"},"primaryImageOfPage":{"@id":"https:\/\/president-ksgov.net\/fr\/galerie-video\/#primaryimage"},"image":{"@id":"https:\/\/president-ksgov.net\/fr\/galerie-video\/#primaryimage"},"thumbnailUrl":"https:\/\/president-ksgov.net\/wp-content\/uploads\/Zyra-e-Presidentes-Featured-Image1-e1678970937938.png","datePublished":"2023-02-02T13:55:01+00:00","dateModified":"2024-07-01T07:58:05+00:00","description":"Galerie vid\u00e9o - Presidente e Republik\u00ebs s\u00eb Kosov\u00ebs -","breadcrumb":{"@id":"https:\/\/president-ksgov.net\/fr\/galerie-video\/#breadcrumb"},"inLanguage":"fr-FR","potentialAction":[{"@type":"ReadAction","target":["https:\/\/president-ksgov.net\/fr\/galerie-video\/"]}]},{"@type":"ImageObject","inLanguage":"fr-FR","@id":"https:\/\/president-ksgov.net\/fr\/galerie-video\/#primaryimage","url":"https:\/\/president-ksgov.net\/wp-content\/uploads\/Zyra-e-Presidentes-Featured-Image1-e1678970937938.png","contentUrl":"https:\/\/president-ksgov.net\/wp-content\/uploads\/Zyra-e-Presidentes-Featured-Image1-e1678970937938.png","width":1024,"height":716},{"@type":"BreadcrumbList","@id":"https:\/\/president-ksgov.net\/fr\/galerie-video\/#breadcrumb","itemListElement":[{"@type":"ListItem","position":1,"name":"Home","item":"https:\/\/president-ksgov.net\/fr\/"},{"@type":"ListItem","position":2,"name":"Galerie vid\u00e9o"}]},{"@type":"WebSite","@id":"https:\/\/president-ksgov.net\/#website","url":"https:\/\/president-ksgov.net\/","name":"Presidente e Republik\u00ebs s\u00eb Kosov\u00ebs","description":"Presidente e Republik\u00ebs s\u00eb Kosov\u00ebs","alternateName":"DR. VJOSA OSMANI - SADRIU","potentialAction":[{"@type":"SearchAction","target":{"@type":"EntryPoint","urlTemplate":"https:\/\/president-ksgov.net\/?s={search_term_string}"},"query-input":{"@type":"PropertyValueSpecification","valueRequired":true,"valueName":"search_term_string"}}],"inLanguage":"fr-FR"}]}},"_links":{"self":[{"href":"https:\/\/president-ksgov.net\/fr\/wp-json\/wp\/v2\/pages\/137945","targetHints":{"allow":["GET"]}}],"collection":[{"href":"https:\/\/president-ksgov.net\/fr\/wp-json\/wp\/v2\/pages"}],"about":[{"href":"https:\/\/president-ksgov.net\/fr\/wp-json\/wp\/v2\/types\/page"}],"author":[{"embeddable":true,"href":"https:\/\/president-ksgov.net\/fr\/wp-json\/wp\/v2\/users\/1"}],"replies":[{"embeddable":true,"href":"https:\/\/president-ksgov.net\/fr\/wp-json\/wp\/v2\/comments?post=137945"}],"version-history":[{"count":1,"href":"https:\/\/president-ksgov.net\/fr\/wp-json\/wp\/v2\/pages\/137945\/revisions"}],"predecessor-version":[{"id":137947,"href":"https:\/\/president-ksgov.net\/fr\/wp-json\/wp\/v2\/pages\/137945\/revisions\/137947"}],"wp:featuredmedia":[{"embeddable":true,"href":"https:\/\/president-ksgov.net\/fr\/wp-json\/wp\/v2\/media\/86338"}],"wp:attachment":[{"href":"https:\/\/president-ksgov.net\/fr\/wp-json\/wp\/v2\/media?parent=137945"}],"curies":[{"name":"wp","href":"https:\/\/api.w.org\/{rel}","templated":true}]}}