{"id":137940,"date":"2023-01-29T19:12:28","date_gmt":"2023-01-29T18:12:28","guid":{"rendered":"https:\/\/president-ksgov.net\/opportunites-demploi\/"},"modified":"2025-12-11T13:57:02","modified_gmt":"2025-12-11T12:57:02","slug":"opportunites-demploi","status":"publish","type":"page","link":"https:\/\/president-ksgov.net\/fr\/opportunites-demploi\/","title":{"rendered":"Opportunit\u00e9s d&#8217;emploi"},"content":{"rendered":"\t\t<div data-elementor-type=\"wp-page\" data-elementor-id=\"137940\" class=\"elementor elementor-137940 elementor-1025\">\n\t\t\t\t\t\t<section class=\"elementor-section elementor-top-section elementor-element elementor-element-990c670 legjislacioni elementor-section-boxed elementor-section-height-default elementor-section-height-default wpr-particle-no wpr-jarallax-no wpr-parallax-no wpr-sticky-section-no\" data-id=\"990c670\" data-element_type=\"section\">\n\t\t\t\t\t\t<div class=\"elementor-container elementor-column-gap-default\">\n\t\t\t\t\t<div class=\"elementor-column elementor-col-100 elementor-top-column elementor-element elementor-element-e8be509\" data-id=\"e8be509\" data-element_type=\"column\">\n\t\t\t<div class=\"elementor-widget-wrap elementor-element-populated\">\n\t\t\t\t\t\t<div class=\"elementor-element elementor-element-a590bfa elementor-widget elementor-widget-eael-adv-accordion\" data-id=\"a590bfa\" data-element_type=\"widget\" data-widget_type=\"eael-adv-accordion.default\">\n\t\t\t\t<div class=\"elementor-widget-container\">\n\t\t\t        <div class=\"eael-adv-accordion\" id=\"eael-adv-accordion-a590bfa\" data-scroll-on-click=\"no\" data-scroll-speed=\"300\" data-accordion-id=\"a590bfa\" data-accordion-type=\"accordion\" data-toogle-speed=\"300\">\n    <div class=\"eael-accordion-list\">\n                <div id=\"documents\" class=\"elementor-tab-title eael-accordion-header\" tabindex=\"0\" data-tab=\"1\" aria-controls=\"elementor-tab-content-1731\"><span class=\"eael-advanced-accordion-icon-closed\"><i aria-hidden=\"true\" class=\"fa-accordion-icon far fa-file\"><\/i><\/span><span class=\"eael-advanced-accordion-icon-opened\"><i aria-hidden=\"true\" class=\"fa-accordion-icon far fa-file-alt\"><\/i><\/span><span class=\"eael-accordion-tab-title\">documents<\/span><i aria-hidden=\"true\" class=\"fa-toggle fas fa-angle-right\"><\/i><\/div><div id=\"elementor-tab-content-1731\" class=\"eael-accordion-content clearfix\" data-tab=\"1\" aria-labelledby=\"documents\"><ul><li><a href=\"https:\/\/president-ksgov.net\/wp-content\/uploads\/Njoftim-per-praktikantet-e-suksesshem.pdf\"><em>Annonce des r\u00e9sultats des candidats retenus au concours de stagiaire au Bureau de la Pr\u00e9sidente de la R\u00e9publique du Kosovo \u2013 19.05.2025<\/em><\/a><\/li><li><a href=\"https:\/\/president-ksgov.net\/wp-content\/uploads\/KONKURS-PUBLIK-PER-ANGAZHIM-TE-PRAKTIKANTEVE-ME-PAGESE-NE-ZYREN-E-PRESIDENTES-SE-REPUBLIKES-SE-KOSOVES.pdf\"><em>CONCOURS PUBLIC POUR L\u2019EMBAUCHE DE STAGIAIRES R\u00c9MUN\u00c9R\u00c9S AU BUREAU DE LA PR\u00c9SIDENTE DE LA R\u00c9PUBLIQUE DU KOSOVO \u2013 18.04.2025<\/em><\/a><\/li><li><a href=\"https:\/\/president-ksgov.net\/wp-content\/uploads\/Formulari-i-kerkeses-per-angazhim_Pune-praktike-ne-Presidence_13.03.2024.docx\"><em>DEMANDE DE STAGE<\/em><\/a><\/li><li><a href=\"https:\/\/konkursi.rks-gov.net\/advertisement\/details?refNumber=RN00017639\"><em>Chef de la Division des Relations Publiques<\/em><\/a><\/li><li><a href=\"https:\/\/konkursi.rks-gov.net\/advertisement\/details?refNumber=RN00017648\"><em>Chef de la Division des Transports<\/em><\/a><\/li><li><a href=\"https:\/\/konkursi.rks-gov.net\/advertisement\/details?refNumber=RN00017649\"><em>Chef de la Division de la Logistique<\/em><\/a><\/li><li><a href=\"https:\/\/konkursi.rks-gov.net\/advertisement\/details?refNumber=RN00017647\"><em>Responsable photo et vid\u00e9o <\/em><\/a><\/li><li><a href=\"https:\/\/konkursi.rks-gov.net\/advertisement\/details?refNumber=RN00017595\"><em>Secr\u00e9taire du Bureau de la Pr\u00e9sidente <\/em><\/a><\/li><li><a href=\"https:\/\/konkursi.rks-gov.net\/advertisement\/details?refNumber=RN00017594\"><em>Responsable pour l\u2019organisation d\u2019\u00e9v\u00e9nements <\/em><\/a><\/li><li><a href=\"https:\/\/konkursi.rks-gov.net\/advertisement\/details?refNumber=RN00017575\"><em>Chef de la Division des Relations Internationales <\/em><\/a><\/li><li><a href=\"https:\/\/konkursi.rks-gov.net\/advertisement\/details?refNumber=RN00017574\"><em>Chef de la Division des Politiques de S\u00e9curit\u00e9 et de D\u00e9fense <\/em><\/a><\/li><li><a href=\"https:\/\/konkursi.rks-gov.net\/advertisement\/details?refNumber=RN00017572\"><em>Directeur du D\u00e9partement des Relations Internationales et des Politiques de S\u00e9curit\u00e9 et de D\u00e9fense <\/em><\/a><\/li><li><a href=\"https:\/\/konkursi.rks-gov.net\/advertisement\/details?refNumber=RN00017570\"><em>Directeur du D\u00e9partement du Budget et des Finances <\/em><\/a><\/li><li><a href=\"https:\/\/president-ksgov.net\/wp-content\/uploads\/Konkursi_Pune-praktike-ne-Presidence_13.03.2024-final.pdf\"><em>CONCOURS PUBLIC POUR L\u2019EMBAUCHE DE STAGIAIRES R\u00c9MUN\u00c9R\u00c9S AU BUREAU DE LA PR\u00c9SIDENTE DE LA R\u00c9PUBLIQUE DU KOSOVO 13.03.2024 <\/em><\/a><\/li><li><a href=\"https:\/\/president-ksgov.net\/wp-content\/uploads\/Konkursi_Pune-praktike-ne-Presidence_13.03.2024-word.docx\"><em>DEMANDE DE STAGE 13.03.2024 <\/em><\/a><\/li><li><a href=\"https:\/\/president-ksgov.net\/wp-content\/uploads\/Njoftim_per_shpalljen_e_kandidateve_te_suksesshem_ne_konkursin_per_Praktikante_ne_Zyren_e_Presidentes_se_Republikes_se_Kosoves-16.05.2023.pdf\"><em>Annonce de la publication des candidats retenus au concours de stagiaire au Bureau de la Pr\u00e9sidente de la R\u00e9publique du Kosovo \u2013 16.05.2023 <\/em><\/a><\/li><li><a href=\"https:\/\/president-ksgov.net\/wp-content\/uploads\/KONKURS-PUBLIK-PE%CC%88R-ANGAZHIM-TE%CC%88-PRAKTIKANTE%CC%88VE-ME-PAGESE%CC%88-NE%CC%88-ZYRE%CC%88N-E-PRESIDENTES-SE%CC%88-REPUBLIKE%CC%88S-SE%CC%88-KOSOVE%CC%88S_10.03.2023.pdf\"><em>CONCOURS PUBLIC POUR L\u2019EMBAUCHE DE STAGIAIRES R\u00c9MUN\u00c9R\u00c9S AU BUREAU DE LA PR\u00c9SIDENTE DE LA R\u00c9PUBLIQUE DU KOSOVO \u2013 10.03.2023 <\/em><\/a><\/li><li><a href=\"https:\/\/president-ksgov.net\/wp-content\/uploads\/KE%CC%88RKESA-PE%CC%88R-PUNE%CC%88-PRAKTIKE-Mars.docx\"><em>DEMANDE DE STAGE <\/em><\/a><\/li><li><a href=\"https:\/\/president-ksgov.net\/wp-content\/uploads\/2023\/01\/2022_06_24_115559_20220623142518212.pdf\"><em>D\u00c9CISION pour la s\u00e9lection de deux (2) candidats au poste de \u00ab Chauffeur \u00bb <\/em><\/a><\/li><li><a href=\"https:\/\/president-ksgov.net\/wp-content\/uploads\/2023\/01\/2022_05_10_091012_Pershkrimi_i_Punes_Zyrtar_per_pranim_administrim_dhe_shperndarje_te_do__004.docx\"><em>Agent pour la r\u00e9ception, l\u2019administration et la distribution des documents <\/em><\/a><\/li><li><a href=\"https:\/\/president-ksgov.net\/wp-content\/uploads\/2023\/01\/2022_04_22_061707_Shpallje_e_Konkursit_te_Jashtem_per_Plotesimin_e_Vendit_te_Lire_te_Punes_-_Vozites.pdf\"><em>Annonce du concours externe pour le poste vacant de chauffeur <\/em><\/a><\/li><li><a href=\"https:\/\/president-ksgov.net\/wp-content\/uploads\/2023\/01\/2022_04_22_061818_APLIKACIONI_PER_PUNESIM.docx\"><em>FORMULAIRE DE DEMANDE D\u2019EMPLOI<\/em><\/a><\/li><\/ul><\/div>\n                <\/div><\/div>\t\t<\/div>\n\t\t\t\t<\/div>\n\t\t\t\t\t<\/div>\n\t\t<\/div>\n\t\t\t\t\t<\/div>\n\t\t<\/section>\n\t\t\t\t<\/div>\n\t\t","protected":false},"excerpt":{"rendered":"<p>documents Annonce des r\u00e9sultats des candidats retenus au concours de stagiaire au Bureau de la Pr\u00e9sidente de la R\u00e9publique du Kosovo \u2013 19.05.2025 CONCOURS PUBLIC POUR L\u2019EMBAUCHE DE STAGIAIRES R\u00c9MUN\u00c9R\u00c9S AU BUREAU DE LA PR\u00c9SIDENTE DE LA R\u00c9PUBLIQUE DU KOSOVO \u2013 18.04.2025 DEMANDE DE STAGE Chef de la Division des Relations Publiques Chef de la Division des Transports Chef de la Division de la Logistique Responsable photo et vid\u00e9o Secr\u00e9taire du Bureau de la Pr\u00e9sidente Responsable pour l\u2019organisation d\u2019\u00e9v\u00e9nements Chef de la Division des Relations Internationales Chef de la Division des Politiques de S\u00e9curit\u00e9 et de D\u00e9fense Directeur du D\u00e9partement des Relations Internationales et des Politiques de S\u00e9curit\u00e9 et de D\u00e9fense Directeur du D\u00e9partement du Budget et des Finances CONCOURS PUBLIC POUR L\u2019EMBAUCHE DE STAGIAIRES R\u00c9MUN\u00c9R\u00c9S AU BUREAU DE LA PR\u00c9SIDENTE DE LA R\u00c9PUBLIQUE DU KOSOVO 13.03.2024 DEMANDE DE STAGE 13.03.2024 Annonce de la publication des candidats retenus au concours de stagiaire au Bureau de la Pr\u00e9sidente de la R\u00e9publique du Kosovo \u2013 16.05.2023 CONCOURS PUBLIC POUR L\u2019EMBAUCHE DE STAGIAIRES R\u00c9MUN\u00c9R\u00c9S AU BUREAU DE LA PR\u00c9SIDENTE DE LA R\u00c9PUBLIQUE DU KOSOVO \u2013 10.03.2023 DEMANDE DE STAGE D\u00c9CISION pour la s\u00e9lection de deux (2) candidats au poste de \u00ab Chauffeur \u00bb Agent pour la r\u00e9ception, l\u2019administration et la distribution des documents Annonce du concours externe pour le poste vacant de chauffeur FORMULAIRE DE DEMANDE D\u2019EMPLOI<\/p>\n","protected":false},"author":1,"featured_media":86338,"parent":0,"menu_order":0,"comment_status":"closed","ping_status":"closed","template":"","meta":{"_eb_attr":"","footnotes":""},"class_list":["post-137940","page","type-page","status-publish","has-post-thumbnail","hentry"],"yoast_head":"<!-- This site is optimized with the Yoast SEO plugin v23.5 - https:\/\/yoast.com\/wordpress\/plugins\/seo\/ -->\n<title>Opportunit\u00e9s d&#039;emploi - Presidente e Republik\u00ebs s\u00eb Kosov\u00ebs<\/title>\n<meta name=\"description\" content=\"Opportunit\u00e9s d&#039;emploi - Presidente e Republik\u00ebs s\u00eb Kosov\u00ebs -\" \/>\n<meta name=\"robots\" content=\"index, follow, max-snippet:-1, max-image-preview:large, max-video-preview:-1\" \/>\n<link rel=\"canonical\" href=\"https:\/\/president-ksgov.net\/fr\/opportunites-demploi\/\" \/>\n<meta property=\"og:locale\" content=\"fr_FR\" \/>\n<meta property=\"og:type\" content=\"article\" \/>\n<meta property=\"og:title\" content=\"Opportunit\u00e9s d&#039;emploi - Presidente e Republik\u00ebs s\u00eb Kosov\u00ebs\" \/>\n<meta property=\"og:description\" content=\"Opportunit\u00e9s d&#039;emploi - Presidente e Republik\u00ebs s\u00eb Kosov\u00ebs -\" \/>\n<meta property=\"og:url\" content=\"https:\/\/president-ksgov.net\/fr\/opportunites-demploi\/\" \/>\n<meta property=\"og:site_name\" content=\"Presidente e Republik\u00ebs s\u00eb Kosov\u00ebs\" \/>\n<meta property=\"article:modified_time\" content=\"2025-12-11T12:57:02+00:00\" \/>\n<meta property=\"og:image\" content=\"https:\/\/president-ksgov.net\/wp-content\/uploads\/Zyra-e-Presidentes-Featured-Image1-e1678970937938.png\" \/>\n\t<meta property=\"og:image:width\" content=\"1024\" \/>\n\t<meta property=\"og:image:height\" content=\"716\" \/>\n\t<meta property=\"og:image:type\" content=\"image\/png\" \/>\n<meta name=\"twitter:card\" content=\"summary_large_image\" \/>\n<meta name=\"twitter:label1\" content=\"Dur\u00e9e de lecture estim\u00e9e\" \/>\n\t<meta name=\"twitter:data1\" content=\"2 minutes\" \/>\n<script type=\"application\/ld+json\" class=\"yoast-schema-graph\">{\"@context\":\"https:\/\/schema.org\",\"@graph\":[{\"@type\":\"WebPage\",\"@id\":\"https:\/\/president-ksgov.net\/fr\/opportunites-demploi\/\",\"url\":\"https:\/\/president-ksgov.net\/fr\/opportunites-demploi\/\",\"name\":\"Opportunit\u00e9s d'emploi - Presidente e Republik\u00ebs s\u00eb Kosov\u00ebs\",\"isPartOf\":{\"@id\":\"https:\/\/president-ksgov.net\/#website\"},\"primaryImageOfPage\":{\"@id\":\"https:\/\/president-ksgov.net\/fr\/opportunites-demploi\/#primaryimage\"},\"image\":{\"@id\":\"https:\/\/president-ksgov.net\/fr\/opportunites-demploi\/#primaryimage\"},\"thumbnailUrl\":\"https:\/\/president-ksgov.net\/wp-content\/uploads\/Zyra-e-Presidentes-Featured-Image1-e1678970937938.png\",\"datePublished\":\"2023-01-29T18:12:28+00:00\",\"dateModified\":\"2025-12-11T12:57:02+00:00\",\"description\":\"Opportunit\u00e9s d'emploi - Presidente e Republik\u00ebs s\u00eb Kosov\u00ebs -\",\"breadcrumb\":{\"@id\":\"https:\/\/president-ksgov.net\/fr\/opportunites-demploi\/#breadcrumb\"},\"inLanguage\":\"fr-FR\",\"potentialAction\":[{\"@type\":\"ReadAction\",\"target\":[\"https:\/\/president-ksgov.net\/fr\/opportunites-demploi\/\"]}]},{\"@type\":\"ImageObject\",\"inLanguage\":\"fr-FR\",\"@id\":\"https:\/\/president-ksgov.net\/fr\/opportunites-demploi\/#primaryimage\",\"url\":\"https:\/\/president-ksgov.net\/wp-content\/uploads\/Zyra-e-Presidentes-Featured-Image1-e1678970937938.png\",\"contentUrl\":\"https:\/\/president-ksgov.net\/wp-content\/uploads\/Zyra-e-Presidentes-Featured-Image1-e1678970937938.png\",\"width\":1024,\"height\":716},{\"@type\":\"BreadcrumbList\",\"@id\":\"https:\/\/president-ksgov.net\/fr\/opportunites-demploi\/#breadcrumb\",\"itemListElement\":[{\"@type\":\"ListItem\",\"position\":1,\"name\":\"Home\",\"item\":\"https:\/\/president-ksgov.net\/fr\/\"},{\"@type\":\"ListItem\",\"position\":2,\"name\":\"Opportunit\u00e9s d&#8217;emploi\"}]},{\"@type\":\"WebSite\",\"@id\":\"https:\/\/president-ksgov.net\/#website\",\"url\":\"https:\/\/president-ksgov.net\/\",\"name\":\"Presidente e Republik\u00ebs s\u00eb Kosov\u00ebs\",\"description\":\"Presidente e Republik\u00ebs s\u00eb Kosov\u00ebs\",\"alternateName\":\"DR. VJOSA OSMANI - SADRIU\",\"potentialAction\":[{\"@type\":\"SearchAction\",\"target\":{\"@type\":\"EntryPoint\",\"urlTemplate\":\"https:\/\/president-ksgov.net\/?s={search_term_string}\"},\"query-input\":{\"@type\":\"PropertyValueSpecification\",\"valueRequired\":true,\"valueName\":\"search_term_string\"}}],\"inLanguage\":\"fr-FR\"}]}<\/script>\n<!-- \/ Yoast SEO plugin. -->","yoast_head_json":{"title":"Opportunit\u00e9s d'emploi - Presidente e Republik\u00ebs s\u00eb Kosov\u00ebs","description":"Opportunit\u00e9s d'emploi - Presidente e Republik\u00ebs s\u00eb Kosov\u00ebs -","robots":{"index":"index","follow":"follow","max-snippet":"max-snippet:-1","max-image-preview":"max-image-preview:large","max-video-preview":"max-video-preview:-1"},"canonical":"https:\/\/president-ksgov.net\/fr\/opportunites-demploi\/","og_locale":"fr_FR","og_type":"article","og_title":"Opportunit\u00e9s d'emploi - Presidente e Republik\u00ebs s\u00eb Kosov\u00ebs","og_description":"Opportunit\u00e9s d'emploi - Presidente e Republik\u00ebs s\u00eb Kosov\u00ebs -","og_url":"https:\/\/president-ksgov.net\/fr\/opportunites-demploi\/","og_site_name":"Presidente e Republik\u00ebs s\u00eb Kosov\u00ebs","article_modified_time":"2025-12-11T12:57:02+00:00","og_image":[{"width":1024,"height":716,"url":"https:\/\/president-ksgov.net\/wp-content\/uploads\/Zyra-e-Presidentes-Featured-Image1-e1678970937938.png","type":"image\/png"}],"twitter_card":"summary_large_image","twitter_misc":{"Dur\u00e9e de lecture estim\u00e9e":"2 minutes"},"schema":{"@context":"https:\/\/schema.org","@graph":[{"@type":"WebPage","@id":"https:\/\/president-ksgov.net\/fr\/opportunites-demploi\/","url":"https:\/\/president-ksgov.net\/fr\/opportunites-demploi\/","name":"Opportunit\u00e9s d'emploi - Presidente e Republik\u00ebs s\u00eb Kosov\u00ebs","isPartOf":{"@id":"https:\/\/president-ksgov.net\/#website"},"primaryImageOfPage":{"@id":"https:\/\/president-ksgov.net\/fr\/opportunites-demploi\/#primaryimage"},"image":{"@id":"https:\/\/president-ksgov.net\/fr\/opportunites-demploi\/#primaryimage"},"thumbnailUrl":"https:\/\/president-ksgov.net\/wp-content\/uploads\/Zyra-e-Presidentes-Featured-Image1-e1678970937938.png","datePublished":"2023-01-29T18:12:28+00:00","dateModified":"2025-12-11T12:57:02+00:00","description":"Opportunit\u00e9s d'emploi - Presidente e Republik\u00ebs s\u00eb Kosov\u00ebs -","breadcrumb":{"@id":"https:\/\/president-ksgov.net\/fr\/opportunites-demploi\/#breadcrumb"},"inLanguage":"fr-FR","potentialAction":[{"@type":"ReadAction","target":["https:\/\/president-ksgov.net\/fr\/opportunites-demploi\/"]}]},{"@type":"ImageObject","inLanguage":"fr-FR","@id":"https:\/\/president-ksgov.net\/fr\/opportunites-demploi\/#primaryimage","url":"https:\/\/president-ksgov.net\/wp-content\/uploads\/Zyra-e-Presidentes-Featured-Image1-e1678970937938.png","contentUrl":"https:\/\/president-ksgov.net\/wp-content\/uploads\/Zyra-e-Presidentes-Featured-Image1-e1678970937938.png","width":1024,"height":716},{"@type":"BreadcrumbList","@id":"https:\/\/president-ksgov.net\/fr\/opportunites-demploi\/#breadcrumb","itemListElement":[{"@type":"ListItem","position":1,"name":"Home","item":"https:\/\/president-ksgov.net\/fr\/"},{"@type":"ListItem","position":2,"name":"Opportunit\u00e9s d&#8217;emploi"}]},{"@type":"WebSite","@id":"https:\/\/president-ksgov.net\/#website","url":"https:\/\/president-ksgov.net\/","name":"Presidente e Republik\u00ebs s\u00eb Kosov\u00ebs","description":"Presidente e Republik\u00ebs s\u00eb Kosov\u00ebs","alternateName":"DR. VJOSA OSMANI - SADRIU","potentialAction":[{"@type":"SearchAction","target":{"@type":"EntryPoint","urlTemplate":"https:\/\/president-ksgov.net\/?s={search_term_string}"},"query-input":{"@type":"PropertyValueSpecification","valueRequired":true,"valueName":"search_term_string"}}],"inLanguage":"fr-FR"}]}},"_links":{"self":[{"href":"https:\/\/president-ksgov.net\/fr\/wp-json\/wp\/v2\/pages\/137940","targetHints":{"allow":["GET"]}}],"collection":[{"href":"https:\/\/president-ksgov.net\/fr\/wp-json\/wp\/v2\/pages"}],"about":[{"href":"https:\/\/president-ksgov.net\/fr\/wp-json\/wp\/v2\/types\/page"}],"author":[{"embeddable":true,"href":"https:\/\/president-ksgov.net\/fr\/wp-json\/wp\/v2\/users\/1"}],"replies":[{"embeddable":true,"href":"https:\/\/president-ksgov.net\/fr\/wp-json\/wp\/v2\/comments?post=137940"}],"version-history":[{"count":4,"href":"https:\/\/president-ksgov.net\/fr\/wp-json\/wp\/v2\/pages\/137940\/revisions"}],"predecessor-version":[{"id":177960,"href":"https:\/\/president-ksgov.net\/fr\/wp-json\/wp\/v2\/pages\/137940\/revisions\/177960"}],"wp:featuredmedia":[{"embeddable":true,"href":"https:\/\/president-ksgov.net\/fr\/wp-json\/wp\/v2\/media\/86338"}],"wp:attachment":[{"href":"https:\/\/president-ksgov.net\/fr\/wp-json\/wp\/v2\/media?parent=137940"}],"curies":[{"name":"wp","href":"https:\/\/api.w.org\/{rel}","templated":true}]}}