{"id":137839,"date":"2023-02-13T13:53:16","date_gmt":"2023-02-13T12:53:16","guid":{"rendered":"https:\/\/president-ksgov.net\/atifete-jahjaga\/"},"modified":"2024-06-26T11:15:13","modified_gmt":"2024-06-26T09:15:13","slug":"atifete-jahjaga","status":"publish","type":"page","link":"https:\/\/president-ksgov.net\/fr\/anciens-presidents-du-kosovo\/atifete-jahjaga\/","title":{"rendered":"Atifete Jahjaga"},"content":{"rendered":"\t\t<div data-elementor-type=\"wp-page\" data-elementor-id=\"137839\" class=\"elementor elementor-137839 elementor-2081\">\n\t\t\t\t\t\t<section class=\"elementor-section elementor-top-section elementor-element elementor-element-13c36cc elementor-section-boxed elementor-section-height-default elementor-section-height-default wpr-particle-no wpr-jarallax-no wpr-parallax-no wpr-sticky-section-no\" data-id=\"13c36cc\" data-element_type=\"section\">\n\t\t\t\t\t\t<div class=\"elementor-container elementor-column-gap-default\">\n\t\t\t\t\t<div class=\"elementor-column elementor-col-100 elementor-top-column elementor-element elementor-element-5ada190\" data-id=\"5ada190\" data-element_type=\"column\">\n\t\t\t<div class=\"elementor-widget-wrap elementor-element-populated\">\n\t\t\t\t\t\t<div class=\"elementor-element elementor-element-33d1342 elementor-position-left elementor-vertical-align-middle elementor-widget elementor-widget-image-box\" data-id=\"33d1342\" data-element_type=\"widget\" data-widget_type=\"image-box.default\">\n\t\t\t\t<div class=\"elementor-widget-container\">\n\t\t\t<div class=\"elementor-image-box-wrapper\"><figure class=\"elementor-image-box-img\"><img fetchpriority=\"high\" decoding=\"async\" width=\"1829\" height=\"2560\" src=\"https:\/\/president-ksgov.net\/wp-content\/uploads\/Atifete_Jahjaga_OFFICIAL_IMAGE-scaled.jpg\" class=\"attachment-full size-full wp-image-87771\" alt=\"\" srcset=\"https:\/\/president-ksgov.net\/wp-content\/uploads\/Atifete_Jahjaga_OFFICIAL_IMAGE-scaled.jpg 1829w, https:\/\/president-ksgov.net\/wp-content\/uploads\/Atifete_Jahjaga_OFFICIAL_IMAGE-214x300.jpg 214w, https:\/\/president-ksgov.net\/wp-content\/uploads\/Atifete_Jahjaga_OFFICIAL_IMAGE-731x1024.jpg 731w, https:\/\/president-ksgov.net\/wp-content\/uploads\/Atifete_Jahjaga_OFFICIAL_IMAGE-768x1075.jpg 768w, https:\/\/president-ksgov.net\/wp-content\/uploads\/Atifete_Jahjaga_OFFICIAL_IMAGE-1097x1536.jpg 1097w, https:\/\/president-ksgov.net\/wp-content\/uploads\/Atifete_Jahjaga_OFFICIAL_IMAGE-1463x2048.jpg 1463w, https:\/\/president-ksgov.net\/wp-content\/uploads\/Atifete_Jahjaga_OFFICIAL_IMAGE-321x450.jpg 321w\" sizes=\"(max-width: 1829px) 100vw, 1829px\" \/><\/figure><div class=\"elementor-image-box-content\"><h3 class=\"elementor-image-box-title\">ATIF\u00c8TE JAHJAGA<\/h3><p class=\"elementor-image-box-description\">PR\u00c9SIDENT DE LA R\u00c9PUBLIQUE DU KOSOVO - (2011 - 2016)<\/p><\/div><\/div>\t\t<\/div>\n\t\t\t\t<\/div>\n\t\t\t\t\t<\/div>\n\t\t<\/div>\n\t\t\t\t\t<\/div>\n\t\t<\/section>\n\t\t\t\t<section class=\"elementor-section elementor-top-section elementor-element elementor-element-049848c elementor-section-boxed elementor-section-height-default elementor-section-height-default wpr-particle-no wpr-jarallax-no wpr-parallax-no wpr-sticky-section-no\" data-id=\"049848c\" data-element_type=\"section\">\n\t\t\t\t\t\t<div class=\"elementor-container elementor-column-gap-default\">\n\t\t\t\t\t<div class=\"elementor-column elementor-col-100 elementor-top-column elementor-element elementor-element-95229b9\" data-id=\"95229b9\" data-element_type=\"column\">\n\t\t\t<div class=\"elementor-widget-wrap elementor-element-populated\">\n\t\t\t\t\t\t<div class=\"elementor-element elementor-element-f67010c elementor-widget elementor-widget-text-editor\" data-id=\"f67010c\" data-element_type=\"widget\" data-widget_type=\"text-editor.default\">\n\t\t\t\t<div class=\"elementor-widget-container\">\n\t\t\t\t\t\t\t<div class=\"wp-block-columns\">\n<div class=\"wp-block-column\">\n<p>Le pr\u00e9sident Atifete Jahjaga est n\u00e9 le 20 avril 1975 \u00e0 Rashkoc &#8211; Gjakov\u00eb. MS. Jahjaga a \u00e9t\u00e9 directrice g\u00e9n\u00e9rale adjointe de la police du Kosovo de f\u00e9vrier 2009 jusqu&rsquo;\u00e0 son \u00e9lection \u00e0 la pr\u00e9sidence de la R\u00e9publique du Kosovo le 7 avril 2011.<\/p>\n<p>Depuis la cr\u00e9ation de la police du Kosovo, au d\u00e9but de l&rsquo;ann\u00e9e 2000, elle a d&rsquo;abord servi comme officier de police, progressant au niveau r\u00e9gional puis \u00e0 celui de l&rsquo;\u00e9tat-major.<\/p>\n<p>Au cours de sa carri\u00e8re ant\u00e9rieure, la pr\u00e9sidente Jahjaga a occup\u00e9 des postes importants dans la mise en \u0153uvre de l&rsquo;ordre public au sein de l&rsquo;Unit\u00e9 des normes professionnelles, puis assistante du directeur adjoint de la police du Kosovo, assistante du chef des ressources humaines, assistante ex\u00e9cutive sp\u00e9ciale du commissaire adjoint. pour l&rsquo;administration de la police du Kosovo, commandant adjoint de la police des fronti\u00e8res de la police du Kosovo, chef du d\u00e9partement de formation, assistant du commissaire adjoint de la police des fronti\u00e8res du Kosovo, assistant du commissaire adjoint de la police du Kosovo pour le personnel et la formation .<\/p>\n<p>Il a fr\u00e9quent\u00e9 l&rsquo;\u00e9cole primaire et secondaire de Prishtina, o\u00f9 il a \u00e9galement termin\u00e9 ses \u00e9tudes \u00e0 la Facult\u00e9 de droit de l&rsquo;Universit\u00e9 de Prishtina en 2000. Il a compl\u00e9t\u00e9 le certificat de troisi\u00e8me cycle en gestion de la police et en justice p\u00e9nale \u00e0 l&rsquo;Universit\u00e9 de Leicester au Royaume-Uni en 2006-2007, le certificat de troisi\u00e8me cycle en sciences m\u00e9dico-l\u00e9gales \u00e0 l&rsquo;Universit\u00e9 de Virginie aux \u00c9tats-Unis en 2007. Il poursuit actuellement ses \u00e9tudes de ma\u00eetrise en relations internationales \u00e0 la Facult\u00e9 de droit de l&rsquo;Universit\u00e9 de Pristina. Outre ces \u00e9tudes, il convient de souligner les programmes professionnels et d&rsquo;\u00e9tudes qu&rsquo;il a suivis au Centre europ\u00e9en d&rsquo;\u00e9tudes de s\u00e9curit\u00e9 \u00ab George C. Marshall \u00bb en Allemagne, \u00e0 la FBI National Academy aux \u00c9tats-Unis et au minist\u00e8re am\u00e9ricain de la Justice.<\/p>\n<p>Outre l&rsquo;albanais (langue maternelle), le pr\u00e9sident Atifete Jahjaga parle \u00e9galement l&rsquo;anglais et le serbe. Le Pr\u00e9sident Atifete Jahjaga est mari\u00e9 \u00e0 M. Astrit Ku\u00e7i et vit \u00e0 Pristina.<\/p>\n<\/div>\n<\/div>\n\t\t\t\t\t\t<\/div>\n\t\t\t\t<\/div>\n\t\t\t\t\t<\/div>\n\t\t<\/div>\n\t\t\t\t\t<\/div>\n\t\t<\/section>\n\t\t\t\t<\/div>\n\t\t","protected":false},"excerpt":{"rendered":"<p>ATIF\u00c8TE JAHJAGA PR\u00c9SIDENT DE LA R\u00c9PUBLIQUE DU KOSOVO &#8211; (2011 &#8211; 2016) Le pr\u00e9sident Atifete Jahjaga est n\u00e9 le 20 avril 1975 \u00e0 Rashkoc &#8211; Gjakov\u00eb. MS. Jahjaga a \u00e9t\u00e9 directrice g\u00e9n\u00e9rale adjointe de la police du Kosovo de f\u00e9vrier 2009 jusqu&rsquo;\u00e0 son \u00e9lection \u00e0 la pr\u00e9sidence de la R\u00e9publique du Kosovo le 7 avril 2011. Depuis la cr\u00e9ation de la police du Kosovo, au d\u00e9but de l&rsquo;ann\u00e9e 2000, elle a d&rsquo;abord servi comme officier de police, progressant au niveau r\u00e9gional puis \u00e0 celui de l&rsquo;\u00e9tat-major. Au cours de sa carri\u00e8re ant\u00e9rieure, la pr\u00e9sidente Jahjaga a occup\u00e9 des postes importants dans la mise en \u0153uvre de l&rsquo;ordre public au sein de l&rsquo;Unit\u00e9 des normes professionnelles, puis assistante du directeur adjoint de la police du Kosovo, assistante du chef des ressources humaines, assistante ex\u00e9cutive sp\u00e9ciale du commissaire adjoint. pour l&rsquo;administration de la police du Kosovo, commandant adjoint de la police des fronti\u00e8res de la police du Kosovo, chef du d\u00e9partement de formation, assistant du commissaire adjoint de la police des fronti\u00e8res du Kosovo, assistant du commissaire adjoint de la police du Kosovo pour le personnel et la formation . Il a fr\u00e9quent\u00e9 l&rsquo;\u00e9cole primaire et secondaire de Prishtina, o\u00f9 il a \u00e9galement termin\u00e9 ses \u00e9tudes \u00e0 la Facult\u00e9 de droit de l&rsquo;Universit\u00e9 de Prishtina en 2000. Il a compl\u00e9t\u00e9 le certificat de troisi\u00e8me cycle en gestion de la police et en justice p\u00e9nale \u00e0 l&rsquo;Universit\u00e9 de Leicester au Royaume-Uni en 2006-2007, le certificat de troisi\u00e8me cycle en sciences m\u00e9dico-l\u00e9gales \u00e0 l&rsquo;Universit\u00e9 de Virginie aux \u00c9tats-Unis en 2007. Il poursuit actuellement ses \u00e9tudes de ma\u00eetrise en relations internationales \u00e0 la Facult\u00e9 de droit de l&rsquo;Universit\u00e9 de Pristina. Outre ces \u00e9tudes, il convient de souligner les programmes professionnels et d&rsquo;\u00e9tudes qu&rsquo;il a suivis au Centre europ\u00e9en d&rsquo;\u00e9tudes de s\u00e9curit\u00e9 \u00ab George C. Marshall \u00bb en Allemagne, \u00e0 la FBI National Academy aux \u00c9tats-Unis et au minist\u00e8re am\u00e9ricain de la Justice. Outre l&rsquo;albanais (langue maternelle), le pr\u00e9sident Atifete Jahjaga parle \u00e9galement l&rsquo;anglais et le serbe. Le Pr\u00e9sident Atifete Jahjaga est mari\u00e9 \u00e0 M. Astrit Ku\u00e7i et vit \u00e0 Pristina.<\/p>\n","protected":false},"author":1,"featured_media":86338,"parent":137994,"menu_order":0,"comment_status":"closed","ping_status":"closed","template":"","meta":{"_eb_attr":"","footnotes":""},"class_list":["post-137839","page","type-page","status-publish","has-post-thumbnail","hentry"],"yoast_head":"<!-- This site is optimized with the Yoast SEO plugin v23.5 - https:\/\/yoast.com\/wordpress\/plugins\/seo\/ -->\n<title>Atifete Jahjaga - Presidente e Republik\u00ebs s\u00eb Kosov\u00ebs<\/title>\n<meta name=\"description\" content=\"Atifete Jahjaga - Presidente e Republik\u00ebs s\u00eb Kosov\u00ebs -\" \/>\n<meta name=\"robots\" content=\"index, follow, max-snippet:-1, max-image-preview:large, max-video-preview:-1\" \/>\n<link rel=\"canonical\" href=\"https:\/\/president-ksgov.net\/fr\/atifete-jahjaga\/\" \/>\n<meta property=\"og:locale\" content=\"fr_FR\" \/>\n<meta property=\"og:type\" content=\"article\" \/>\n<meta property=\"og:title\" content=\"Atifete Jahjaga - Presidente e Republik\u00ebs s\u00eb Kosov\u00ebs\" \/>\n<meta property=\"og:description\" content=\"Atifete Jahjaga - Presidente e Republik\u00ebs s\u00eb Kosov\u00ebs -\" \/>\n<meta property=\"og:url\" content=\"https:\/\/president-ksgov.net\/fr\/atifete-jahjaga\/\" \/>\n<meta property=\"og:site_name\" content=\"Presidente e Republik\u00ebs s\u00eb Kosov\u00ebs\" \/>\n<meta property=\"article:modified_time\" content=\"2024-06-26T09:15:13+00:00\" \/>\n<meta property=\"og:image\" content=\"https:\/\/president-ksgov.net\/wp-content\/uploads\/Zyra-e-Presidentes-Featured-Image1-e1678970937938.png\" \/>\n\t<meta property=\"og:image:width\" content=\"1024\" \/>\n\t<meta property=\"og:image:height\" content=\"716\" \/>\n\t<meta property=\"og:image:type\" content=\"image\/png\" \/>\n<meta name=\"twitter:card\" content=\"summary_large_image\" \/>\n<meta name=\"twitter:label1\" content=\"Dur\u00e9e de lecture estim\u00e9e\" \/>\n\t<meta name=\"twitter:data1\" content=\"2 minutes\" \/>\n<script type=\"application\/ld+json\" class=\"yoast-schema-graph\">{\"@context\":\"https:\/\/schema.org\",\"@graph\":[{\"@type\":\"WebPage\",\"@id\":\"https:\/\/president-ksgov.net\/fr\/atifete-jahjaga\/\",\"url\":\"https:\/\/president-ksgov.net\/fr\/atifete-jahjaga\/\",\"name\":\"Atifete Jahjaga - Presidente e Republik\u00ebs s\u00eb Kosov\u00ebs\",\"isPartOf\":{\"@id\":\"https:\/\/president-ksgov.net\/#website\"},\"primaryImageOfPage\":{\"@id\":\"https:\/\/president-ksgov.net\/fr\/atifete-jahjaga\/#primaryimage\"},\"image\":{\"@id\":\"https:\/\/president-ksgov.net\/fr\/atifete-jahjaga\/#primaryimage\"},\"thumbnailUrl\":\"https:\/\/president-ksgov.net\/wp-content\/uploads\/Zyra-e-Presidentes-Featured-Image1-e1678970937938.png\",\"datePublished\":\"2023-02-13T12:53:16+00:00\",\"dateModified\":\"2024-06-26T09:15:13+00:00\",\"description\":\"Atifete Jahjaga - Presidente e Republik\u00ebs s\u00eb Kosov\u00ebs -\",\"breadcrumb\":{\"@id\":\"https:\/\/president-ksgov.net\/fr\/atifete-jahjaga\/#breadcrumb\"},\"inLanguage\":\"fr-FR\",\"potentialAction\":[{\"@type\":\"ReadAction\",\"target\":[\"https:\/\/president-ksgov.net\/fr\/atifete-jahjaga\/\"]}]},{\"@type\":\"ImageObject\",\"inLanguage\":\"fr-FR\",\"@id\":\"https:\/\/president-ksgov.net\/fr\/atifete-jahjaga\/#primaryimage\",\"url\":\"https:\/\/president-ksgov.net\/wp-content\/uploads\/Zyra-e-Presidentes-Featured-Image1-e1678970937938.png\",\"contentUrl\":\"https:\/\/president-ksgov.net\/wp-content\/uploads\/Zyra-e-Presidentes-Featured-Image1-e1678970937938.png\",\"width\":1024,\"height\":716},{\"@type\":\"BreadcrumbList\",\"@id\":\"https:\/\/president-ksgov.net\/fr\/atifete-jahjaga\/#breadcrumb\",\"itemListElement\":[{\"@type\":\"ListItem\",\"position\":1,\"name\":\"Home\",\"item\":\"https:\/\/president-ksgov.net\/fr\/\"},{\"@type\":\"ListItem\",\"position\":2,\"name\":\"Atifete Jahjaga\"}]},{\"@type\":\"WebSite\",\"@id\":\"https:\/\/president-ksgov.net\/#website\",\"url\":\"https:\/\/president-ksgov.net\/\",\"name\":\"Presidente e Republik\u00ebs s\u00eb Kosov\u00ebs\",\"description\":\"Presidente e Republik\u00ebs s\u00eb Kosov\u00ebs\",\"alternateName\":\"DR. VJOSA OSMANI - SADRIU\",\"potentialAction\":[{\"@type\":\"SearchAction\",\"target\":{\"@type\":\"EntryPoint\",\"urlTemplate\":\"https:\/\/president-ksgov.net\/?s={search_term_string}\"},\"query-input\":{\"@type\":\"PropertyValueSpecification\",\"valueRequired\":true,\"valueName\":\"search_term_string\"}}],\"inLanguage\":\"fr-FR\"}]}<\/script>\n<!-- \/ Yoast SEO plugin. -->","yoast_head_json":{"title":"Atifete Jahjaga - Presidente e Republik\u00ebs s\u00eb Kosov\u00ebs","description":"Atifete Jahjaga - Presidente e Republik\u00ebs s\u00eb Kosov\u00ebs -","robots":{"index":"index","follow":"follow","max-snippet":"max-snippet:-1","max-image-preview":"max-image-preview:large","max-video-preview":"max-video-preview:-1"},"canonical":"https:\/\/president-ksgov.net\/fr\/atifete-jahjaga\/","og_locale":"fr_FR","og_type":"article","og_title":"Atifete Jahjaga - Presidente e Republik\u00ebs s\u00eb Kosov\u00ebs","og_description":"Atifete Jahjaga - Presidente e Republik\u00ebs s\u00eb Kosov\u00ebs -","og_url":"https:\/\/president-ksgov.net\/fr\/atifete-jahjaga\/","og_site_name":"Presidente e Republik\u00ebs s\u00eb Kosov\u00ebs","article_modified_time":"2024-06-26T09:15:13+00:00","og_image":[{"width":1024,"height":716,"url":"https:\/\/president-ksgov.net\/wp-content\/uploads\/Zyra-e-Presidentes-Featured-Image1-e1678970937938.png","type":"image\/png"}],"twitter_card":"summary_large_image","twitter_misc":{"Dur\u00e9e de lecture estim\u00e9e":"2 minutes"},"schema":{"@context":"https:\/\/schema.org","@graph":[{"@type":"WebPage","@id":"https:\/\/president-ksgov.net\/fr\/atifete-jahjaga\/","url":"https:\/\/president-ksgov.net\/fr\/atifete-jahjaga\/","name":"Atifete Jahjaga - Presidente e Republik\u00ebs s\u00eb Kosov\u00ebs","isPartOf":{"@id":"https:\/\/president-ksgov.net\/#website"},"primaryImageOfPage":{"@id":"https:\/\/president-ksgov.net\/fr\/atifete-jahjaga\/#primaryimage"},"image":{"@id":"https:\/\/president-ksgov.net\/fr\/atifete-jahjaga\/#primaryimage"},"thumbnailUrl":"https:\/\/president-ksgov.net\/wp-content\/uploads\/Zyra-e-Presidentes-Featured-Image1-e1678970937938.png","datePublished":"2023-02-13T12:53:16+00:00","dateModified":"2024-06-26T09:15:13+00:00","description":"Atifete Jahjaga - Presidente e Republik\u00ebs s\u00eb Kosov\u00ebs -","breadcrumb":{"@id":"https:\/\/president-ksgov.net\/fr\/atifete-jahjaga\/#breadcrumb"},"inLanguage":"fr-FR","potentialAction":[{"@type":"ReadAction","target":["https:\/\/president-ksgov.net\/fr\/atifete-jahjaga\/"]}]},{"@type":"ImageObject","inLanguage":"fr-FR","@id":"https:\/\/president-ksgov.net\/fr\/atifete-jahjaga\/#primaryimage","url":"https:\/\/president-ksgov.net\/wp-content\/uploads\/Zyra-e-Presidentes-Featured-Image1-e1678970937938.png","contentUrl":"https:\/\/president-ksgov.net\/wp-content\/uploads\/Zyra-e-Presidentes-Featured-Image1-e1678970937938.png","width":1024,"height":716},{"@type":"BreadcrumbList","@id":"https:\/\/president-ksgov.net\/fr\/atifete-jahjaga\/#breadcrumb","itemListElement":[{"@type":"ListItem","position":1,"name":"Home","item":"https:\/\/president-ksgov.net\/fr\/"},{"@type":"ListItem","position":2,"name":"Atifete Jahjaga"}]},{"@type":"WebSite","@id":"https:\/\/president-ksgov.net\/#website","url":"https:\/\/president-ksgov.net\/","name":"Presidente e Republik\u00ebs s\u00eb Kosov\u00ebs","description":"Presidente e Republik\u00ebs s\u00eb Kosov\u00ebs","alternateName":"DR. VJOSA OSMANI - SADRIU","potentialAction":[{"@type":"SearchAction","target":{"@type":"EntryPoint","urlTemplate":"https:\/\/president-ksgov.net\/?s={search_term_string}"},"query-input":{"@type":"PropertyValueSpecification","valueRequired":true,"valueName":"search_term_string"}}],"inLanguage":"fr-FR"}]}},"_links":{"self":[{"href":"https:\/\/president-ksgov.net\/fr\/wp-json\/wp\/v2\/pages\/137839","targetHints":{"allow":["GET"]}}],"collection":[{"href":"https:\/\/president-ksgov.net\/fr\/wp-json\/wp\/v2\/pages"}],"about":[{"href":"https:\/\/president-ksgov.net\/fr\/wp-json\/wp\/v2\/types\/page"}],"author":[{"embeddable":true,"href":"https:\/\/president-ksgov.net\/fr\/wp-json\/wp\/v2\/users\/1"}],"replies":[{"embeddable":true,"href":"https:\/\/president-ksgov.net\/fr\/wp-json\/wp\/v2\/comments?post=137839"}],"version-history":[{"count":1,"href":"https:\/\/president-ksgov.net\/fr\/wp-json\/wp\/v2\/pages\/137839\/revisions"}],"predecessor-version":[{"id":137841,"href":"https:\/\/president-ksgov.net\/fr\/wp-json\/wp\/v2\/pages\/137839\/revisions\/137841"}],"up":[{"embeddable":true,"href":"https:\/\/president-ksgov.net\/fr\/wp-json\/wp\/v2\/pages\/137994"}],"wp:featuredmedia":[{"embeddable":true,"href":"https:\/\/president-ksgov.net\/fr\/wp-json\/wp\/v2\/media\/86338"}],"wp:attachment":[{"href":"https:\/\/president-ksgov.net\/fr\/wp-json\/wp\/v2\/media?parent=137839"}],"curies":[{"name":"wp","href":"https:\/\/api.w.org\/{rel}","templated":true}]}}