{"id":2798,"date":"2023-02-13T13:57:55","date_gmt":"2023-02-13T12:57:55","guid":{"rendered":"https:\/\/dev.president-ksgov.net\/behgjet-pacolli\/"},"modified":"2026-03-19T13:12:16","modified_gmt":"2026-03-19T12:12:16","slug":"behgjet-pacolli","status":"publish","type":"page","link":"https:\/\/president-ksgov.net\/en\/former-presidents-of-kosovo\/behgjet-pacolli\/","title":{"rendered":"Behgjet Pacolli"},"content":{"rendered":"\t\t<div data-elementor-type=\"wp-page\" data-elementor-id=\"2798\" class=\"elementor elementor-2798 elementor-2089\">\n\t\t\t\t\t\t<section class=\"elementor-section elementor-top-section elementor-element elementor-element-479b389 elementor-section-boxed elementor-section-height-default elementor-section-height-default wpr-particle-no wpr-jarallax-no wpr-parallax-no wpr-sticky-section-no\" data-id=\"479b389\" data-element_type=\"section\">\n\t\t\t\t\t\t<div class=\"elementor-container elementor-column-gap-default\">\n\t\t\t\t\t<div class=\"elementor-column elementor-col-100 elementor-top-column elementor-element elementor-element-c925ce1\" data-id=\"c925ce1\" data-element_type=\"column\">\n\t\t\t<div class=\"elementor-widget-wrap elementor-element-populated\">\n\t\t\t\t\t\t<div class=\"elementor-element elementor-element-0a2af28 elementor-position-left elementor-vertical-align-middle elementor-widget elementor-widget-image-box\" data-id=\"0a2af28\" data-element_type=\"widget\" data-widget_type=\"image-box.default\">\n\t\t\t\t<div class=\"elementor-widget-container\">\n\t\t\t<div class=\"elementor-image-box-wrapper\"><figure class=\"elementor-image-box-img\"><img fetchpriority=\"high\" decoding=\"async\" width=\"640\" height=\"962\" src=\"https:\/\/president-ksgov.net\/wp-content\/uploads\/PB8ro82ZpZP6Xvw1dGnSTrLKqHX2iB75U36h4ExpYenYRANzsqrLG5Q8MA1kBcw6ximjXAheFs6fD5Crcrae8ujMHZgH354sSmYARHPZrsxACz8e-1.jpeg\" class=\"attachment-full size-full wp-image-87812\" alt=\"\" srcset=\"https:\/\/president-ksgov.net\/wp-content\/uploads\/PB8ro82ZpZP6Xvw1dGnSTrLKqHX2iB75U36h4ExpYenYRANzsqrLG5Q8MA1kBcw6ximjXAheFs6fD5Crcrae8ujMHZgH354sSmYARHPZrsxACz8e-1.jpeg 640w, https:\/\/president-ksgov.net\/wp-content\/uploads\/PB8ro82ZpZP6Xvw1dGnSTrLKqHX2iB75U36h4ExpYenYRANzsqrLG5Q8MA1kBcw6ximjXAheFs6fD5Crcrae8ujMHZgH354sSmYARHPZrsxACz8e-1-200x300.jpeg 200w, https:\/\/president-ksgov.net\/wp-content\/uploads\/PB8ro82ZpZP6Xvw1dGnSTrLKqHX2iB75U36h4ExpYenYRANzsqrLG5Q8MA1kBcw6ximjXAheFs6fD5Crcrae8ujMHZgH354sSmYARHPZrsxACz8e-1-299x450.jpeg 299w\" sizes=\"(max-width: 640px) 100vw, 640px\" \/><\/figure><div class=\"elementor-image-box-content\"><h3 class=\"elementor-image-box-title\">BEHGJET PACOLLI<\/h3><p class=\"elementor-image-box-description\">PRESIDENT OF THE REPUBLIC OF KOSOVO - (22 FEBRUARY - 30 MARCH 2011)<\/p><\/div><\/div>\t\t<\/div>\n\t\t\t\t<\/div>\n\t\t\t\t\t<\/div>\n\t\t<\/div>\n\t\t\t\t\t<\/div>\n\t\t<\/section>\n\t\t\t\t<section class=\"elementor-section elementor-top-section elementor-element elementor-element-0dc0afa elementor-section-boxed elementor-section-height-default elementor-section-height-default wpr-particle-no wpr-jarallax-no wpr-parallax-no wpr-sticky-section-no\" data-id=\"0dc0afa\" data-element_type=\"section\">\n\t\t\t\t\t\t<div class=\"elementor-container elementor-column-gap-default\">\n\t\t\t\t\t<div class=\"elementor-column elementor-col-100 elementor-top-column elementor-element elementor-element-5be539f\" data-id=\"5be539f\" data-element_type=\"column\">\n\t\t\t<div class=\"elementor-widget-wrap elementor-element-populated\">\n\t\t\t\t\t\t<div class=\"elementor-element elementor-element-3873b4d elementor-widget elementor-widget-text-editor\" data-id=\"3873b4d\" data-element_type=\"widget\" data-widget_type=\"text-editor.default\">\n\t\t\t\t<div class=\"elementor-widget-container\">\n\t\t\t\t\t\t\t<p>Behgjet Isa Pacolli<\/p><p>Born on 30 August 1951, in Marec, Municipality of Prishtina.<\/p><p>Son of Isa and Nazmije.<\/p><p>Married to Mrs. Masha Pacolli<\/p><p>Parent of six children, Arbresha, Selene, Hana, Isa, Diar and Arman<\/p><p>Education:<\/p><p>Primary and secondary education, Prishtina (two high schools, Ecole Normale and Gymnasium in Prishtina).<\/p><p>1970-1973 Institut f\u00fcr Au\u00dfenhandel, Hamburg Universitat, Institute of Foreign Trade, University of Hamburg.<\/p><p>1982-1983 Master in Marketing and Management, M\u00f6singer Institute Zurich.<\/p><p>Professional Profile<\/p><p>1974-1975 Foreign Language Correspondent at the Directorate for Development, Textile Factory, Gjilan.<\/p><p>1976 Commercial Director of the Peter Zimmern Company Austria.<\/p><p>1977-1983 Regional Commercial Director Interplastica Engineering SA Switzerland<\/p><p>1983-1990 General Manager at Interplastica Engineering SA, Morbio Inferiore Switzerland<\/p><p>1990-2023 Founder and Head of the Directorates of the \u201cMabetex Project Engineering\u201d Group Lugano, Switzerland<\/p><p>which holds under its umbrella companies such as:<\/p><ul><li>CRS-Credito per lo sviluppo e ristrettore, Lugano Switzerland,<\/li><li>Mabco Construction, Switzerland, Swiss Diamond Hotel Management,<\/li><li>Krueger Hoch \u2013Tiefbau, Berlin,<\/li><li>Interfin Finance London,<\/li><li>Mabetex International, (representative offices in 18 countries around the world),<\/li><li>Majority shareholder in Banka Ekonomike, Prishtina, BK Anstalt Lichtenstein,<\/li><li>Diamond Travel<\/li><\/ul><p>\u00a0<\/p><p>Other commitments:<\/p><p>Main sponsor of the Aleksand\u00ebr Moisiu Foundation<\/p><p>Founder of the \u201cBambini Di Sakha\u201d Foundation and Children&#8217;s Homes.<\/p><p>Founder of SEED, the Southeast European Economic Development Foundation, Washington<\/p><p>Truster member of the Center for Strategic and International Studies (CSIS), Washington,<\/p><p>Founder of the Ibrahim Kodra Foundation, Lugano<\/p><p>Founder &amp; sponsor of the Behgjet Pacolli Foundation, Prishtina;<\/p><p>Founder and Chairman of the New Kosovo Alliance Political Party, AKR (2007);<\/p><p>Member of the Assembly of the Republic of Kosovo 2007-2010, 2010-2014, 2017-2021, 2021-present.<\/p><p>Humanitarian Activities:<\/p><p>Humanitarian activities in the field of youth education, financial support for treatment abroad, financial support for families in need, construction of various housing facilities for families in need, construction of schools, universities, heritage monuments, etc., such as:<\/p><p>1993 \u2013 Founder and sponsor of the hospital for housing and care of abandoned children born with physical problems in Sakha);<\/p><p>1999 \u2013 In cooperation with Mrs. Fanfani and the Children of Peace Foundation, massive intervention in providing aid in Kuk\u00ebs, Ivangrad and elsewhere, for those expelled from Kosovo;<\/p><p>1999 \u2013 Supporting hospitals in Kosovo with medicines and medical supplies;<\/p><p>2000-2004 Financing for the construction of the TMK infrastructure in Pristina and contribution to its professional equipment;<\/p><p>2005 \u2013 Support for the construction of the Memorial Center in the village of Penuh\u00eb, Podujev\u00eb;<\/p><p>2004 \u2013 Release of hostages in Afghanistan (Shqipe Hebibi case);<\/p><p>2005 \u2013 Designer, sponsor and financier of the entire structure of the American University AUK in Kosovo;<\/p><p>2006 \u2013 Release of the journalist taken hostage in Afghanistan Gabriele Torsello;<\/p><p>2008-2011 \u2013 Permanent lobbying for the recognition of Kosovo as an independent state (over 20 recognitions);<\/p><p>2007 \u2013 Contribution to the release of 23 Korean hostages in Afghanistan;<\/p><p>2015 \u2013 Support for the construction of the \u201cAli Podrimja\u201d Park in Gjakova;<\/p><p>2009 \u2013 Financier of the expansion of the Faculty of Philosophy in Pristina;<\/p><p>\u00a0<\/p><p>Financier of culture and heritage projects in Kosovo;<\/p><p>Sports sponsor in Kosovo;<\/p><p>Continuous scholarships (in Kosovo and abroad);<\/p><p>Overall contribution to the construction of housing for low-income families;<\/p><p>Assistance in sending dozens of patients per year for treatment abroad;<\/p><p>Social assistance for people with disabilities and in need (monthly salary);<\/p><p>Construction of various roads and parks<\/p><p>Creation of the Ibrahim Kodra Museum in Lugano\/Switzerland<\/p><p>Daily assistance to people in need;<\/p><p>Awards:<\/p><p>\u2013 TMK Awards;<\/p><p>\u2013 Awards and Honors from the Rochester University of Technology (Rochester);<\/p><p>\u2013 Award by\u00a0 AUK (American University in Kosovo)<\/p><p>\u2013 High decorations from the State of Peru, the President of Peru;<\/p><p>\u2013 The highest state decoration of the Russian Federation (architecture awards),<\/p><p>\u2013 Honorary Citizen of Astana, Republic of Kazakhstan;<\/p><p>\u2013 2009 \u2013 Ambassador of Peace (Universal Peace Federation);<\/p><p>\u2013 2010 Knight of Global Peace of the Millennium; awarded by Centro Internazionale per la Pace fra i Popoli (International Center for Peace among Peoples)<\/p><p>Gratitude from the Nelson Mandela Foundation;<\/p><p>Gratitude from the Clinton Foundation Global Initiative.<\/p><p>Received the \u201cHonor of the Nation\u201d Decoration of the Republic of Albania,<\/p><p>Dr. Honoris Causa from the University of UIT Tirana,<\/p><p>Dr. Honoris Causa from the State University of Vlora<\/p><p>Honorary Citizen of Lezha, Vlora, Tirana, Kuk\u00ebs and Korca<\/p><p>Received the \u201cGusi Peace Price\u201d Manila, recognition for the release of the Philippine diplomat in Afghanistan,<\/p><p>Dr.Honoris Causa from Bangkok University<\/p><p>Languages;<\/p><p>Mother tongue: Albanian;<\/p><p>Foreign languages: English, French, German, Italian, Russian, Spanish, Serbo-Croatian.<\/p><p>\u00a0<\/p>\t\t\t\t\t\t<\/div>\n\t\t\t\t<\/div>\n\t\t\t\t\t<\/div>\n\t\t<\/div>\n\t\t\t\t\t<\/div>\n\t\t<\/section>\n\t\t\t\t<\/div>\n\t\t","protected":false},"excerpt":{"rendered":"<p>BEHGJET PACOLLI PRESIDENT OF THE REPUBLIC OF KOSOVO &#8211; (22 FEBRUARY &#8211; 30 MARCH 2011) Behgjet Isa Pacolli Born on 30 August 1951, in Marec, Municipality of Prishtina. Son of Isa and Nazmije. Married to Mrs. Masha Pacolli Parent of six children, Arbresha, Selene, Hana, Isa, Diar and Arman Education: Primary and secondary education, Prishtina (two high schools, Ecole Normale and Gymnasium in Prishtina). 1970-1973 Institut f\u00fcr Au\u00dfenhandel, Hamburg Universitat, Institute of Foreign Trade, University of Hamburg. 1982-1983 Master in Marketing and Management, M\u00f6singer Institute Zurich. Professional Profile 1974-1975 Foreign Language Correspondent at the Directorate for Development, Textile Factory, Gjilan. 1976 Commercial Director of the Peter Zimmern Company Austria. 1977-1983 Regional Commercial Director Interplastica Engineering SA Switzerland 1983-1990 General Manager at Interplastica Engineering SA, Morbio Inferiore Switzerland 1990-2023 Founder and Head of the Directorates of the \u201cMabetex Project Engineering\u201d Group Lugano, Switzerland which holds under its umbrella companies such as: CRS-Credito per lo sviluppo e ristrettore, Lugano Switzerland, Mabco Construction, Switzerland, Swiss Diamond Hotel Management, Krueger Hoch \u2013Tiefbau, Berlin, Interfin Finance London, Mabetex International, (representative offices in 18 countries around the world), Majority shareholder in Banka Ekonomike, Prishtina, BK Anstalt Lichtenstein, Diamond Travel \u00a0 Other commitments: Main sponsor of the Aleksand\u00ebr Moisiu Foundation Founder of the \u201cBambini Di Sakha\u201d Foundation and Children&#8217;s Homes. Founder of SEED, the Southeast European Economic Development Foundation, Washington Truster member of the Center for Strategic and International Studies (CSIS), Washington, Founder of the Ibrahim Kodra Foundation, Lugano Founder &amp; sponsor of the Behgjet Pacolli Foundation, Prishtina; Founder and Chairman of the New Kosovo Alliance Political Party, AKR (2007); Member of the Assembly of the Republic of Kosovo 2007-2010, 2010-2014, 2017-2021, 2021-present. Humanitarian Activities: Humanitarian activities in the field of youth education, financial support for treatment abroad, financial support for families in need, construction of various housing facilities for families in need, construction of schools, universities, heritage monuments, etc., such as: 1993 \u2013 Founder and sponsor of the hospital for housing and care of abandoned children born with physical problems in Sakha); 1999 \u2013 In cooperation with Mrs. Fanfani and the Children of Peace Foundation, massive intervention in providing aid in Kuk\u00ebs, Ivangrad and elsewhere, for those expelled from Kosovo; 1999 \u2013 Supporting hospitals in Kosovo with medicines and medical supplies; 2000-2004 Financing for the construction of the TMK infrastructure in Pristina and contribution to its professional equipment; 2005 \u2013 Support for the construction of the Memorial Center in the village of Penuh\u00eb, Podujev\u00eb; 2004 \u2013 Release of hostages in Afghanistan (Shqipe Hebibi case); 2005 \u2013 Designer, sponsor and financier of the entire structure of the American University AUK in Kosovo; 2006 \u2013 Release of the journalist taken hostage in Afghanistan Gabriele Torsello; 2008-2011 \u2013 Permanent lobbying for the recognition of Kosovo as an independent state (over 20 recognitions); 2007 \u2013 Contribution to the release of 23 Korean hostages in Afghanistan; 2015 \u2013 Support for the construction of the \u201cAli Podrimja\u201d Park in Gjakova; 2009 \u2013 Financier of the expansion of the Faculty of Philosophy in Pristina; \u00a0 Financier of culture and heritage projects in Kosovo; Sports sponsor in Kosovo; Continuous scholarships (in Kosovo and abroad); Overall contribution to the construction of housing for low-income families; Assistance in sending dozens of patients per year for treatment abroad; Social assistance for people with disabilities and in need (monthly salary); Construction of various roads and parks Creation of the Ibrahim Kodra Museum in Lugano\/Switzerland Daily assistance to people in need; Awards: \u2013 TMK Awards; \u2013 Awards and Honors from the Rochester University of Technology (Rochester); \u2013 Award by\u00a0 AUK (American University in Kosovo) \u2013 High decorations from the State of Peru, the President of Peru; \u2013 The highest state decoration of the Russian Federation (architecture awards), \u2013 Honorary Citizen of Astana, Republic of Kazakhstan; \u2013 2009 \u2013 Ambassador of Peace (Universal Peace Federation); \u2013 2010 Knight of Global Peace of the Millennium; awarded by Centro Internazionale per la Pace fra i Popoli (International Center for Peace among Peoples) Gratitude from the Nelson Mandela Foundation; Gratitude from the Clinton Foundation Global Initiative. Received the \u201cHonor of the Nation\u201d Decoration of the Republic of Albania, Dr. Honoris Causa from the University of UIT Tirana, Dr. Honoris Causa from the State University of Vlora Honorary Citizen of Lezha, Vlora, Tirana, Kuk\u00ebs and Korca Received the \u201cGusi Peace Price\u201d Manila, recognition for the release of the Philippine diplomat in Afghanistan, Dr.Honoris Causa from Bangkok University Languages; Mother tongue: Albanian; Foreign languages: English, French, German, Italian, Russian, Spanish, Serbo-Croatian. \u00a0<\/p>\n","protected":false},"author":1,"featured_media":86339,"parent":2778,"menu_order":0,"comment_status":"closed","ping_status":"closed","template":"","meta":{"_eb_attr":"","footnotes":""},"class_list":["post-2798","page","type-page","status-publish","has-post-thumbnail","hentry"],"yoast_head":"<!-- This site is optimized with the Yoast SEO plugin v23.5 - https:\/\/yoast.com\/wordpress\/plugins\/seo\/ -->\n<title>Behgjet Pacolli - President of the Republic of Kosovo - DR. VJOSA OSMANI - SADRIU<\/title>\n<meta name=\"description\" content=\"Behgjet Pacolli - President of the Republic of Kosovo - DR. VJOSA OSMANI - SADRIU -\" \/>\n<meta name=\"robots\" content=\"index, follow, max-snippet:-1, max-image-preview:large, max-video-preview:-1\" \/>\n<link rel=\"canonical\" href=\"https:\/\/president-ksgov.net\/ish-presidentet-e-kosoves\/behgjet-pacolli\/\" \/>\n<meta property=\"og:locale\" content=\"en_US\" \/>\n<meta property=\"og:type\" content=\"article\" \/>\n<meta property=\"og:title\" content=\"Behgjet Pacolli - President of the Republic of Kosovo - DR. VJOSA OSMANI - SADRIU\" \/>\n<meta property=\"og:description\" content=\"Behgjet Pacolli - President of the Republic of Kosovo - DR. VJOSA OSMANI - SADRIU -\" \/>\n<meta property=\"og:url\" content=\"https:\/\/president-ksgov.net\/ish-presidentet-e-kosoves\/behgjet-pacolli\/\" \/>\n<meta property=\"og:site_name\" content=\"President of the Republic of Kosovo - DR. VJOSA OSMANI - SADRIU\" \/>\n<meta property=\"article:modified_time\" content=\"2026-03-19T12:12:16+00:00\" \/>\n<meta property=\"og:image\" content=\"https:\/\/president-ksgov.net\/wp-content\/uploads\/Zyra-e-Presidentes-Featured-Image1-e1678970937938.png\" \/>\n\t<meta property=\"og:image:width\" content=\"1024\" \/>\n\t<meta property=\"og:image:height\" content=\"800\" \/>\n\t<meta property=\"og:image:type\" content=\"image\/png\" \/>\n<meta name=\"twitter:card\" content=\"summary_large_image\" \/>\n<meta name=\"twitter:label1\" content=\"Est. reading time\" \/>\n\t<meta name=\"twitter:data1\" content=\"4 minutes\" \/>\n<script type=\"application\/ld+json\" class=\"yoast-schema-graph\">{\"@context\":\"https:\/\/schema.org\",\"@graph\":[{\"@type\":\"WebPage\",\"@id\":\"https:\/\/president-ksgov.net\/ish-presidentet-e-kosoves\/behgjet-pacolli\/\",\"url\":\"https:\/\/president-ksgov.net\/ish-presidentet-e-kosoves\/behgjet-pacolli\/\",\"name\":\"Behgjet Pacolli - President of the Republic of Kosovo - DR. VJOSA OSMANI - SADRIU\",\"isPartOf\":{\"@id\":\"https:\/\/president-ksgov.net\/#website\"},\"primaryImageOfPage\":{\"@id\":\"https:\/\/president-ksgov.net\/ish-presidentet-e-kosoves\/behgjet-pacolli\/#primaryimage\"},\"image\":{\"@id\":\"https:\/\/president-ksgov.net\/ish-presidentet-e-kosoves\/behgjet-pacolli\/#primaryimage\"},\"thumbnailUrl\":\"https:\/\/president-ksgov.net\/wp-content\/uploads\/Zyra-e-Presidentes-Featured-Image1-e1678970937938.png\",\"datePublished\":\"2023-02-13T12:57:55+00:00\",\"dateModified\":\"2026-03-19T12:12:16+00:00\",\"description\":\"Behgjet Pacolli - President of the Republic of Kosovo - DR. VJOSA OSMANI - SADRIU -\",\"breadcrumb\":{\"@id\":\"https:\/\/president-ksgov.net\/ish-presidentet-e-kosoves\/behgjet-pacolli\/#breadcrumb\"},\"inLanguage\":\"en-US\",\"potentialAction\":[{\"@type\":\"ReadAction\",\"target\":[\"https:\/\/president-ksgov.net\/ish-presidentet-e-kosoves\/behgjet-pacolli\/\"]}]},{\"@type\":\"ImageObject\",\"inLanguage\":\"en-US\",\"@id\":\"https:\/\/president-ksgov.net\/ish-presidentet-e-kosoves\/behgjet-pacolli\/#primaryimage\",\"url\":\"https:\/\/president-ksgov.net\/wp-content\/uploads\/Zyra-e-Presidentes-Featured-Image1-e1678970937938.png\",\"contentUrl\":\"https:\/\/president-ksgov.net\/wp-content\/uploads\/Zyra-e-Presidentes-Featured-Image1-e1678970937938.png\",\"width\":1024,\"height\":800},{\"@type\":\"BreadcrumbList\",\"@id\":\"https:\/\/president-ksgov.net\/ish-presidentet-e-kosoves\/behgjet-pacolli\/#breadcrumb\",\"itemListElement\":[{\"@type\":\"ListItem\",\"position\":1,\"name\":\"Home\",\"item\":\"https:\/\/president-ksgov.net\/en\/\"},{\"@type\":\"ListItem\",\"position\":2,\"name\":\"Former Presidents of Kosovo\",\"item\":\"https:\/\/president-ksgov.net\/ish-presidentet-e-kosoves\/\"},{\"@type\":\"ListItem\",\"position\":3,\"name\":\"Behgjet Pacolli\"}]},{\"@type\":\"WebSite\",\"@id\":\"https:\/\/president-ksgov.net\/#website\",\"url\":\"https:\/\/president-ksgov.net\/\",\"name\":\"Presidente e Republik\u00ebs s\u00eb Kosov\u00ebs\",\"description\":\"Presidente e Republik\u00ebs s\u00eb Kosov\u00ebs\",\"alternateName\":\"DR. VJOSA OSMANI - SADRIU\",\"potentialAction\":[{\"@type\":\"SearchAction\",\"target\":{\"@type\":\"EntryPoint\",\"urlTemplate\":\"https:\/\/president-ksgov.net\/?s={search_term_string}\"},\"query-input\":{\"@type\":\"PropertyValueSpecification\",\"valueRequired\":true,\"valueName\":\"search_term_string\"}}],\"inLanguage\":\"en-US\"}]}<\/script>\n<!-- \/ Yoast SEO plugin. -->","yoast_head_json":{"title":"Behgjet Pacolli - President of the Republic of Kosovo - DR. VJOSA OSMANI - SADRIU","description":"Behgjet Pacolli - President of the Republic of Kosovo - DR. VJOSA OSMANI - SADRIU -","robots":{"index":"index","follow":"follow","max-snippet":"max-snippet:-1","max-image-preview":"max-image-preview:large","max-video-preview":"max-video-preview:-1"},"canonical":"https:\/\/president-ksgov.net\/ish-presidentet-e-kosoves\/behgjet-pacolli\/","og_locale":"en_US","og_type":"article","og_title":"Behgjet Pacolli - President of the Republic of Kosovo - DR. VJOSA OSMANI - SADRIU","og_description":"Behgjet Pacolli - President of the Republic of Kosovo - DR. VJOSA OSMANI - SADRIU -","og_url":"https:\/\/president-ksgov.net\/ish-presidentet-e-kosoves\/behgjet-pacolli\/","og_site_name":"President of the Republic of Kosovo - DR. VJOSA OSMANI - SADRIU","article_modified_time":"2026-03-19T12:12:16+00:00","og_image":[{"width":1024,"height":800,"url":"https:\/\/president-ksgov.net\/wp-content\/uploads\/Zyra-e-Presidentes-Featured-Image1-e1678970937938.png","type":"image\/png"}],"twitter_card":"summary_large_image","twitter_misc":{"Est. reading time":"4 minutes"},"schema":{"@context":"https:\/\/schema.org","@graph":[{"@type":"WebPage","@id":"https:\/\/president-ksgov.net\/ish-presidentet-e-kosoves\/behgjet-pacolli\/","url":"https:\/\/president-ksgov.net\/ish-presidentet-e-kosoves\/behgjet-pacolli\/","name":"Behgjet Pacolli - President of the Republic of Kosovo - DR. VJOSA OSMANI - SADRIU","isPartOf":{"@id":"https:\/\/president-ksgov.net\/#website"},"primaryImageOfPage":{"@id":"https:\/\/president-ksgov.net\/ish-presidentet-e-kosoves\/behgjet-pacolli\/#primaryimage"},"image":{"@id":"https:\/\/president-ksgov.net\/ish-presidentet-e-kosoves\/behgjet-pacolli\/#primaryimage"},"thumbnailUrl":"https:\/\/president-ksgov.net\/wp-content\/uploads\/Zyra-e-Presidentes-Featured-Image1-e1678970937938.png","datePublished":"2023-02-13T12:57:55+00:00","dateModified":"2026-03-19T12:12:16+00:00","description":"Behgjet Pacolli - President of the Republic of Kosovo - DR. VJOSA OSMANI - SADRIU -","breadcrumb":{"@id":"https:\/\/president-ksgov.net\/ish-presidentet-e-kosoves\/behgjet-pacolli\/#breadcrumb"},"inLanguage":"en-US","potentialAction":[{"@type":"ReadAction","target":["https:\/\/president-ksgov.net\/ish-presidentet-e-kosoves\/behgjet-pacolli\/"]}]},{"@type":"ImageObject","inLanguage":"en-US","@id":"https:\/\/president-ksgov.net\/ish-presidentet-e-kosoves\/behgjet-pacolli\/#primaryimage","url":"https:\/\/president-ksgov.net\/wp-content\/uploads\/Zyra-e-Presidentes-Featured-Image1-e1678970937938.png","contentUrl":"https:\/\/president-ksgov.net\/wp-content\/uploads\/Zyra-e-Presidentes-Featured-Image1-e1678970937938.png","width":1024,"height":800},{"@type":"BreadcrumbList","@id":"https:\/\/president-ksgov.net\/ish-presidentet-e-kosoves\/behgjet-pacolli\/#breadcrumb","itemListElement":[{"@type":"ListItem","position":1,"name":"Home","item":"https:\/\/president-ksgov.net\/en\/"},{"@type":"ListItem","position":2,"name":"Former Presidents of Kosovo","item":"https:\/\/president-ksgov.net\/ish-presidentet-e-kosoves\/"},{"@type":"ListItem","position":3,"name":"Behgjet Pacolli"}]},{"@type":"WebSite","@id":"https:\/\/president-ksgov.net\/#website","url":"https:\/\/president-ksgov.net\/","name":"Presidente e Republik\u00ebs s\u00eb Kosov\u00ebs","description":"Presidente e Republik\u00ebs s\u00eb Kosov\u00ebs","alternateName":"DR. VJOSA OSMANI - SADRIU","potentialAction":[{"@type":"SearchAction","target":{"@type":"EntryPoint","urlTemplate":"https:\/\/president-ksgov.net\/?s={search_term_string}"},"query-input":{"@type":"PropertyValueSpecification","valueRequired":true,"valueName":"search_term_string"}}],"inLanguage":"en-US"}]}},"_links":{"self":[{"href":"https:\/\/president-ksgov.net\/en\/wp-json\/wp\/v2\/pages\/2798","targetHints":{"allow":["GET"]}}],"collection":[{"href":"https:\/\/president-ksgov.net\/en\/wp-json\/wp\/v2\/pages"}],"about":[{"href":"https:\/\/president-ksgov.net\/en\/wp-json\/wp\/v2\/types\/page"}],"author":[{"embeddable":true,"href":"https:\/\/president-ksgov.net\/en\/wp-json\/wp\/v2\/users\/1"}],"replies":[{"embeddable":true,"href":"https:\/\/president-ksgov.net\/en\/wp-json\/wp\/v2\/comments?post=2798"}],"version-history":[{"count":40,"href":"https:\/\/president-ksgov.net\/en\/wp-json\/wp\/v2\/pages\/2798\/revisions"}],"predecessor-version":[{"id":185129,"href":"https:\/\/president-ksgov.net\/en\/wp-json\/wp\/v2\/pages\/2798\/revisions\/185129"}],"up":[{"embeddable":true,"href":"https:\/\/president-ksgov.net\/en\/wp-json\/wp\/v2\/pages\/2778"}],"wp:featuredmedia":[{"embeddable":true,"href":"https:\/\/president-ksgov.net\/en\/wp-json\/wp\/v2\/media\/86339"}],"wp:attachment":[{"href":"https:\/\/president-ksgov.net\/en\/wp-json\/wp\/v2\/media?parent=2798"}],"curies":[{"name":"wp","href":"https:\/\/api.w.org\/{rel}","templated":true}]}}